{"id":13816,"date":"2016-10-10T13:45:31","date_gmt":"2016-10-10T13:45:31","guid":{"rendered":"https:\/\/www.aluministecnicsbarcelona.com\/ca\/my-product\/mallorquina\/"},"modified":"2024-01-23T14:17:29","modified_gmt":"2024-01-23T14:17:29","slug":"mallorquina","status":"publish","type":"my-product","link":"https:\/\/www.aluministecnicsbarcelona.com\/ca\/blog\/my-product\/mallorquina\/","title":{"rendered":"Mallorquina a porta corredissa"},"content":{"rendered":"\n<div class=\"wp-block-getwid-section alignfull alignfull getwid-section-content-custom-width\"><div class=\"wp-block-getwid-section__wrapper\" style=\"min-height:20vh\"><div class=\"wp-block-getwid-section__inner-wrapper\"><div class=\"wp-block-getwid-section__background-holder\"><div class=\"wp-block-getwid-section__background has-background has-blue-background-color\"><\/div><div class=\"wp-block-getwid-section__foreground\"><\/div><\/div><div class=\"wp-block-getwid-section__content\"><div class=\"wp-block-getwid-section__inner-content\"><h1 class=\"has-text-align-center has-link-color al-no-space wp-elements-0396575fb086d07713141850f10c61d0 wp-block-post-title has-text-color has-light-blue-color\">Mallorquina a porta corredissa<\/h1><\/div><\/div><\/div><\/div><\/div>\n\n\n\n<div class=\"wp-block-getwid-section alignfull alignfull getwid-section-content-custom-width\"><div class=\"wp-block-getwid-section__wrapper\"><div class=\"wp-block-getwid-section__inner-wrapper\"><div class=\"wp-block-getwid-section__background-holder\"><div class=\"wp-block-getwid-section__background has-background\" style=\"background-color:#f7f7f7\"><\/div><div class=\"wp-block-getwid-section__foreground\"><\/div><\/div><div class=\"wp-block-getwid-section__content\"><div class=\"wp-block-getwid-section__inner-content\"><\/div><\/div><\/div><\/div><\/div>\n\n\n\n<div class=\"wp-block-getwid-section alignfull alignfull getwid-section-content-custom-width\"><div class=\"wp-block-getwid-section__wrapper\"><div class=\"wp-block-getwid-section__inner-wrapper\"><div class=\"wp-block-getwid-section__background-holder\"><div class=\"wp-block-getwid-section__background\"><\/div><div class=\"wp-block-getwid-section__foreground\"><\/div><\/div><div class=\"wp-block-getwid-section__content\"><div class=\"wp-block-getwid-section__inner-content\">\n<h2 class=\"wp-block-heading has-text-align-center\">Galeria d&#8217;imatges<\/h2>\n\n\n\n<div class=\"wp-block-columns alignwide are-vertically-aligned-center is-layout-flex wp-container-core-columns-is-layout-9d6595d7 wp-block-columns-is-layout-flex\">\n<div class=\"wp-block-column is-vertically-aligned-center is-layout-flow wp-block-column-is-layout-flow\" style=\"flex-basis:5%\"><\/div>\n\n\n\n<div class=\"wp-block-column is-vertically-aligned-center is-layout-flow wp-block-column-is-layout-flow\" style=\"flex-basis:100%\"><div class=\"wp-block-image\">\n<figure class=\"aligncenter size-full is-resized\"><a href=\"https:\/\/www.aluministecnicsbarcelona.com\/wp-content\/uploads\/2016\/10\/Proyectos-con-mallorquinas-y-celosias-2-jpg.webp\"><img loading=\"lazy\" decoding=\"async\" width=\"800\" height=\"600\" sizes=\"auto, (max-width: 800px) 100vw, 800px\" src=\"https:\/\/www.aluministecnicsbarcelona.com\/wp-content\/uploads\/2016\/10\/Proyectos-con-mallorquinas-y-celosias-2-jpg.webp\" alt=\"Proyectos con mallorquinas y celos\u00edas 2\" class=\"wp-image-17821\" style=\"width:923px\" title=\"\" srcset=\"https:\/\/www.aluministecnicsbarcelona.com\/wp-content\/uploads\/2016\/10\/Proyectos-con-mallorquinas-y-celosias-2-jpg.webp 800w, https:\/\/www.aluministecnicsbarcelona.com\/wp-content\/uploads\/2016\/10\/Proyectos-con-mallorquinas-y-celosias-2-300x225.webp 300w, https:\/\/www.aluministecnicsbarcelona.com\/wp-content\/uploads\/2016\/10\/Proyectos-con-mallorquinas-y-celosias-2-768x576.webp 768w\" \/><\/a><\/figure>\n<\/div>\n\n\n<figure class=\"wp-block-gallery aligncenter has-nested-images columns-3 is-cropped wp-block-gallery-1 is-layout-flex wp-block-gallery-is-layout-flex\">\n<figure class=\"wp-block-image size-full\"><a href=\"https:\/\/www.aluministecnicsbarcelona.com\/wp-content\/uploads\/2016\/10\/Proyectos-con-mallorquinas-y-celosias-4-jpg.webp\"><img loading=\"lazy\" decoding=\"async\" width=\"800\" height=\"600\" sizes=\"auto, (max-width: 800px) 100vw, 800px\" data-id=\"17815\" src=\"https:\/\/www.aluministecnicsbarcelona.com\/wp-content\/uploads\/2016\/10\/Proyectos-con-mallorquinas-y-celosias-4-jpg.webp\" alt=\"Proyectos con mallorquinas y celos\u00edas 4\" class=\"wp-image-17815\" title=\"\" srcset=\"https:\/\/www.aluministecnicsbarcelona.com\/wp-content\/uploads\/2016\/10\/Proyectos-con-mallorquinas-y-celosias-4-jpg.webp 800w, https:\/\/www.aluministecnicsbarcelona.com\/wp-content\/uploads\/2016\/10\/Proyectos-con-mallorquinas-y-celosias-4-300x225.webp 300w, https:\/\/www.aluministecnicsbarcelona.com\/wp-content\/uploads\/2016\/10\/Proyectos-con-mallorquinas-y-celosias-4-768x576.webp 768w\" \/><\/a><\/figure>\n\n\n\n<figure class=\"wp-block-image size-full\"><a href=\"https:\/\/www.aluministecnicsbarcelona.com\/wp-content\/uploads\/2016\/10\/Proyectos-con-mallorquinas-y-celosias-3-jpg.webp\"><img loading=\"lazy\" decoding=\"async\" width=\"800\" height=\"600\" sizes=\"auto, (max-width: 800px) 100vw, 800px\" data-id=\"17817\" src=\"https:\/\/www.aluministecnicsbarcelona.com\/wp-content\/uploads\/2016\/10\/Proyectos-con-mallorquinas-y-celosias-3-jpg.webp\" alt=\"Proyectos con mallorquinas y celos\u00edas 3\" class=\"wp-image-17817\" title=\"\" srcset=\"https:\/\/www.aluministecnicsbarcelona.com\/wp-content\/uploads\/2016\/10\/Proyectos-con-mallorquinas-y-celosias-3-jpg.webp 800w, https:\/\/www.aluministecnicsbarcelona.com\/wp-content\/uploads\/2016\/10\/Proyectos-con-mallorquinas-y-celosias-3-300x225.webp 300w, https:\/\/www.aluministecnicsbarcelona.com\/wp-content\/uploads\/2016\/10\/Proyectos-con-mallorquinas-y-celosias-3-768x576.webp 768w\" \/><\/a><\/figure>\n\n\n\n<figure class=\"wp-block-image size-full\"><a href=\"https:\/\/www.aluministecnicsbarcelona.com\/wp-content\/uploads\/2016\/10\/Proyectos-con-mallorquinas-y-celosias-1-jpg.webp\"><img loading=\"lazy\" decoding=\"async\" width=\"800\" height=\"600\" sizes=\"auto, (max-width: 800px) 100vw, 800px\" data-id=\"17819\" src=\"https:\/\/www.aluministecnicsbarcelona.com\/wp-content\/uploads\/2016\/10\/Proyectos-con-mallorquinas-y-celosias-1-jpg.webp\" alt=\"Proyectos con mallorquinas y celos\u00edas 1\" class=\"wp-image-17819\" title=\"\" srcset=\"https:\/\/www.aluministecnicsbarcelona.com\/wp-content\/uploads\/2016\/10\/Proyectos-con-mallorquinas-y-celosias-1-jpg.webp 800w, https:\/\/www.aluministecnicsbarcelona.com\/wp-content\/uploads\/2016\/10\/Proyectos-con-mallorquinas-y-celosias-1-300x225.webp 300w, https:\/\/www.aluministecnicsbarcelona.com\/wp-content\/uploads\/2016\/10\/Proyectos-con-mallorquinas-y-celosias-1-768x576.webp 768w\" \/><\/a><\/figure>\n<\/figure>\n<\/div>\n\n\n\n<div class=\"wp-block-column is-vertically-aligned-center is-layout-flow wp-block-column-is-layout-flow\" style=\"flex-basis:5%\"><\/div>\n<\/div>\n<\/div><\/div><\/div><\/div><\/div>\n\n\n\n<div class=\"wp-block-getwid-section alignfull alignwide alignwide getwid-section-content-custom-width\"><div class=\"wp-block-getwid-section__wrapper getwid-padding-top-normal\"><div class=\"wp-block-getwid-section__inner-wrapper\"><div class=\"wp-block-getwid-section__background-holder\"><div class=\"wp-block-getwid-section__background has-background\" style=\"background-color:#f7f7f7\"><\/div><div class=\"wp-block-getwid-section__foreground\"><\/div><\/div><div class=\"wp-block-getwid-section__content\"><div class=\"wp-block-getwid-section__inner-content\">\n<h3 class=\"wp-block-heading alignwide has-text-align-center\">Tamb\u00e9 us pot interessar<\/h3>\n\n\n\n<div style=\"height:30px\" aria-hidden=\"true\" class=\"wp-block-spacer\"><\/div>\n\n\n        <div class=\"wp-block-getwid-custom-post-type custom-post-type-my-product alignfull has-layout-grid has-spacing-small\">\r\n            <div class=\"wp-block-getwid-custom-post-type__wrapper getwid-columns getwid-columns-4\">\r\n                \t\t\t\t\t\t\t\t<div class='wp-block-getwid-custom-post-type__post'>\r\n\t\t\t\t\t\t\t\t\t\n<div class=\"wp-block-columns is-layout-flex wp-container-core-columns-is-layout-9d6595d7 wp-block-columns-is-layout-flex\">\n<div class=\"wp-block-column is-layout-flow wp-block-column-is-layout-flow\" style=\"flex-basis:100%\">\n<div class=\"wp-block-cover is-light\"><span aria-hidden=\"true\" class=\"wp-block-cover__background has-background-dim-30 has-background-dim\"><\/span><img loading=\"lazy\" decoding=\"async\" width=\"800\" height=\"600\" src=\"https:\/\/www.aluministecnicsbarcelona.com\/wp-content\/uploads\/2016\/11\/Foto-principal-1.jpg\" class=\"wp-block-cover__image-background wp-post-image\" alt=\"\" data-object-fit=\"cover\" srcset=\"https:\/\/www.aluministecnicsbarcelona.com\/wp-content\/uploads\/2016\/11\/Foto-principal-1.jpg 800w, https:\/\/www.aluministecnicsbarcelona.com\/wp-content\/uploads\/2016\/11\/Foto-principal-1-300x225.jpg 300w, https:\/\/www.aluministecnicsbarcelona.com\/wp-content\/uploads\/2016\/11\/Foto-principal-1-768x576.jpg 768w\" sizes=\"auto, (max-width: 800px) 100vw, 800px\" title=\"\"><div class=\"wp-block-cover__inner-container is-layout-constrained wp-block-cover-is-layout-constrained\">\r\n<h3 style=\"text-align: center;color:#fff;\" class=\"wp-block-getwid-template-post-title has-text-color\"><a class=\"wp-block-getwid-template-post-title__link\" href=\"https:\/\/www.aluministecnicsbarcelona.com\/ca\/blog\/my-product\/ampliacion-terraza\/\">Ampliaci\u00f3 de terrassa<\/a><\/h3><\/div><\/div>\n<\/div>\n<\/div>\n\t\t\t\t\t\t\t\t<\/div>\r\n\t\t\t\t\t\t\t\t\t\t\t\t\t\t\t<div class='wp-block-getwid-custom-post-type__post'>\r\n\t\t\t\t\t\t\t\t\t\n<div class=\"wp-block-columns is-layout-flex wp-container-core-columns-is-layout-9d6595d7 wp-block-columns-is-layout-flex\">\n<div class=\"wp-block-column is-layout-flow wp-block-column-is-layout-flow\" style=\"flex-basis:100%\">\n<div class=\"wp-block-cover is-light\"><span aria-hidden=\"true\" class=\"wp-block-cover__background has-background-dim-30 has-background-dim\"><\/span><img loading=\"lazy\" decoding=\"async\" width=\"800\" height=\"600\" src=\"https:\/\/www.aluministecnicsbarcelona.com\/wp-content\/uploads\/2024\/03\/pergolas-bioclimaticas-se-van-introduciendo-en-los-hogares-1-jpg.webp\" class=\"wp-block-cover__image-background wp-post-image\" alt=\"\" data-object-fit=\"cover\" title=\"\"><div class=\"wp-block-cover__inner-container is-layout-constrained wp-block-cover-is-layout-constrained\">\r\n<h3 style=\"text-align: center;color:#fff;\" class=\"wp-block-getwid-template-post-title has-text-color\"><a class=\"wp-block-getwid-template-post-title__link\" href=\"https:\/\/www.aluministecnicsbarcelona.com\/ca\/blog\/my-product\/pergola-bioclimatica\/\">P\u00e8rgola Bioclim\u00e0tica<\/a><\/h3><\/div><\/div>\n<\/div>\n<\/div>\n\t\t\t\t\t\t\t\t<\/div>\r\n\t\t\t\t\t\t\t\t\t\t\t\t\t\t\t<div class='wp-block-getwid-custom-post-type__post'>\r\n\t\t\t\t\t\t\t\t\t\n<div class=\"wp-block-columns is-layout-flex wp-container-core-columns-is-layout-9d6595d7 wp-block-columns-is-layout-flex\">\n<div class=\"wp-block-column is-layout-flow wp-block-column-is-layout-flow\" style=\"flex-basis:100%\">\n<div class=\"wp-block-cover is-light\"><span aria-hidden=\"true\" class=\"wp-block-cover__background has-background-dim-30 has-background-dim\"><\/span><img loading=\"lazy\" decoding=\"async\" width=\"800\" height=\"1067\" src=\"https:\/\/www.aluministecnicsbarcelona.com\/wp-content\/uploads\/2016\/11\/Foto-principal-4.jpg\" class=\"wp-block-cover__image-background wp-post-image\" alt=\"\" data-object-fit=\"cover\" srcset=\"https:\/\/www.aluministecnicsbarcelona.com\/wp-content\/uploads\/2016\/11\/Foto-principal-4.jpg 800w, https:\/\/www.aluministecnicsbarcelona.com\/wp-content\/uploads\/2016\/11\/Foto-principal-4-225x300.jpg 225w, https:\/\/www.aluministecnicsbarcelona.com\/wp-content\/uploads\/2016\/11\/Foto-principal-4-768x1024.jpg 768w\" sizes=\"auto, (max-width: 800px) 100vw, 800px\" title=\"\"><div class=\"wp-block-cover__inner-container is-layout-constrained wp-block-cover-is-layout-constrained\">\r\n<h3 style=\"text-align: center;color:#fff;\" class=\"wp-block-getwid-template-post-title has-text-color\"><a class=\"wp-block-getwid-template-post-title__link\" href=\"https:\/\/www.aluministecnicsbarcelona.com\/ca\/blog\/my-product\/puertas-de-entrada\/\">Portes d&#8217;entrada<\/a><\/h3><\/div><\/div>\n<\/div>\n<\/div>\n\t\t\t\t\t\t\t\t<\/div>\r\n\t\t\t\t\t\t\t\t\t\t\t\t\t\t\t<div class='wp-block-getwid-custom-post-type__post'>\r\n\t\t\t\t\t\t\t\t\t\n<div class=\"wp-block-columns is-layout-flex wp-container-core-columns-is-layout-9d6595d7 wp-block-columns-is-layout-flex\">\n<div class=\"wp-block-column is-layout-flow wp-block-column-is-layout-flow\" style=\"flex-basis:100%\">\n<div class=\"wp-block-cover is-light\"><span aria-hidden=\"true\" class=\"wp-block-cover__background has-background-dim-30 has-background-dim\"><\/span><img loading=\"lazy\" decoding=\"async\" width=\"800\" height=\"600\" src=\"https:\/\/www.aluministecnicsbarcelona.com\/wp-content\/uploads\/2016\/11\/02092010306.jpg\" class=\"wp-block-cover__image-background wp-post-image\" alt=\"\" data-object-fit=\"cover\" srcset=\"https:\/\/www.aluministecnicsbarcelona.com\/wp-content\/uploads\/2016\/11\/02092010306.jpg 800w, https:\/\/www.aluministecnicsbarcelona.com\/wp-content\/uploads\/2016\/11\/02092010306-300x225.jpg 300w, https:\/\/www.aluministecnicsbarcelona.com\/wp-content\/uploads\/2016\/11\/02092010306-768x576.jpg 768w\" sizes=\"auto, (max-width: 800px) 100vw, 800px\" title=\"\"><div class=\"wp-block-cover__inner-container is-layout-constrained wp-block-cover-is-layout-constrained\">\r\n<h3 style=\"text-align: center;color:#fff;\" class=\"wp-block-getwid-template-post-title has-text-color\"><a class=\"wp-block-getwid-template-post-title__link\" href=\"https:\/\/www.aluministecnicsbarcelona.com\/ca\/blog\/my-product\/ventanas-con-forma\/\">Finestres amb forma<\/a><\/h3><\/div><\/div>\n<\/div>\n<\/div>\n\t\t\t\t\t\t\t\t<\/div>\r\n\t\t\t\t\t\t\t            <\/div>\r\n\r\n                    <\/div>\r\n        <\/div><\/div><\/div><\/div><\/div>\n\n\n\n<div class=\"wp-block-getwid-section alignfull alignfull getwid-section-content-custom-width\"><div class=\"wp-block-getwid-section__wrapper\"><div class=\"wp-block-getwid-section__inner-wrapper\"><div class=\"wp-block-getwid-section__background-holder\"><div class=\"wp-block-getwid-section__background\"><\/div><div class=\"wp-block-getwid-section__foreground\"><\/div><\/div><div class=\"wp-block-getwid-section__content\"><div class=\"wp-block-getwid-section__inner-content\">\n<div style=\"height:10px\" aria-hidden=\"true\" class=\"wp-block-spacer\"><\/div>\n\n\n\n<h2 class=\"wp-block-heading has-text-align-center\">Parlem?<\/h2>\n\n\n\n<div style=\"height:10px\" aria-hidden=\"true\" class=\"wp-block-spacer\"><\/div>\n\n\n\n<div class=\"wp-block-group\"><div class=\"wp-block-group__inner-container is-layout-constrained wp-block-group-is-layout-constrained\">\n<div class=\"wp-block-columns is-layout-flex wp-container-core-columns-is-layout-9d6595d7 wp-block-columns-is-layout-flex\">\n<div class=\"wp-block-column is-layout-flow wp-block-column-is-layout-flow\" style=\"flex-basis:25%\"><\/div>\n\n\n\n<div class=\"wp-block-column is-layout-flow wp-block-column-is-layout-flow\" style=\"flex-basis:100%\">\n<div class=\"wp-block-buttons alignfull al-no-space is-content-justification-center is-nowrap is-layout-flex wp-container-core-buttons-is-layout-1fb9aab6 wp-block-buttons-is-layout-flex\">\n<div class=\"wp-block-button has-custom-width wp-block-button__width-75 has-custom-font-size\" style=\"font-size:14px\"><a class=\"wp-block-button__link has-text-align-center wp-element-button\" href=\"tel:+34935408400\">Truca&#8217;ns +34 935 40 84 00<\/a><\/div>\n<\/div>\n<\/div>\n\n\n\n<div class=\"wp-block-column is-layout-flow wp-block-column-is-layout-flow\" style=\"flex-basis:25%\"><\/div>\n<\/div>\n<\/div><\/div>\n\n\n\n<div style=\"height:20px\" aria-hidden=\"true\" class=\"wp-block-spacer\"><\/div>\n\n\n\n<p class=\"has-text-align-center\">Tens un projecte i vols parlar-ne? Gr\u00e0cies. Nom\u00e9s has de completar el seg\u00fcent formulari de contacte<\/p>\n\n\n\n<div class=\"wp-block-getwid-section getwid-section-content-custom-width\"><div class=\"wp-block-getwid-section__wrapper\"><div class=\"wp-block-getwid-section__inner-wrapper\" style=\"max-width:800px\"><div class=\"wp-block-getwid-section__background-holder\"><div class=\"wp-block-getwid-section__background\"><\/div><div class=\"wp-block-getwid-section__foreground\"><\/div><\/div><div class=\"wp-block-getwid-section__content\"><div class=\"wp-block-getwid-section__inner-content\">\n<div class=\"wp-block-columns are-vertically-aligned-center is-layout-flex wp-container-core-columns-is-layout-9d6595d7 wp-block-columns-is-layout-flex\">\n<div class=\"wp-block-column is-vertically-aligned-center is-layout-flow wp-block-column-is-layout-flow\">\n<div class=\"wp-block-contact-form-7-contact-form-selector\">\n<div class=\"wpcf7 no-js\" id=\"wpcf7-f19586-o1\" lang=\"ca\" dir=\"ltr\" data-wpcf7-id=\"19586\">\n<div class=\"screen-reader-response\"><p role=\"status\" aria-live=\"polite\" aria-atomic=\"true\"><\/p> <ul><\/ul><\/div>\n<form action=\"\/ca\/wp-json\/wp\/v2\/my-product\/13816#wpcf7-f19586-o1\" method=\"post\" class=\"wpcf7-form init\" aria-label=\"Formulari de contacte\" novalidate=\"novalidate\" data-status=\"init\">\n<fieldset class=\"hidden-fields-container\"><input type=\"hidden\" name=\"_wpcf7\" value=\"19586\" \/><input type=\"hidden\" name=\"_wpcf7_version\" value=\"6.1.5\" \/><input type=\"hidden\" name=\"_wpcf7_locale\" value=\"ca\" \/><input type=\"hidden\" name=\"_wpcf7_unit_tag\" value=\"wpcf7-f19586-o1\" \/><input type=\"hidden\" name=\"_wpcf7_container_post\" value=\"0\" \/><input type=\"hidden\" name=\"_wpcf7_posted_data_hash\" value=\"\" \/><input type=\"hidden\" name=\"_wpcf7_recaptcha_response\" value=\"\" \/>\n<\/fieldset>\n<!-- wp:group {\"layout\":{\"type\":\"constrained\"}} -->\n<div class=\"wp-block-group\" style=\"margin-bottom: 0px !important;\"><!-- wp:columns -->\n\t<div class=\"wp-block-columns\" style=\"margin-bottom: 0px !important;\"><!-- wp:column -->\n\t\t<div class=\"wp-block-column\" style=\"margin-bottom: 0px !important;\">\n\t\t\t<p><span class=\"wpcf7-form-control-wrap\" data-name=\"Name\"><input size=\"40\" maxlength=\"400\" class=\"wpcf7-form-control wpcf7-text wpcf7-validates-as-required\" aria-required=\"true\" aria-invalid=\"false\" placeholder=\"Nom(*)\" value=\"\" type=\"text\" name=\"Name\" \/><\/span><span class=\"right-border\"><\/span><span class=\"top-border\"><\/span><span class=\"left-border\"><\/span>\n\t\t\t<\/p>\n\t\t\t<p><span class=\"wpcf7-form-control-wrap\" data-name=\"E-mail\"><input size=\"40\" maxlength=\"400\" class=\"wpcf7-form-control wpcf7-email wpcf7-validates-as-required wpcf7-text wpcf7-validates-as-email\" aria-required=\"true\" aria-invalid=\"false\" placeholder=\"Correu electr\u00f2nic (*)\" value=\"\" type=\"email\" name=\"E-mail\" \/><\/span><span class=\"right-border\"><\/span><span class=\"top-border\"><\/span><span class=\"left-border\"><\/span>\n\t\t\t<\/p>\n\t\t<\/div>\n<!-- \/wp:column -->\n\n<!-- wp:column -->\n\t\t<div class=\"wp-block-column\"  style=\"margin-bottom: 0px !important;\">\n\t\t\t<p><span class=\"wpcf7-form-control-wrap\" data-name=\"tel-919\"><input size=\"40\" maxlength=\"400\" class=\"wpcf7-form-control wpcf7-tel wpcf7-validates-as-required wpcf7-text wpcf7-validates-as-tel\" aria-required=\"true\" aria-invalid=\"false\" placeholder=\"Tel\u00e8fon (*)\" value=\"\" type=\"tel\" name=\"tel-919\" \/><\/span><span class=\"right-border\"><\/span><span class=\"top-border\"><\/span><span class=\"left-border\"><\/span>\n\t\t\t<\/p>\n\t\t\t<p><span class=\"wpcf7-form-control-wrap\" data-name=\"text-883\"><input size=\"40\" maxlength=\"400\" class=\"wpcf7-form-control wpcf7-text wpcf7-validates-as-required\" aria-required=\"true\" aria-invalid=\"false\" placeholder=\"Localitat (*)\" value=\"\" type=\"text\" name=\"text-883\" \/><\/span><span class=\"right-border\"><\/span><span class=\"top-border\"><\/span><span class=\"left-border\"><\/span>\n\t\t\t<\/p>\n\t\t<\/div>\n<!-- \/wp:column -->\n\t<\/div>\n<!-- \/wp:columns -->\n<\/div>\n<!-- \/wp:group -->\n\n<!-- wp:group {\"layout\":{\"type\":\"constrained\"}} -->\n<div class=\"wp-block-group\" style=\"margin-bottom: 0px !important;\"><!-- wp:columns -->\n\t<div class=\"wp-block-columns\" style=\"margin-bottom: 0px !important;\"><!-- wp:column -->\n\t\t<div class=\"wp-block-column\"  style=\"margin-bottom: 0px !important;\">\n\t\t\t<p><span class=\"wpcf7-form-control-wrap\" data-name=\"Letter\"><textarea cols=\"10\" rows=\"3\" maxlength=\"2000\" class=\"wpcf7-form-control wpcf7-textarea\" aria-invalid=\"false\" placeholder=\"M&#039;interessaria saber..\" name=\"Letter\"><\/textarea><\/span><span class=\"right-border\"><\/span><span class=\"top-border\"><\/span><span class=\"left-border\"><\/span>\n\t\t\t<\/p>\n\t\t\t<p><label><span class=\"wpcf7-form-control-wrap\" data-name=\"acceptance-704\"><span class=\"wpcf7-form-control wpcf7-acceptance\"><span class=\"wpcf7-list-item\"><input type=\"checkbox\" name=\"acceptance-704\" value=\"1\" aria-invalid=\"false\" \/><\/span><\/span><\/span> En fer \u201cClic\u201d al Bot\u00f3 \u201cENVIAR\u201d l'usuari declara haver llegit i estar d'acord amb les condicions expressades al <a href=\"https:\/\/www.aluministecnicsbarcelona.com\/ca\/avis-legal\/\">\u201cAVIS LEGAL\u201d<\/a> i la <a href=\"https:\/\/www.aluministecnicsbarcelona.com\/ca\/politica-de-privacitat\/\">\u201cPOL\u00cdTICA DE PRIVACITAT\u201d<\/a> de la present Web.<\/label>\n\t\t\t<\/p>\n\t\t\t<p><input class=\"wpcf7-form-control wpcf7-submit has-spinner\" type=\"submit\" value=\"ENVIAR\" \/>\n\t\t\t<\/p>\n<!-- \/wp:column -->\n\t\t<\/div>\n<!-- \/wp:columns -->\n\t<\/div>\n<!-- \/wp:group -->\n<\/div><div class=\"wpcf7-response-output\" aria-hidden=\"true\"><\/div>\n<\/form>\n<\/div>\n<\/div>\n<\/div>\n<\/div>\n<\/div><\/div><\/div><\/div><\/div>\n\n\n\n<div style=\"height:50px\" aria-hidden=\"true\" class=\"wp-block-spacer\"><\/div>\n<\/div><\/div><\/div><\/div><\/div>\n","protected":false},"excerpt":{"rendered":"","protected":false},"author":2,"featured_media":13410,"menu_order":0,"comment_status":"closed","ping_status":"closed","template":"","format":"standard","meta":{"_lmt_disableupdate":"","_lmt_disable":""},"my-product_category":[98,99,100],"my-product_tag":[],"class_list":["post-13816","my-product","type-my-product","status-publish","format-standard","has-post-thumbnail","hentry","my-product_category-aluminio-ca","my-product_category-celosia-ca","my-product_category-correderas-ca"],"_links":{"self":[{"href":"https:\/\/www.aluministecnicsbarcelona.com\/ca\/wp-json\/wp\/v2\/my-product\/13816","targetHints":{"allow":["GET"]}}],"collection":[{"href":"https:\/\/www.aluministecnicsbarcelona.com\/ca\/wp-json\/wp\/v2\/my-product"}],"about":[{"href":"https:\/\/www.aluministecnicsbarcelona.com\/ca\/wp-json\/wp\/v2\/types\/my-product"}],"author":[{"embeddable":true,"href":"https:\/\/www.aluministecnicsbarcelona.com\/ca\/wp-json\/wp\/v2\/users\/2"}],"replies":[{"embeddable":true,"href":"https:\/\/www.aluministecnicsbarcelona.com\/ca\/wp-json\/wp\/v2\/comments?post=13816"}],"version-history":[{"count":1,"href":"https:\/\/www.aluministecnicsbarcelona.com\/ca\/wp-json\/wp\/v2\/my-product\/13816\/revisions"}],"predecessor-version":[{"id":18883,"href":"https:\/\/www.aluministecnicsbarcelona.com\/ca\/wp-json\/wp\/v2\/my-product\/13816\/revisions\/18883"}],"wp:featuredmedia":[{"embeddable":true,"href":"https:\/\/www.aluministecnicsbarcelona.com\/ca\/wp-json\/wp\/v2\/media\/13410"}],"wp:attachment":[{"href":"https:\/\/www.aluministecnicsbarcelona.com\/ca\/wp-json\/wp\/v2\/media?parent=13816"}],"wp:term":[{"taxonomy":"my-product_category","embeddable":true,"href":"https:\/\/www.aluministecnicsbarcelona.com\/ca\/wp-json\/wp\/v2\/my-product_category?post=13816"},{"taxonomy":"my-product_tag","embeddable":true,"href":"https:\/\/www.aluministecnicsbarcelona.com\/ca\/wp-json\/wp\/v2\/my-product_tag?post=13816"}],"curies":[{"name":"wp","href":"https:\/\/api.w.org\/{rel}","templated":true}]}}