{"id":13627,"date":"2024-02-19T11:36:53","date_gmt":"2024-02-19T11:36:53","guid":{"rendered":"https:\/\/www.aluministecnicsbarcelona.com\/ca\/carpinteria-aluminio\/"},"modified":"2025-03-24T14:26:03","modified_gmt":"2025-03-24T14:26:03","slug":"carpinteria-alumini","status":"publish","type":"page","link":"https:\/\/www.aluministecnicsbarcelona.com\/ca\/carpinteria-alumini\/","title":{"rendered":"Empresa"},"content":{"rendered":"\n<div class=\"wp-block-cover alignfull\"><span aria-hidden=\"true\" class=\"wp-block-cover__background has-background-dim\" style=\"background-color:#74716b\"><\/span><img loading=\"lazy\" decoding=\"async\" width=\"938\" height=\"311\" src=\"https:\/\/www.aluministecnicsbarcelona.com\/wp-content\/uploads\/2016\/09\/aluminis_tecnics_barcelona_expo.jpg\" class=\"wp-block-cover__image-background wp-post-image\" alt=\"Aluminis T\u00e8cnics Barcelona empresa\" data-object-fit=\"cover\" srcset=\"https:\/\/www.aluministecnicsbarcelona.com\/wp-content\/uploads\/2016\/09\/aluminis_tecnics_barcelona_expo.jpg 1600w, https:\/\/www.aluministecnicsbarcelona.com\/wp-content\/uploads\/2016\/09\/aluminis_tecnics_barcelona_expo-300x99.jpg 300w, https:\/\/www.aluministecnicsbarcelona.com\/wp-content\/uploads\/2016\/09\/aluminis_tecnics_barcelona_expo-768x254.jpg 768w, https:\/\/www.aluministecnicsbarcelona.com\/wp-content\/uploads\/2016\/09\/aluminis_tecnics_barcelona_expo-1024x339.jpg 1024w\" sizes=\"auto, (max-width: 938px) 100vw, 938px\" title=\"\"><div class=\"wp-block-cover__inner-container is-layout-flow wp-block-cover-is-layout-flow\">\n<div class=\"wp-block-group\"><div class=\"wp-block-group__inner-container is-layout-constrained wp-block-group-is-layout-constrained\">\n<div class=\"wp-block-columns is-layout-flex wp-container-core-columns-is-layout-9d6595d7 wp-block-columns-is-layout-flex\">\n<div class=\"wp-block-column is-layout-flow wp-block-column-is-layout-flow\" style=\"flex-basis:100%\">\n<h1 class=\"wp-block-heading has-text-align-center has-light-blue-color has-text-color has-link-color wp-elements-5d08e591652758ef8a89091443a70480\">Aluminis T\u00e8cnics Barcelona<\/h1>\n<\/div>\n<\/div>\n<\/div><\/div>\n<\/div><\/div>\n\n\n\n<div class=\"wp-block-getwid-section alignfull alignfull getwid-section-content-custom-width\"><div class=\"wp-block-getwid-section__wrapper getwid-padding-top-large\"><div class=\"wp-block-getwid-section__inner-wrapper\"><div class=\"wp-block-getwid-section__background-holder\"><div class=\"wp-block-getwid-section__background has-background\" style=\"background-color:#f7f7f7\"><\/div><div class=\"wp-block-getwid-section__foreground\"><\/div><\/div><div class=\"wp-block-getwid-section__content\"><div class=\"wp-block-getwid-section__inner-content\">\n<div class=\"wp-block-columns alignwide is-layout-flex wp-container-core-columns-is-layout-9d6595d7 wp-block-columns-is-layout-flex\">\n<div class=\"wp-block-column is-layout-flow wp-block-column-is-layout-flow\">\n<p>Aluminis T\u00e8cnics Barcelona est\u00e0 formada per professionals amb experi\u00e8ncia. Som una empresa familiar d&#8217;Alella que porta 20 anys dedicats a la fusteria d&#8217;alumini. Amb l&#8217;objectiu d&#8217;oferir una soluci\u00f3 a mida per a cada un dels nostres clients. Sempre donant el millor servei en la instal\u00b7laci\u00f3 i el manteniment de tots els nostres productes a la prov\u00edncia de Barcelona.<\/p>\n\n\n\n<p>El nostre cat\u00e0leg de serveis \u00e9s molt ampli i abasta tot el que vost\u00e8 pot esperar de la <strong>fusteria d&#8217;alumini<\/strong>. Fabriquem e instal\u00b7lem tot tipus de tancaments, portes, finestres i <a href=\"https:\/\/www.aluministecnicsbarcelona.com\/ca\/persianes-graduables\/\" role=\"link\">persianes graduables<\/a> d&#8217;alumini i <a href=\"https:\/\/www.aluministecnicsbarcelona.com\/ca\/fusteria-pvc-portes-finestres\/\" role=\"link\">PVC<\/a>, mampares de bany, reixes, tanques, galeries, mallorquines, tanques, cancel\u00b7les exteriors, <a href=\"https:\/\/www.aluministecnicsbarcelona.com\/ca\/pergoles-alumini\/\" role=\"link\">p\u00e8rgoles<\/a>, <a href=\"https:\/\/www.aluministecnicsbarcelona.com\/es\/blog\/barandillas-cristal-acero-inoxidable-comenza\/\" role=\"link\">baranes<\/a>, etc.<\/p>\n<\/div>\n<\/div>\n<\/div><\/div><\/div><\/div><\/div>\n\n\n\n<div class=\"wp-block-getwid-section alignfull alignfull\"><div class=\"wp-block-getwid-section__wrapper\"><div class=\"wp-block-getwid-section__inner-wrapper\"><div class=\"wp-block-getwid-section__background-holder\"><div class=\"wp-block-getwid-section__background\"><\/div><div class=\"wp-block-getwid-section__foreground\"><\/div><\/div><div class=\"wp-block-getwid-section__content\"><div class=\"wp-block-getwid-section__inner-content\">\n<div class=\"wp-block-columns alignwide are-vertically-aligned-center is-layout-flex wp-container-core-columns-is-layout-9d6595d7 wp-block-columns-is-layout-flex\">\n<div class=\"wp-block-column is-vertically-aligned-center is-layout-flow wp-block-column-is-layout-flow\">\n<div class=\"wp-block-cover aligncenter is-light\" style=\"min-height:370px;aspect-ratio:unset;\"><span aria-hidden=\"true\" class=\"wp-block-cover__background has-background-dim-0 has-background-dim\"><\/span><img loading=\"lazy\" decoding=\"async\" width=\"1209\" height=\"717\" sizes=\"auto, (max-width: 1209px) 100vw, 1209px\" class=\"wp-block-cover__image-background wp-image-17489\" alt=\"Aluminis T\u00e8cnics Barcelona\" src=\"https:\/\/www.aluministecnicsbarcelona.com\/wp-content\/uploads\/2023\/12\/Aluminis-Tecnics-Barcelona.png\" style=\"object-position:30% 52%\" data-object-fit=\"cover\" data-object-position=\"30% 52%\" title=\"\" srcset=\"https:\/\/www.aluministecnicsbarcelona.com\/wp-content\/uploads\/2023\/12\/Aluminis-Tecnics-Barcelona.png 1209w, https:\/\/www.aluministecnicsbarcelona.com\/wp-content\/uploads\/2023\/12\/Aluminis-Tecnics-Barcelona-300x178.png 300w, https:\/\/www.aluministecnicsbarcelona.com\/wp-content\/uploads\/2023\/12\/Aluminis-Tecnics-Barcelona-1024x607.png 1024w, https:\/\/www.aluministecnicsbarcelona.com\/wp-content\/uploads\/2023\/12\/Aluminis-Tecnics-Barcelona-768x455.png 768w, https:\/\/www.aluministecnicsbarcelona.com\/wp-content\/uploads\/2023\/12\/Aluminis-Tecnics-Barcelona-938x556.png 938w, https:\/\/www.aluministecnicsbarcelona.com\/wp-content\/uploads\/2023\/12\/Aluminis-Tecnics-Barcelona-1130x670.png 1130w\" \/><div class=\"wp-block-cover__inner-container is-layout-constrained wp-block-cover-is-layout-constrained\">\n<p class=\"has-text-align-center has-large-font-size\"><\/p>\n<\/div><\/div>\n<\/div>\n\n\n\n<div class=\"wp-block-column is-vertically-aligned-center is-layout-flow wp-block-column-is-layout-flow\">\n<h2 class=\"wp-block-heading\">Solucions a mida i un servei professional<\/h2>\n\n\n\n<p>Comptem amb els materials i les marques de la millor qualitat del mercat per oferir-los sempre els acabats m\u00e9s satisfactoris. A Aluminis T\u00e8cnics Barcelona ens aboquem en cada projecte per obtenir el resultat de qualitat que vost\u00e8 es mereix. Nom\u00e9s aquest grau d&#8217;excel\u00b7l\u00e8ncia ens ha perm\u00e8s oferir els nostres serveis durant tant de temps, convertint-nos en un referent tant per a clients particulars com per a professionals, alguns dels quals ja ens han fet multitud d&#8217;enc\u00e0rrecs i sempre han destacat la qualitat dels acabats i el resultat final.<\/p>\n\n\n\n<p>Disposem d&#8217;un ampli assortiment de productes i acabats, tots ells de les millors marques, per oferir-li la soluci\u00f3 que vost\u00e8 est\u00e0 buscant. La nostra experi\u00e8ncia i la vocaci\u00f3 de servei amb la qual encetem la nostra feina ens ha fet guanyar un bon nom entre els nostres clients, que sovint ens recomanen quan algun dels seus coneguts pregunta per qui els va fer la feina de <strong>fusteria d&#8217;alumini<\/strong> que tenen a la seva casa, local, oficina, etc.<\/p>\n<\/div>\n<\/div>\n<\/div><\/div><\/div><\/div><\/div>\n\n\n\n<div class=\"wp-block-getwid-section alignfull alignfull\"><div class=\"wp-block-getwid-section__wrapper\"><div class=\"wp-block-getwid-section__inner-wrapper\"><div class=\"wp-block-getwid-section__background-holder\"><div class=\"wp-block-getwid-section__background\"><\/div><div class=\"wp-block-getwid-section__foreground\"><\/div><\/div><div class=\"wp-block-getwid-section__content\"><div class=\"wp-block-getwid-section__inner-content\">\n<div class=\"wp-block-columns alignwide are-vertically-aligned-center reverse is-layout-flex wp-container-core-columns-is-layout-9d6595d7 wp-block-columns-is-layout-flex\">\n<div class=\"wp-block-column is-vertically-aligned-center is-layout-flow wp-block-column-is-layout-flow\">\n<h2 class=\"wp-block-heading\">\u00bfQuines classes de portes i finestres tenim?<\/h2>\n\n\n\n<p>Traballem amb tots els <a href=\"https:\/\/www.aluministecnicsbarcelona.com\/ca\/portes-finestres-alumini\/\">tipus de portes i finestres d&#8217;alumini<\/a> i <a href=\"https:\/\/www.aluministecnicsbarcelona.com\/ca\/fusteria-pvc-portes-finestres\/\">PVC<\/a> que es pugui imaginar. El nostre objectiu ha estat estar sempre al dia dels materials i sistemes de vanguardia per proporcionar els millors acabats en tot moment. Per aix\u00f2 comptem amb una carta de serveis i productes tan \u00e0mplia, adaptada a les exig\u00e8ncies de tots els nostres clients. No importa el tipus de porta, finestra o producte que vulgui. A la nostra <strong>fusteria d&#8217;alumini<\/strong> tenim estoc suficient per proporcionar-li el que est\u00e0 buscant amb una qualitat que no t\u00e9 rival.<\/p>\n\n\n\n<p>Els nostres 20 anys d&#8217;experi\u00e8ncia ens han proporcionat la base necess\u00e0ria no nom\u00e9s per a la fabricaci\u00f3 i instal\u00b7laci\u00f3 dels nostres productes. Tamb\u00e9 oferim el servei de manteniment adequat en funci\u00f3 de cada producte, perqu\u00e8 segueixi gaudint de tot com el primer dia.<\/p>\n<\/div>\n\n\n\n<div class=\"wp-block-column is-vertically-aligned-center is-layout-flow wp-block-column-is-layout-flow\">\n<div class=\"wp-block-cover aligncenter is-light\" style=\"min-height:370px;aspect-ratio:unset;\"><span aria-hidden=\"true\" class=\"wp-block-cover__background has-background-dim-0 has-background-dim\"><\/span><img loading=\"lazy\" decoding=\"async\" width=\"1204\" height=\"783\" sizes=\"auto, (max-width: 1204px) 100vw, 1204px\" class=\"wp-block-cover__image-background wp-image-17505\" alt=\"Aluminis T\u00e8cnics Barcelona interior\" src=\"https:\/\/www.aluministecnicsbarcelona.com\/wp-content\/uploads\/2023\/12\/Aluminis-Tecnics-Barcelona-interior-jpg.webp\" data-object-fit=\"cover\" title=\"\" srcset=\"https:\/\/www.aluministecnicsbarcelona.com\/wp-content\/uploads\/2023\/12\/Aluminis-Tecnics-Barcelona-interior-jpg.webp 1204w, https:\/\/www.aluministecnicsbarcelona.com\/wp-content\/uploads\/2023\/12\/Aluminis-Tecnics-Barcelona-interior-300x195.webp 300w, https:\/\/www.aluministecnicsbarcelona.com\/wp-content\/uploads\/2023\/12\/Aluminis-Tecnics-Barcelona-interior-1024x666.webp 1024w, https:\/\/www.aluministecnicsbarcelona.com\/wp-content\/uploads\/2023\/12\/Aluminis-Tecnics-Barcelona-interior-768x499.webp 768w, https:\/\/www.aluministecnicsbarcelona.com\/wp-content\/uploads\/2023\/12\/Aluminis-Tecnics-Barcelona-interior-938x610.webp 938w, https:\/\/www.aluministecnicsbarcelona.com\/wp-content\/uploads\/2023\/12\/Aluminis-Tecnics-Barcelona-interior-1130x735.webp 1130w\" \/><div class=\"wp-block-cover__inner-container is-layout-constrained wp-block-cover-is-layout-constrained\">\n<p class=\"has-text-align-center has-large-font-size\"><\/p>\n<\/div><\/div>\n<\/div>\n<\/div>\n<\/div><\/div><\/div><\/div><\/div>\n\n\n\n<div class=\"wp-block-getwid-section alignfull alignfull\"><div class=\"wp-block-getwid-section__wrapper\"><div class=\"wp-block-getwid-section__inner-wrapper\"><div class=\"wp-block-getwid-section__background-holder\"><div class=\"wp-block-getwid-section__background\"><\/div><div class=\"wp-block-getwid-section__foreground\"><\/div><\/div><div class=\"wp-block-getwid-section__content\"><div class=\"wp-block-getwid-section__inner-content\">\n<div class=\"wp-block-columns alignwide are-vertically-aligned-center is-layout-flex wp-container-core-columns-is-layout-9d6595d7 wp-block-columns-is-layout-flex\">\n<div class=\"wp-block-column is-vertically-aligned-center is-layout-flow wp-block-column-is-layout-flow\">\n<div class=\"wp-block-cover aligncenter\" style=\"min-height:370px;aspect-ratio:unset;\"><span aria-hidden=\"true\" class=\"wp-block-cover__background has-background-dim-0 has-background-dim\"><\/span><img loading=\"lazy\" decoding=\"async\" width=\"1174\" height=\"779\" sizes=\"auto, (max-width: 1174px) 100vw, 1174px\" class=\"wp-block-cover__image-background wp-image-17508\" alt=\"Aluminis T\u00e8cnics Barcelona interior puertas\" src=\"https:\/\/www.aluministecnicsbarcelona.com\/wp-content\/uploads\/2023\/12\/Aluminis-Tecnics-Barcelona-interior-puertas-jpg.webp\" data-object-fit=\"cover\" title=\"\" srcset=\"https:\/\/www.aluministecnicsbarcelona.com\/wp-content\/uploads\/2023\/12\/Aluminis-Tecnics-Barcelona-interior-puertas-jpg.webp 1174w, https:\/\/www.aluministecnicsbarcelona.com\/wp-content\/uploads\/2023\/12\/Aluminis-Tecnics-Barcelona-interior-puertas-300x199.webp 300w, https:\/\/www.aluministecnicsbarcelona.com\/wp-content\/uploads\/2023\/12\/Aluminis-Tecnics-Barcelona-interior-puertas-1024x679.webp 1024w, https:\/\/www.aluministecnicsbarcelona.com\/wp-content\/uploads\/2023\/12\/Aluminis-Tecnics-Barcelona-interior-puertas-768x510.webp 768w, https:\/\/www.aluministecnicsbarcelona.com\/wp-content\/uploads\/2023\/12\/Aluminis-Tecnics-Barcelona-interior-puertas-938x622.webp 938w, https:\/\/www.aluministecnicsbarcelona.com\/wp-content\/uploads\/2023\/12\/Aluminis-Tecnics-Barcelona-interior-puertas-1130x750.webp 1130w\" \/><div class=\"wp-block-cover__inner-container is-layout-constrained wp-block-cover-is-layout-constrained\">\n<p class=\"has-text-align-center has-large-font-size\"><\/p>\n<\/div><\/div>\n<\/div>\n\n\n\n<div class=\"wp-block-column is-vertically-aligned-center is-layout-flow wp-block-column-is-layout-flow\">\n<h2 class=\"wp-block-heading\">Atenci\u00f3 al client personalitzada<\/h2>\n\n\n\n<p>Un servei de la millor qualitat no es demostra nom\u00e9s quan es fabriquen e instalen aquests productes, sin\u00f3 tamb\u00e9 a l&#8217;hora de donar atenci\u00f3 a les necessitats que poden sorgir amb posterioritat.<\/p>\n\n\n\n<p>Truqui&#8217;ns i el atendrem amb molt de gust. Li informarem sobre quins s\u00f3n els serveis dels quals disposem en tot el relacionat amb la <a href=\"https:\/\/www.aluministecnicsbarcelona.com\/ca\/\"><strong>fusteria d&#8217;alumini<\/strong><\/a>, des de la selecci\u00f3 dels perfils fins a la millor manera de mantenir les seves portes i finestres en perfectes condicions.<\/p>\n\n\n\n<p>Som una empresa familiar i oferim el tracte personalitzat que vost\u00e8 es mereix. Perqu\u00e8 gaudeixi del confort i la qualitat de tot el que fem.<\/p>\n<\/div>\n<\/div>\n<\/div><\/div><\/div><\/div><\/div>\n\n\n\n<div class=\"wp-block-getwid-section alignfull alignfull getwid-section-content-custom-width\"><div class=\"wp-block-getwid-section__wrapper getwid-padding-bottom-large\"><div class=\"wp-block-getwid-section__inner-wrapper\"><div class=\"wp-block-getwid-section__background-holder\"><div class=\"wp-block-getwid-section__background has-background\" style=\"background-color:#f7f7f7\"><\/div><div class=\"wp-block-getwid-section__foreground\"><\/div><\/div><div class=\"wp-block-getwid-section__content\"><div class=\"wp-block-getwid-section__inner-content\">\n<h2 class=\"wp-block-heading alignwide has-text-align-center\"><br>\u00bfVols veure els nostres projectes realitzats?<\/h2>\n\n\n\n<div style=\"height:50px\" aria-hidden=\"true\" class=\"wp-block-spacer\"><\/div>\n\n\n        <div class=\"wp-block-getwid-custom-post-type custom-post-type-my-product alignwide has-layout-grid\">\r\n            <div class=\"wp-block-getwid-custom-post-type__wrapper getwid-columns getwid-columns-3\">\r\n                \t\t\t\t\t\t\t\t<div class='wp-block-getwid-custom-post-type__post'>\r\n\t\t\t\t\t\t\t\t\t\n<div class=\"wp-block-columns is-layout-flex wp-container-core-columns-is-layout-9d6595d7 wp-block-columns-is-layout-flex\">\n<div class=\"wp-block-column is-layout-flow wp-block-column-is-layout-flow\" style=\"flex-basis:100%\">\n<div class=\"wp-block-cover is-light\"><span aria-hidden=\"true\" class=\"wp-block-cover__background has-background-dim-20 has-background-dim\"><\/span><img loading=\"lazy\" decoding=\"async\" width=\"800\" height=\"600\" src=\"https:\/\/www.aluministecnicsbarcelona.com\/wp-content\/uploads\/2024\/03\/Casas-panoramicas-Arenys-de-Mar-jpg.webp\" class=\"wp-block-cover__image-background wp-post-image\" alt=\"\" data-object-fit=\"cover\" title=\"\"><div class=\"wp-block-cover__inner-container is-layout-constrained wp-block-cover-is-layout-constrained\">\r\n<h3 style=\"text-align: center;color:#fff;\" class=\"wp-block-getwid-template-post-title has-text-color\"><a class=\"wp-block-getwid-template-post-title__link\" href=\"https:\/\/www.aluministecnicsbarcelona.com\/ca\/blog\/my-product\/casa-panoramica\/\">Casa panor\u00e0mica<\/a><\/h3><\/div><\/div>\n<\/div>\n<\/div>\n\t\t\t\t\t\t\t\t<\/div>\r\n\t\t\t\t\t\t\t\t\t\t\t\t\t\t\t<div class='wp-block-getwid-custom-post-type__post'>\r\n\t\t\t\t\t\t\t\t\t\n<div class=\"wp-block-columns is-layout-flex wp-container-core-columns-is-layout-9d6595d7 wp-block-columns-is-layout-flex\">\n<div class=\"wp-block-column is-layout-flow wp-block-column-is-layout-flow\" style=\"flex-basis:100%\">\n<div class=\"wp-block-cover is-light\"><span aria-hidden=\"true\" class=\"wp-block-cover__background has-background-dim-20 has-background-dim\"><\/span><img loading=\"lazy\" decoding=\"async\" width=\"800\" height=\"600\" src=\"https:\/\/www.aluministecnicsbarcelona.com\/wp-content\/uploads\/2024\/03\/pergolas-bioclimaticas-se-van-introduciendo-en-los-hogares-1-jpg.webp\" class=\"wp-block-cover__image-background wp-post-image\" alt=\"\" data-object-fit=\"cover\" title=\"\"><div class=\"wp-block-cover__inner-container is-layout-constrained wp-block-cover-is-layout-constrained\">\r\n<h3 style=\"text-align: center;color:#fff;\" class=\"wp-block-getwid-template-post-title has-text-color\"><a class=\"wp-block-getwid-template-post-title__link\" href=\"https:\/\/www.aluministecnicsbarcelona.com\/ca\/blog\/my-product\/pergola-bioclimatica\/\">P\u00e8rgola Bioclim\u00e0tica<\/a><\/h3><\/div><\/div>\n<\/div>\n<\/div>\n\t\t\t\t\t\t\t\t<\/div>\r\n\t\t\t\t\t\t\t\t\t\t\t\t\t\t\t<div class='wp-block-getwid-custom-post-type__post'>\r\n\t\t\t\t\t\t\t\t\t\n<div class=\"wp-block-columns is-layout-flex wp-container-core-columns-is-layout-9d6595d7 wp-block-columns-is-layout-flex\">\n<div class=\"wp-block-column is-layout-flow wp-block-column-is-layout-flow\" style=\"flex-basis:100%\">\n<div class=\"wp-block-cover is-light\"><span aria-hidden=\"true\" class=\"wp-block-cover__background has-background-dim-20 has-background-dim\"><\/span><img loading=\"lazy\" decoding=\"async\" width=\"800\" height=\"600\" src=\"https:\/\/www.aluministecnicsbarcelona.com\/wp-content\/uploads\/2024\/03\/Vallas-con-lama-ventilada-de-aluminio-4-jpg.webp\" class=\"wp-block-cover__image-background wp-post-image\" alt=\"\" data-object-fit=\"cover\" title=\"\"><div class=\"wp-block-cover__inner-container is-layout-constrained wp-block-cover-is-layout-constrained\">\r\n<h3 style=\"text-align: center;color:#fff;\" class=\"wp-block-getwid-template-post-title has-text-color\"><a class=\"wp-block-getwid-template-post-title__link\" href=\"https:\/\/www.aluministecnicsbarcelona.com\/ca\/blog\/my-product\/vallas-y-cancelas\/\">Tanques<\/a><\/h3><\/div><\/div>\n<\/div>\n<\/div>\n\t\t\t\t\t\t\t\t<\/div>\r\n\t\t\t\t\t\t\t            <\/div>\r\n\r\n                    <\/div>\r\n        \n\n\n<div class=\"wp-block-buttons alignwide is-content-justification-center is-layout-flex wp-container-core-buttons-is-layout-16018d1d wp-block-buttons-is-layout-flex\">\n<div class=\"wp-block-button\"><a class=\"wp-block-button__link wp-element-button\" href=\"https:\/\/www.aluministecnicsbarcelona.com\/ca\/projectes\/\">Veure m\u00e9s projectes<\/a><\/div>\n<\/div>\n<\/div><\/div><\/div><\/div><\/div>\n\n\n\n<div class=\"wp-block-getwid-section alignfull alignfull getwid-section-content-custom-width\"><div class=\"wp-block-getwid-section__wrapper getwid-padding-top-normal getwid-padding-bottom-normal\"><div class=\"wp-block-getwid-section__inner-wrapper\"><div class=\"wp-block-getwid-section__background-holder\"><div class=\"wp-block-getwid-section__background\"><\/div><div class=\"wp-block-getwid-section__foreground\"><\/div><\/div><div class=\"wp-block-getwid-section__content\"><div class=\"wp-block-getwid-section__inner-content\">\n<h2 class=\"wp-block-heading alignwide has-text-align-center\">Treballem amb les seg\u00fcents marques<\/h2>\n\n\n\n<div style=\"height:50px\" aria-hidden=\"true\" class=\"wp-block-spacer\"><\/div>\n\n\n\n<div class=\"wp-block-columns alignwide is-not-stacked-on-mobile is-layout-flex wp-container-core-columns-is-layout-9d6595d7 wp-block-columns-is-layout-flex\">\n<div class=\"wp-block-column is-layout-flow wp-block-column-is-layout-flow\"><div class=\"wp-block-image\">\n<figure class=\"aligncenter size-full is-resized\"><a href=\"https:\/\/www.aluministecnicsbarcelona.com\/ca\/deceuninck\/\"><img loading=\"lazy\" decoding=\"async\" width=\"200\" height=\"120\" sizes=\"auto, (max-width: 200px) 100vw, 200px\" src=\"https:\/\/www.aluministecnicsbarcelona.com\/wp-content\/uploads\/2016\/06\/deceuninck-marca.jpg\" alt=\"Deceuninck\" class=\"wp-image-13481\" style=\"width:147px;height:auto\" title=\"\"><\/a><\/figure>\n<\/div><\/div>\n\n\n\n<div class=\"wp-block-column is-layout-flow wp-block-column-is-layout-flow\"><div class=\"wp-block-image\">\n<figure class=\"aligncenter size-full is-resized\"><a href=\"https:\/\/www.aluministecnicsbarcelona.com\/ca\/gradhermetic-marca\/\"><img loading=\"lazy\" decoding=\"async\" width=\"720\" height=\"280\" sizes=\"auto, (max-width: 720px) 100vw, 720px\" src=\"https:\/\/www.aluministecnicsbarcelona.com\/wp-content\/uploads\/2023\/11\/gradhermetic_logo.jpg\" alt=\"Gradhermetic\" class=\"wp-image-16506\" style=\"width:219px;height:auto\" title=\"\" srcset=\"https:\/\/www.aluministecnicsbarcelona.com\/wp-content\/uploads\/2023\/11\/gradhermetic_logo.jpg 720w, https:\/\/www.aluministecnicsbarcelona.com\/wp-content\/uploads\/2023\/11\/gradhermetic_logo-300x117.jpg 300w\" \/><\/a><\/figure>\n<\/div><\/div>\n\n\n\n<div class=\"wp-block-column is-layout-flow wp-block-column-is-layout-flow\"><div class=\"wp-block-image\">\n<figure class=\"aligncenter size-full is-resized\"><a href=\"https:\/\/www.aluministecnicsbarcelona.com\/ca\/griesser\/\"><img loading=\"lazy\" decoding=\"async\" width=\"1600\" height=\"540\" sizes=\"auto, (max-width: 1600px) 100vw, 1600px\" src=\"https:\/\/www.aluministecnicsbarcelona.com\/wp-content\/uploads\/2023\/11\/Griesser.jpeg\" alt=\"Griesser\" class=\"wp-image-16640\" style=\"width:196px;height:auto\" title=\"\" srcset=\"https:\/\/www.aluministecnicsbarcelona.com\/wp-content\/uploads\/2023\/11\/Griesser.jpeg 1600w, https:\/\/www.aluministecnicsbarcelona.com\/wp-content\/uploads\/2023\/11\/Griesser-300x101.jpeg 300w, https:\/\/www.aluministecnicsbarcelona.com\/wp-content\/uploads\/2023\/11\/Griesser-1024x346.jpeg 1024w, https:\/\/www.aluministecnicsbarcelona.com\/wp-content\/uploads\/2023\/11\/Griesser-768x259.jpeg 768w, https:\/\/www.aluministecnicsbarcelona.com\/wp-content\/uploads\/2023\/11\/Griesser-1536x518.jpeg 1536w, https:\/\/www.aluministecnicsbarcelona.com\/wp-content\/uploads\/2023\/11\/Griesser-938x317.jpeg 938w, https:\/\/www.aluministecnicsbarcelona.com\/wp-content\/uploads\/2023\/11\/Griesser-1130x381.jpeg 1130w\" \/><\/a><\/figure>\n<\/div><\/div>\n<\/div>\n\n\n\n<div class=\"wp-block-columns alignwide is-not-stacked-on-mobile is-layout-flex wp-container-core-columns-is-layout-9d6595d7 wp-block-columns-is-layout-flex\">\n<div class=\"wp-block-column is-layout-flow wp-block-column-is-layout-flow\"><div class=\"wp-block-image\">\n<figure class=\"aligncenter size-full is-resized\"><a href=\"https:\/\/www.aluministecnicsbarcelona.com\/ca\/kline\/\"><img loading=\"lazy\" decoding=\"async\" width=\"720\" height=\"187\" sizes=\"auto, (max-width: 720px) 100vw, 720px\" src=\"https:\/\/www.aluministecnicsbarcelona.com\/wp-content\/uploads\/2023\/12\/Kline-logo.png\" alt=\"K\u00b7line logo\" class=\"wp-image-16822\" style=\"width:166px;height:auto\" title=\"\" srcset=\"https:\/\/www.aluministecnicsbarcelona.com\/wp-content\/uploads\/2023\/12\/Kline-logo.png 720w, https:\/\/www.aluministecnicsbarcelona.com\/wp-content\/uploads\/2023\/12\/Kline-logo-300x78.png 300w\" \/><\/a><\/figure>\n<\/div><\/div>\n\n\n\n<div class=\"wp-block-column is-layout-flow wp-block-column-is-layout-flow\"><div class=\"wp-block-image\">\n<figure class=\"aligncenter size-full is-resized\"><a href=\"https:\/\/www.aluministecnicsbarcelona.com\/ca\/mv-line\/\"><img loading=\"lazy\" decoding=\"async\" width=\"300\" height=\"49\" sizes=\"auto, (max-width: 300px) 100vw, 300px\" src=\"https:\/\/www.aluministecnicsbarcelona.com\/wp-content\/uploads\/2023\/12\/MV-line.png\" alt=\"MV line logo\" class=\"wp-image-16852\" style=\"width:208px;height:auto\" title=\"\"><\/a><\/figure>\n<\/div><\/div>\n\n\n\n<div class=\"wp-block-column is-layout-flow wp-block-column-is-layout-flow\">\n<figure class=\"wp-block-image size-full\"><a href=\"https:\/\/www.aluministecnicsbarcelona.com\/ca\/schuco\/\"><img loading=\"lazy\" decoding=\"async\" width=\"480\" height=\"180\" sizes=\"auto, (max-width: 480px) 100vw, 480px\" src=\"https:\/\/www.aluministecnicsbarcelona.com\/wp-content\/uploads\/2023\/12\/Schuco-Logo.jpeg\" alt=\"Schu\u0308co Logo\" class=\"wp-image-16868\" title=\"\" srcset=\"https:\/\/www.aluministecnicsbarcelona.com\/wp-content\/uploads\/2023\/12\/Schuco-Logo.jpeg 480w, https:\/\/www.aluministecnicsbarcelona.com\/wp-content\/uploads\/2023\/12\/Schuco-Logo-300x113.jpeg 300w\" \/><\/a><\/figure>\n<\/div>\n<\/div>\n\n\n\n<div class=\"wp-block-columns alignwide is-not-stacked-on-mobile is-layout-flex wp-container-core-columns-is-layout-9d6595d7 wp-block-columns-is-layout-flex\">\n<div class=\"wp-block-column is-layout-flow wp-block-column-is-layout-flow\"><div class=\"wp-block-image\">\n<figure class=\"aligncenter size-full is-resized\"><a href=\"https:\/\/www.aluministecnicsbarcelona.com\/ca\/somfy\/\"><img loading=\"lazy\" decoding=\"async\" width=\"320\" height=\"87\" sizes=\"auto, (max-width: 320px) 100vw, 320px\" src=\"https:\/\/www.aluministecnicsbarcelona.com\/wp-content\/uploads\/2023\/12\/Somfy-logo.png\" alt=\"Somfy logo\" class=\"wp-image-16923\" style=\"width:191px;height:auto\" title=\"\" srcset=\"https:\/\/www.aluministecnicsbarcelona.com\/wp-content\/uploads\/2023\/12\/Somfy-logo.png 320w, https:\/\/www.aluministecnicsbarcelona.com\/wp-content\/uploads\/2023\/12\/Somfy-logo-300x82.png 300w\" \/><\/a><\/figure>\n<\/div><\/div>\n\n\n\n<div class=\"wp-block-column is-layout-flow wp-block-column-is-layout-flow\"><div class=\"wp-block-image\">\n<figure class=\"aligncenter size-full is-resized\"><a href=\"https:\/\/www.aluministecnicsbarcelona.com\/ca\/technal\/\"><img loading=\"lazy\" decoding=\"async\" width=\"300\" height=\"220\" sizes=\"auto, (max-width: 300px) 100vw, 300px\" src=\"https:\/\/www.aluministecnicsbarcelona.com\/wp-content\/uploads\/2023\/12\/Technal-logo.jpg\" alt=\"Technal logo\" class=\"wp-image-16953\" style=\"width:108px;height:auto\" title=\"\"><\/a><\/figure>\n<\/div><\/div>\n\n\n\n<div class=\"wp-block-column is-layout-flow wp-block-column-is-layout-flow\"><\/div>\n<\/div>\n<\/div><\/div><\/div><\/div><\/div>\n","protected":false},"excerpt":{"rendered":"","protected":false},"author":2,"featured_media":15547,"parent":0,"menu_order":0,"comment_status":"closed","ping_status":"closed","template":"template-uli-page.php","meta":{"_lmt_disableupdate":"","_lmt_disable":"","_joinchat":[],"footnotes":""},"class_list":["post-13627","page","type-page","status-publish","has-post-thumbnail","hentry"],"_links":{"self":[{"href":"https:\/\/www.aluministecnicsbarcelona.com\/ca\/wp-json\/wp\/v2\/pages\/13627","targetHints":{"allow":["GET"]}}],"collection":[{"href":"https:\/\/www.aluministecnicsbarcelona.com\/ca\/wp-json\/wp\/v2\/pages"}],"about":[{"href":"https:\/\/www.aluministecnicsbarcelona.com\/ca\/wp-json\/wp\/v2\/types\/page"}],"author":[{"embeddable":true,"href":"https:\/\/www.aluministecnicsbarcelona.com\/ca\/wp-json\/wp\/v2\/users\/2"}],"replies":[{"embeddable":true,"href":"https:\/\/www.aluministecnicsbarcelona.com\/ca\/wp-json\/wp\/v2\/comments?post=13627"}],"version-history":[{"count":8,"href":"https:\/\/www.aluministecnicsbarcelona.com\/ca\/wp-json\/wp\/v2\/pages\/13627\/revisions"}],"predecessor-version":[{"id":20966,"href":"https:\/\/www.aluministecnicsbarcelona.com\/ca\/wp-json\/wp\/v2\/pages\/13627\/revisions\/20966"}],"wp:featuredmedia":[{"embeddable":true,"href":"https:\/\/www.aluministecnicsbarcelona.com\/ca\/wp-json\/wp\/v2\/media\/15547"}],"wp:attachment":[{"href":"https:\/\/www.aluministecnicsbarcelona.com\/ca\/wp-json\/wp\/v2\/media?parent=13627"}],"curies":[{"name":"wp","href":"https:\/\/api.w.org\/{rel}","templated":true}]}}