{"id":13673,"date":"2024-02-19T11:36:53","date_gmt":"2024-02-19T11:36:53","guid":{"rendered":"https:\/\/www.aluministecnicsbarcelona.com\/ca\/toldos-cortinas-mallorquinas\/"},"modified":"2024-02-27T19:06:33","modified_gmt":"2024-02-27T19:06:33","slug":"tendals-cortines-mallorquines","status":"publish","type":"page","link":"https:\/\/www.aluministecnicsbarcelona.com\/ca\/tendals-cortines-mallorquines\/","title":{"rendered":"Tendals i protecci\u00f3 solar"},"content":{"rendered":"\n<div class=\"wp-block-cover alignfull\"><span aria-hidden=\"true\" class=\"wp-block-cover__background has-background-dim\"><\/span><img loading=\"lazy\" decoding=\"async\" width=\"938\" height=\"314\" src=\"https:\/\/www.aluministecnicsbarcelona.com\/wp-content\/uploads\/2016\/10\/cortinaportada.jpg\" class=\"wp-block-cover__image-background wp-post-image\" alt=\"Toldos, cortinas y mallorquinas en Aluminis T\u00e8cnics Barcelona\" data-object-fit=\"cover\" srcset=\"https:\/\/www.aluministecnicsbarcelona.com\/wp-content\/uploads\/2016\/10\/cortinaportada.jpg 1600w, https:\/\/www.aluministecnicsbarcelona.com\/wp-content\/uploads\/2016\/10\/cortinaportada-300x100.jpg 300w, https:\/\/www.aluministecnicsbarcelona.com\/wp-content\/uploads\/2016\/10\/cortinaportada-768x257.jpg 768w, https:\/\/www.aluministecnicsbarcelona.com\/wp-content\/uploads\/2016\/10\/cortinaportada-1024x342.jpg 1024w\" sizes=\"auto, (max-width: 938px) 100vw, 938px\" title=\"\"><div class=\"wp-block-cover__inner-container is-layout-flow wp-block-cover-is-layout-flow\">\n<div class=\"wp-block-group\"><div class=\"wp-block-group__inner-container is-layout-constrained wp-block-group-is-layout-constrained\">\n<div class=\"wp-block-columns is-layout-flex wp-container-core-columns-is-layout-9d6595d7 wp-block-columns-is-layout-flex\">\n<div class=\"wp-block-column is-layout-flow wp-block-column-is-layout-flow\" style=\"flex-basis:100%\">\n<h1 class=\"wp-block-heading has-text-align-center has-light-blue-color has-text-color has-link-color wp-elements-fba2bd35f3e983bb4b4bedafe54ca454\">Tendals i protecci\u00f3 solar<\/h1>\n<\/div>\n<\/div>\n<\/div><\/div>\n<\/div><\/div>\n\n\n\n<div class=\"wp-block-getwid-section alignfull alignfull getwid-section-content-custom-width\"><div class=\"wp-block-getwid-section__wrapper getwid-padding-top-normal\"><div class=\"wp-block-getwid-section__inner-wrapper\"><div class=\"wp-block-getwid-section__background-holder\"><div class=\"wp-block-getwid-section__background has-background\" style=\"background-color:#f7f7f7\"><\/div><div class=\"wp-block-getwid-section__foreground\"><\/div><\/div><div class=\"wp-block-getwid-section__content\"><div class=\"wp-block-getwid-section__inner-content\">\n<div class=\"wp-block-columns alignwide is-layout-flex wp-container-core-columns-is-layout-9d6595d7 wp-block-columns-is-layout-flex\">\n<div class=\"wp-block-column is-layout-flow wp-block-column-is-layout-flow\" style=\"flex-basis:100%\">\n<h2 class=\"wp-block-heading alignfull has-text-align-left\" id=\"al-no-space\">Instal\u00b7laci\u00f3 de tendals, cortines, venecianes i mallorquines a la prov\u00edncia de Barcelona<\/h2>\n\n\n\n<p>Depenent de les caracter\u00edstiques de la seva vivenda, local o oficina, hi ha un m\u00e8tode de <strong>protecci\u00f3 solar<\/strong> que s&#8217;adapta a les seves necessitats. A Aluminis T\u00e8cnics Barcelona oferim la <strong>instal\u00b7laci\u00f3 de tendals a la prov\u00edncia de Barcelona<\/strong>, aix\u00ed com altres sistemes de protecci\u00f3 com c<strong>ortines, venecianes o mallorquines<\/strong>.<\/p>\n\n\n\n<p>Disposem de diversos tipus de solucions perqu\u00e8 pugui protegir-se dels rajos del sol en les millors condicions, amb marques de reconegut prestigi i la millor garantia. Consulti amb nosaltres quina d&#8217;aquestes solucions \u00e9s la que li ofereix major efectivitat depenent de les necessitats concretes que t\u00e9.<\/p>\n<\/div>\n<\/div>\n<\/div><\/div><\/div><\/div><\/div>\n\n\n\n<div class=\"wp-block-getwid-section alignfull alignfull getwid-section-content-custom-width\"><div class=\"wp-block-getwid-section__wrapper\"><div class=\"wp-block-getwid-section__inner-wrapper\"><div class=\"wp-block-getwid-section__background-holder\"><div class=\"wp-block-getwid-section__background\"><\/div><div class=\"wp-block-getwid-section__foreground\"><\/div><\/div><div class=\"wp-block-getwid-section__content\"><div class=\"wp-block-getwid-section__inner-content\">\n<div class=\"wp-block-columns has-2-columns are-vertically-aligned-center reverse is-layout-flex wp-container-core-columns-is-layout-9d6595d7 wp-block-columns-is-layout-flex\">\n<div class=\"wp-block-column is-vertically-aligned-center is-layout-flow wp-block-column-is-layout-flow\">\n<h2 class=\"wp-block-heading\">Tendals<\/h2>\n\n\n\n<p>Els <strong>tendals permeten reduir la quantitat de rajos solars que entren en un espai a trav\u00e9s d&#8217;una terrassa, balc\u00f3 o finestra<\/strong>. S\u00f3n elegants i decoratius, a m\u00e9s de poder-se automatitzar per facilitar-li la feina d&#8217;estendre o recollir el seu tendal. <strong>Disposem de diversos sistemes de tendals<\/strong>, tots ells de gran qualitat i amb un disseny adaptat a les seves necessitats:<\/p>\n\n\n\n<h3 class=\"wp-block-heading\">Tendals corredors<\/h3>\n\n\n\n<p>Similars a les p\u00e8rgoles, els <strong>tendals corredors es col\u00b7loquen sobre un sistema de guies que permet que la lona s&#8217;estengui amb facilitat<\/strong>. Poden adaptar-se a tot tipus d&#8217;espais de qualsevol mida, de manera que pot triar els seus tendals per a una terrassa o jard\u00ed, per a zones de restauraci\u00f3 a l&#8217;aire lliure o altres llocs que vulgui mantenir protegits.<\/p>\n<\/div>\n\n\n\n<div class=\"wp-block-column is-vertically-aligned-center is-layout-flow wp-block-column-is-layout-flow\">\n<div class=\"wp-block-cover is-light\" style=\"min-height:512px;aspect-ratio:unset;\"><span aria-hidden=\"true\" class=\"wp-block-cover__background has-background-dim-0 has-background-dim\"><\/span><img loading=\"lazy\" decoding=\"async\" width=\"600\" height=\"500\" sizes=\"auto, (max-width: 600px) 100vw, 600px\" class=\"wp-block-cover__image-background wp-image-13257\" alt=\"Toldos correderos\" src=\"https:\/\/www.aluministecnicsbarcelona.com\/wp-content\/uploads\/2016\/10\/toldo2.jpg\" data-object-fit=\"cover\" title=\"\" srcset=\"https:\/\/www.aluministecnicsbarcelona.com\/wp-content\/uploads\/2016\/10\/toldo2.jpg 600w, https:\/\/www.aluministecnicsbarcelona.com\/wp-content\/uploads\/2016\/10\/toldo2-300x250.jpg 300w\" \/><div class=\"wp-block-cover__inner-container is-layout-constrained wp-block-cover-is-layout-constrained\">\n<p class=\"has-text-align-center has-large-font-size\"><\/p>\n<\/div><\/div>\n<\/div>\n<\/div>\n<\/div><\/div><\/div><\/div><\/div>\n\n\n\n<div class=\"wp-block-getwid-section alignfull alignfull getwid-section-content-custom-width\"><div class=\"wp-block-getwid-section__wrapper\"><div class=\"wp-block-getwid-section__inner-wrapper\"><div class=\"wp-block-getwid-section__background-holder\"><div class=\"wp-block-getwid-section__background has-background\" style=\"background-color:#f7f7f7\"><\/div><div class=\"wp-block-getwid-section__foreground\"><\/div><\/div><div class=\"wp-block-getwid-section__content\"><div class=\"wp-block-getwid-section__inner-content\">\n<div class=\"wp-block-columns has-2-columns are-vertically-aligned-center is-layout-flex wp-container-core-columns-is-layout-9d6595d7 wp-block-columns-is-layout-flex\">\n<div class=\"wp-block-column is-vertically-aligned-center is-layout-flow wp-block-column-is-layout-flow\">\n<div class=\"wp-block-cover is-light\" style=\"min-height:512px;aspect-ratio:unset;\"><span aria-hidden=\"true\" class=\"wp-block-cover__background has-background-dim-0 has-background-dim\"><\/span><img loading=\"lazy\" decoding=\"async\" width=\"600\" height=\"500\" sizes=\"auto, (max-width: 600px) 100vw, 600px\" class=\"wp-block-cover__image-background wp-image-13258\" alt=\"Toldos cofre\" src=\"https:\/\/www.aluministecnicsbarcelona.com\/wp-content\/uploads\/2016\/10\/toldo1.jpg\" data-object-fit=\"cover\" title=\"\" srcset=\"https:\/\/www.aluministecnicsbarcelona.com\/wp-content\/uploads\/2016\/10\/toldo1.jpg 600w, https:\/\/www.aluministecnicsbarcelona.com\/wp-content\/uploads\/2016\/10\/toldo1-300x250.jpg 300w\" \/><div class=\"wp-block-cover__inner-container is-layout-constrained wp-block-cover-is-layout-constrained\">\n<p class=\"has-text-align-center has-large-font-size\"><\/p>\n<\/div><\/div>\n<\/div>\n\n\n\n<div class=\"wp-block-column is-vertically-aligned-center is-layout-flow wp-block-column-is-layout-flow\">\n<h3 class=\"wp-block-heading\">Tendals cofre<\/h3>\n\n\n\n<p>El <strong>sistema cofre<\/strong> li permet recollir el seu tendal completament i mantenir-lo protegit contra els elements. D&#8217;aquesta manera, pot allargar la vida \u00fatil de la lona i la resta de components del seu tendal en protegir-los dels elements adversos. Pot fer que <strong>el seu tendal es reculli de forma autom\u00e0tica si el vent \u00e9s massa fort i corre perill de danyar-se<\/strong>. La protecci\u00f3 solar m\u00e9s efica\u00e7 pensada per durar molt de temps.<\/p>\n<\/div>\n<\/div>\n<\/div><\/div><\/div><\/div><\/div>\n\n\n\n<div class=\"wp-block-getwid-section alignfull alignfull getwid-section-content-custom-width\"><div class=\"wp-block-getwid-section__wrapper\"><div class=\"wp-block-getwid-section__inner-wrapper\"><div class=\"wp-block-getwid-section__background-holder\"><div class=\"wp-block-getwid-section__background\"><\/div><div class=\"wp-block-getwid-section__foreground\"><\/div><\/div><div class=\"wp-block-getwid-section__content\"><div class=\"wp-block-getwid-section__inner-content\">\n<div class=\"wp-block-columns has-2-columns are-vertically-aligned-center reverse is-layout-flex wp-container-core-columns-is-layout-9d6595d7 wp-block-columns-is-layout-flex\">\n<div class=\"wp-block-column is-vertically-aligned-center is-layout-flow wp-block-column-is-layout-flow\">\n<h3 class=\"wp-block-heading\">Tendals amb bra\u00e7os invisibles<\/h3>\n\n\n\n<p>En llocs on no es poden col\u00b7locar guies o un sistema d&#8217;estructures, un <strong>tendal amb bra\u00e7os invisibles<\/strong> li permet gaudir d&#8217;una protecci\u00f3 contra el sol molt efica\u00e7 de manera c\u00f2moda sense afectar a l&#8217;est\u00e8tica.<\/p>\n\n\n\n<p>Tots els tendals que pot triar estan fabricats amb <strong>materials molt resistents<\/strong>, pensats per aguantar durant molt de temps com si fossin de nova instal\u00b7laci\u00f3. A m\u00e9s, requereixen un <strong>manteniment m\u00ednim<\/strong>.<\/p>\n<\/div>\n\n\n\n<div class=\"wp-block-column is-vertically-aligned-center is-layout-flow wp-block-column-is-layout-flow\">\n<div class=\"wp-block-cover is-light\" style=\"min-height:512px;aspect-ratio:unset;\"><span aria-hidden=\"true\" class=\"wp-block-cover__background has-background-dim-0 has-background-dim\"><\/span><img loading=\"lazy\" decoding=\"async\" width=\"600\" height=\"500\" sizes=\"auto, (max-width: 600px) 100vw, 600px\" class=\"wp-block-cover__image-background wp-image-13256\" alt=\"Toldos brazos invisibles\" src=\"https:\/\/www.aluministecnicsbarcelona.com\/wp-content\/uploads\/2016\/10\/toldo3.jpg\" data-object-fit=\"cover\" title=\"\" srcset=\"https:\/\/www.aluministecnicsbarcelona.com\/wp-content\/uploads\/2016\/10\/toldo3.jpg 600w, https:\/\/www.aluministecnicsbarcelona.com\/wp-content\/uploads\/2016\/10\/toldo3-300x250.jpg 300w\" \/><div class=\"wp-block-cover__inner-container is-layout-constrained wp-block-cover-is-layout-constrained\">\n<p class=\"has-text-align-center has-large-font-size\"><\/p>\n<\/div><\/div>\n<\/div>\n<\/div>\n<\/div><\/div><\/div><\/div><\/div>\n\n\n\n<div class=\"wp-block-getwid-section alignfull alignfull getwid-section-content-custom-width\"><div class=\"wp-block-getwid-section__wrapper\"><div class=\"wp-block-getwid-section__inner-wrapper\"><div class=\"wp-block-getwid-section__background-holder\"><div class=\"wp-block-getwid-section__background\"><\/div><div class=\"wp-block-getwid-section__foreground\"><\/div><\/div><div class=\"wp-block-getwid-section__content\"><div class=\"wp-block-getwid-section__inner-content\">\n<div class=\"wp-block-columns has-2-columns are-vertically-aligned-center is-layout-flex wp-container-core-columns-is-layout-9d6595d7 wp-block-columns-is-layout-flex\">\n<div class=\"wp-block-column is-vertically-aligned-center is-layout-flow wp-block-column-is-layout-flow\">\n<div class=\"wp-block-cover is-light\" style=\"min-height:512px;aspect-ratio:unset;\"><span aria-hidden=\"true\" class=\"wp-block-cover__background has-background-dim-0 has-background-dim\"><\/span><img loading=\"lazy\" decoding=\"async\" width=\"600\" height=\"500\" sizes=\"auto, (max-width: 600px) 100vw, 600px\" class=\"wp-block-cover__image-background wp-image-13262\" alt=\"Estores enrollables Luxaflex\u00ae\" src=\"https:\/\/www.aluministecnicsbarcelona.com\/wp-content\/uploads\/2016\/10\/cortina1.jpg\" data-object-fit=\"cover\" title=\"\" srcset=\"https:\/\/www.aluministecnicsbarcelona.com\/wp-content\/uploads\/2016\/10\/cortina1.jpg 600w, https:\/\/www.aluministecnicsbarcelona.com\/wp-content\/uploads\/2016\/10\/cortina1-300x250.jpg 300w\" \/><div class=\"wp-block-cover__inner-container is-layout-constrained wp-block-cover-is-layout-constrained\">\n<p class=\"has-text-align-center has-large-font-size\"><\/p>\n<\/div><\/div>\n<\/div>\n\n\n\n<div class=\"wp-block-column is-vertically-aligned-center is-layout-flow wp-block-column-is-layout-flow\">\n<h2 class=\"wp-block-heading\">Cortines<\/h2>\n\n\n\n<p>Treballem amb cortines de la firma <strong>Gradulux<\/strong>, una de les marques m\u00e9s reputades del mercat en aquest camp. Pot triar entre un <strong>estor enrotllable<\/strong> o una veneciana, ambd\u00f3s models fabricats en una \u00e0mplia gamma de colors per decorar mentre es protegeix del sol.<\/p>\n\n\n\n<h2 class=\"wp-block-heading\">Estors<\/h2>\n\n\n\n<p>Gradulux fabrica els <strong>estors enrotllables Luxaflex\u00ae<\/strong>, disponibles en diferents colors i models per combinar en qualsevol lloc. Es tracta d&#8217;una cortina funcional fabricada amb els millors materials. Pot instal\u00b7lar estors opacs, transparents o decorats amb motius infantils per a habitacions de nens. T\u00e9 centenars d&#8217;opcions a triar per trobar l&#8217;estil que millor li va al seu projecte.<\/p>\n<\/div>\n<\/div>\n<\/div><\/div><\/div><\/div><\/div>\n\n\n\n<div class=\"wp-block-getwid-section alignfull alignfull getwid-section-content-custom-width\"><div class=\"wp-block-getwid-section__wrapper\"><div class=\"wp-block-getwid-section__inner-wrapper\"><div class=\"wp-block-getwid-section__background-holder\"><div class=\"wp-block-getwid-section__background has-background\" style=\"background-color:#f7f7f7\"><\/div><div class=\"wp-block-getwid-section__foreground\"><\/div><\/div><div class=\"wp-block-getwid-section__content\"><div class=\"wp-block-getwid-section__inner-content\">\n<div class=\"wp-block-columns has-2-columns are-vertically-aligned-center reverse is-layout-flex wp-container-core-columns-is-layout-9d6595d7 wp-block-columns-is-layout-flex\">\n<div class=\"wp-block-column is-vertically-aligned-center is-layout-flow wp-block-column-is-layout-flow\">\n<h2 class=\"wp-block-heading\">Venecianes i mallorquines<\/h2>\n\n\n\n<p>Les <strong>lames graduables<\/strong> de les <strong>cortines venecianes Luxaflex\u00ae<\/strong> li garanteixen el control de la llum simplement amb girar una vareta. A m\u00e9s, t\u00e9 una gamma de models que no deixa d&#8217;augmentar. Pot triar el color, els motius decoratius i fins a l&#8217;amplada de les lames per ajustar-ho tot a les seves prefer\u00e8ncies. El mateix succeeix en el cas de les persianes mallorquines, que a difer\u00e8ncia de les venecianes no tenen marc i compten amb cables d&#8217;elevaci\u00f3.<\/p>\n<\/div>\n\n\n\n<div class=\"wp-block-column is-vertically-aligned-center is-layout-flow wp-block-column-is-layout-flow\">\n<div class=\"wp-block-cover is-light\" style=\"min-height:512px;aspect-ratio:unset;\"><span aria-hidden=\"true\" class=\"wp-block-cover__background has-background-dim-0 has-background-dim\"><\/span><img loading=\"lazy\" decoding=\"async\" width=\"600\" height=\"500\" sizes=\"auto, (max-width: 600px) 100vw, 600px\" class=\"wp-block-cover__image-background wp-image-13261\" alt=\"Cortinas venecianas Luxaflex\u00ae\" src=\"https:\/\/www.aluministecnicsbarcelona.com\/wp-content\/uploads\/2016\/10\/cortina2.jpg\" data-object-fit=\"cover\" title=\"\" srcset=\"https:\/\/www.aluministecnicsbarcelona.com\/wp-content\/uploads\/2016\/10\/cortina2.jpg 600w, https:\/\/www.aluministecnicsbarcelona.com\/wp-content\/uploads\/2016\/10\/cortina2-300x250.jpg 300w\" \/><div class=\"wp-block-cover__inner-container is-layout-constrained wp-block-cover-is-layout-constrained\">\n<p class=\"has-text-align-center has-large-font-size\"><\/p>\n<\/div><\/div>\n<\/div>\n<\/div>\n<\/div><\/div><\/div><\/div><\/div>\n\n\n\n<div class=\"wp-block-getwid-section\"><div class=\"wp-block-getwid-section__wrapper\"><div class=\"wp-block-getwid-section__inner-wrapper\"><div class=\"wp-block-getwid-section__background-holder\"><div class=\"wp-block-getwid-section__background\"><\/div><div class=\"wp-block-getwid-section__foreground\"><\/div><\/div><div class=\"wp-block-getwid-section__content\"><div class=\"wp-block-getwid-section__inner-content\">\n<h2 class=\"wp-block-heading has-text-align-center\">Vols instal\u00b7lar tendals, cortines, venecianes o mallorquines? Demana preus i pressupost sense comprom\u00eds<\/h2>\n<\/div><\/div><\/div><\/div><\/div>\n\n\n\n<div class=\"wp-block-getwid-section\"><div class=\"wp-block-getwid-section__wrapper getwid-padding-top-normal getwid-padding-bottom-small\"><div class=\"wp-block-getwid-section__inner-wrapper\"><div class=\"wp-block-getwid-section__background-holder\"><div class=\"wp-block-getwid-section__background\"><\/div><div class=\"wp-block-getwid-section__foreground\"><\/div><\/div><div class=\"wp-block-getwid-section__content\"><div class=\"wp-block-getwid-section__inner-content\">\n<div class=\"wp-block-getwid-section getwid-section-content-custom-width\"><div class=\"wp-block-getwid-section__wrapper\"><div class=\"wp-block-getwid-section__inner-wrapper\" style=\"max-width:800px\"><div class=\"wp-block-getwid-section__background-holder\"><div class=\"wp-block-getwid-section__background\"><\/div><div class=\"wp-block-getwid-section__foreground\"><\/div><\/div><div class=\"wp-block-getwid-section__content\"><div class=\"wp-block-getwid-section__inner-content\">\n<div class=\"wp-block-contact-form-7-contact-form-selector\">\n<div class=\"wpcf7 no-js\" id=\"wpcf7-f19586-o1\" lang=\"ca\" dir=\"ltr\" data-wpcf7-id=\"19586\">\n<div class=\"screen-reader-response\"><p role=\"status\" aria-live=\"polite\" aria-atomic=\"true\"><\/p> <ul><\/ul><\/div>\n<form action=\"\/ca\/wp-json\/wp\/v2\/pages\/13673#wpcf7-f19586-o1\" method=\"post\" class=\"wpcf7-form init\" aria-label=\"Formulari de contacte\" novalidate=\"novalidate\" data-status=\"init\">\n<fieldset class=\"hidden-fields-container\"><input type=\"hidden\" name=\"_wpcf7\" value=\"19586\" \/><input type=\"hidden\" name=\"_wpcf7_version\" value=\"6.1.5\" \/><input type=\"hidden\" name=\"_wpcf7_locale\" value=\"ca\" \/><input type=\"hidden\" name=\"_wpcf7_unit_tag\" value=\"wpcf7-f19586-o1\" \/><input type=\"hidden\" name=\"_wpcf7_container_post\" value=\"0\" \/><input type=\"hidden\" name=\"_wpcf7_posted_data_hash\" value=\"\" \/><input type=\"hidden\" name=\"_wpcf7_recaptcha_response\" value=\"\" \/>\n<\/fieldset>\n<!-- wp:group {\"layout\":{\"type\":\"constrained\"}} -->\n<div class=\"wp-block-group\" style=\"margin-bottom: 0px !important;\"><!-- wp:columns -->\n\t<div class=\"wp-block-columns\" style=\"margin-bottom: 0px !important;\"><!-- wp:column -->\n\t\t<div class=\"wp-block-column\" style=\"margin-bottom: 0px !important;\">\n\t\t\t<p><span class=\"wpcf7-form-control-wrap\" data-name=\"Name\"><input size=\"40\" maxlength=\"400\" class=\"wpcf7-form-control wpcf7-text wpcf7-validates-as-required\" aria-required=\"true\" aria-invalid=\"false\" placeholder=\"Nom(*)\" value=\"\" type=\"text\" name=\"Name\" \/><\/span><span class=\"right-border\"><\/span><span class=\"top-border\"><\/span><span class=\"left-border\"><\/span>\n\t\t\t<\/p>\n\t\t\t<p><span class=\"wpcf7-form-control-wrap\" data-name=\"E-mail\"><input size=\"40\" maxlength=\"400\" class=\"wpcf7-form-control wpcf7-email wpcf7-validates-as-required wpcf7-text wpcf7-validates-as-email\" aria-required=\"true\" aria-invalid=\"false\" placeholder=\"Correu electr\u00f2nic (*)\" value=\"\" type=\"email\" name=\"E-mail\" \/><\/span><span class=\"right-border\"><\/span><span class=\"top-border\"><\/span><span class=\"left-border\"><\/span>\n\t\t\t<\/p>\n\t\t<\/div>\n<!-- \/wp:column -->\n\n<!-- wp:column -->\n\t\t<div class=\"wp-block-column\"  style=\"margin-bottom: 0px !important;\">\n\t\t\t<p><span class=\"wpcf7-form-control-wrap\" data-name=\"tel-919\"><input size=\"40\" maxlength=\"400\" class=\"wpcf7-form-control wpcf7-tel wpcf7-validates-as-required wpcf7-text wpcf7-validates-as-tel\" aria-required=\"true\" aria-invalid=\"false\" placeholder=\"Tel\u00e8fon (*)\" value=\"\" type=\"tel\" name=\"tel-919\" \/><\/span><span class=\"right-border\"><\/span><span class=\"top-border\"><\/span><span class=\"left-border\"><\/span>\n\t\t\t<\/p>\n\t\t\t<p><span class=\"wpcf7-form-control-wrap\" data-name=\"text-883\"><input size=\"40\" maxlength=\"400\" class=\"wpcf7-form-control wpcf7-text wpcf7-validates-as-required\" aria-required=\"true\" aria-invalid=\"false\" placeholder=\"Localitat (*)\" value=\"\" type=\"text\" name=\"text-883\" \/><\/span><span class=\"right-border\"><\/span><span class=\"top-border\"><\/span><span class=\"left-border\"><\/span>\n\t\t\t<\/p>\n\t\t<\/div>\n<!-- \/wp:column -->\n\t<\/div>\n<!-- \/wp:columns -->\n<\/div>\n<!-- \/wp:group -->\n\n<!-- wp:group {\"layout\":{\"type\":\"constrained\"}} -->\n<div class=\"wp-block-group\" style=\"margin-bottom: 0px !important;\"><!-- wp:columns -->\n\t<div class=\"wp-block-columns\" style=\"margin-bottom: 0px !important;\"><!-- wp:column -->\n\t\t<div class=\"wp-block-column\"  style=\"margin-bottom: 0px !important;\">\n\t\t\t<p><span class=\"wpcf7-form-control-wrap\" data-name=\"Letter\"><textarea cols=\"10\" rows=\"3\" maxlength=\"2000\" class=\"wpcf7-form-control wpcf7-textarea\" aria-invalid=\"false\" placeholder=\"M&#039;interessaria saber..\" name=\"Letter\"><\/textarea><\/span><span class=\"right-border\"><\/span><span class=\"top-border\"><\/span><span class=\"left-border\"><\/span>\n\t\t\t<\/p>\n\t\t\t<p><label><span class=\"wpcf7-form-control-wrap\" data-name=\"acceptance-704\"><span class=\"wpcf7-form-control wpcf7-acceptance\"><span class=\"wpcf7-list-item\"><input type=\"checkbox\" name=\"acceptance-704\" value=\"1\" aria-invalid=\"false\" \/><\/span><\/span><\/span> En fer \u201cClic\u201d al Bot\u00f3 \u201cENVIAR\u201d l'usuari declara haver llegit i estar d'acord amb les condicions expressades al <a href=\"https:\/\/www.aluministecnicsbarcelona.com\/ca\/avis-legal\/\">\u201cAVIS LEGAL\u201d<\/a> i la <a href=\"https:\/\/www.aluministecnicsbarcelona.com\/ca\/politica-de-privacitat\/\">\u201cPOL\u00cdTICA DE PRIVACITAT\u201d<\/a> de la present Web.<\/label>\n\t\t\t<\/p>\n\t\t\t<p><input class=\"wpcf7-form-control wpcf7-submit has-spinner\" type=\"submit\" value=\"ENVIAR\" \/>\n\t\t\t<\/p>\n<!-- \/wp:column -->\n\t\t<\/div>\n<!-- \/wp:columns -->\n\t<\/div>\n<!-- \/wp:group -->\n<\/div><div class=\"wpcf7-response-output\" aria-hidden=\"true\"><\/div>\n<\/form>\n<\/div>\n<\/div>\n<\/div><\/div><\/div><\/div><\/div>\n<\/div><\/div><\/div><\/div><\/div>\n","protected":false},"excerpt":{"rendered":"","protected":false},"author":2,"featured_media":15635,"parent":0,"menu_order":0,"comment_status":"closed","ping_status":"closed","template":"template-uli-page.php","meta":{"_lmt_disableupdate":"","_lmt_disable":"","_joinchat":[],"footnotes":""},"class_list":["post-13673","page","type-page","status-publish","has-post-thumbnail","hentry"],"_links":{"self":[{"href":"https:\/\/www.aluministecnicsbarcelona.com\/ca\/wp-json\/wp\/v2\/pages\/13673","targetHints":{"allow":["GET"]}}],"collection":[{"href":"https:\/\/www.aluministecnicsbarcelona.com\/ca\/wp-json\/wp\/v2\/pages"}],"about":[{"href":"https:\/\/www.aluministecnicsbarcelona.com\/ca\/wp-json\/wp\/v2\/types\/page"}],"author":[{"embeddable":true,"href":"https:\/\/www.aluministecnicsbarcelona.com\/ca\/wp-json\/wp\/v2\/users\/2"}],"replies":[{"embeddable":true,"href":"https:\/\/www.aluministecnicsbarcelona.com\/ca\/wp-json\/wp\/v2\/comments?post=13673"}],"version-history":[{"count":7,"href":"https:\/\/www.aluministecnicsbarcelona.com\/ca\/wp-json\/wp\/v2\/pages\/13673\/revisions"}],"predecessor-version":[{"id":19934,"href":"https:\/\/www.aluministecnicsbarcelona.com\/ca\/wp-json\/wp\/v2\/pages\/13673\/revisions\/19934"}],"wp:featuredmedia":[{"embeddable":true,"href":"https:\/\/www.aluministecnicsbarcelona.com\/ca\/wp-json\/wp\/v2\/media\/15635"}],"wp:attachment":[{"href":"https:\/\/www.aluministecnicsbarcelona.com\/ca\/wp-json\/wp\/v2\/media?parent=13673"}],"curies":[{"name":"wp","href":"https:\/\/api.w.org\/{rel}","templated":true}]}}