{"id":13699,"date":"2024-02-19T11:36:53","date_gmt":"2024-02-19T11:36:53","guid":{"rendered":"https:\/\/www.aluministecnicsbarcelona.com\/ca\/serie-klfp-kline\/"},"modified":"2025-05-19T11:15:35","modified_gmt":"2025-05-19T11:15:35","slug":"serie-klfp","status":"publish","type":"page","link":"https:\/\/www.aluministecnicsbarcelona.com\/ca\/kline\/serie-klfp\/","title":{"rendered":"S\u00e8rie KL-FP de K-LINE"},"content":{"rendered":"\n<div class=\"wp-block-cover alignfull is-light\"><span aria-hidden=\"true\" class=\"wp-block-cover__background has-background-dim-30 has-background-dim\" style=\"background-color:#aba69f\"><\/span><img loading=\"lazy\" decoding=\"async\" width=\"400\" height=\"300\" src=\"https:\/\/www.aluministecnicsbarcelona.com\/wp-content\/uploads\/2016\/06\/kl_fp6.jpg\" class=\"wp-block-cover__image-background wp-post-image\" alt=\"\" data-object-fit=\"cover\" data-object-position=\"50% 50%\" style=\"object-position:50% 50%;\" srcset=\"https:\/\/www.aluministecnicsbarcelona.com\/wp-content\/uploads\/2016\/06\/kl_fp6.jpg 400w, https:\/\/www.aluministecnicsbarcelona.com\/wp-content\/uploads\/2016\/06\/kl_fp6-300x225.jpg 300w\" sizes=\"auto, (max-width: 400px) 100vw, 400px\" title=\"\"><div class=\"wp-block-cover__inner-container is-layout-flow wp-block-cover-is-layout-flow\">\n<div class=\"wp-block-group\"><div class=\"wp-block-group__inner-container is-layout-constrained wp-block-group-is-layout-constrained\">\n<div class=\"wp-block-columns is-layout-flex wp-container-core-columns-is-layout-9d6595d7 wp-block-columns-is-layout-flex\">\n<div class=\"wp-block-column is-layout-flow wp-block-column-is-layout-flow\" style=\"flex-basis:100%\"><h1 class=\"has-text-align-center has-link-color wp-elements-aa973816c9bf249fae5652f1ca10651e wp-block-post-title has-text-color has-light-blue-color\">S\u00e8rie KL-FP de K-LINE<\/h1><\/div>\n<\/div>\n<\/div><\/div>\n<\/div><\/div>\n\n\n\n<div class=\"wp-block-getwid-section alignfull alignfull getwid-section-content-custom-width\"><div class=\"wp-block-getwid-section__wrapper getwid-padding-top-normal\"><div class=\"wp-block-getwid-section__inner-wrapper\"><div class=\"wp-block-getwid-section__background-holder\"><div class=\"wp-block-getwid-section__background has-background\" style=\"background-color:#f7f7f7\"><\/div><div class=\"wp-block-getwid-section__foreground\"><\/div><\/div><div class=\"wp-block-getwid-section__content\"><div class=\"wp-block-getwid-section__inner-content\">\n<h2 class=\"wp-block-heading has-text-align-center\">Informaci\u00f3 del producte KLFP<\/h2>\n<\/div><\/div><\/div><\/div><\/div>\n\n\n\n<div class=\"wp-block-getwid-section alignfull alignfull getwid-section-content-custom-width\"><div class=\"wp-block-getwid-section__wrapper\"><div class=\"wp-block-getwid-section__inner-wrapper\"><div class=\"wp-block-getwid-section__background-holder\"><div class=\"wp-block-getwid-section__background\"><\/div><div class=\"wp-block-getwid-section__foreground\"><\/div><\/div><div class=\"wp-block-getwid-section__content\"><div class=\"wp-block-getwid-section__inner-content\">\n<div class=\"wp-block-columns has-2-columns are-vertically-aligned-center reverse is-layout-flex wp-container-core-columns-is-layout-9d6595d7 wp-block-columns-is-layout-flex\">\n<div class=\"wp-block-column is-vertically-aligned-center is-layout-flow wp-block-column-is-layout-flow\">\n<h3 class=\"wp-block-heading has-text-align-left\">Caracter\u00edstiques d&#8217;aquesta practicable de fulla oculta de KLINE<\/h3>\n\n\n\n<p>Les finestres de la marca&nbsp;<a href=\"https:\/\/www.aluministecnicsbarcelona.com\/ca\/kline\/\">KLINE<\/a>&nbsp;destaquen per la seva capacitat de lluminositat natural.&nbsp;Aix\u00f2 \u00e9s gr\u00e0cies al prim dels seus perfils, que augmenten fins a un 20 per cent m\u00e9s la superf\u00edcie de vidre que ofereixen les finestres convencionals.&nbsp;A m\u00e9s, el seu estil decoratiu \u00e9s sobri i elegant, perfecte per no destacar gaire i mantenir l&#8217;harmonia en la decoraci\u00f3.&nbsp;S\u00f3n perfectes per a reformes, ja que no afecten l&#8217;aspecte exterior i faciliten l&#8217;entrada de llum a l&#8217;interior.&nbsp;<strong>La s\u00e8rie KLFP de KLINE<\/strong>&nbsp;\u00e9s una aposta segura per la qualitat i el disseny eficient.<\/p>\n<\/div>\n\n\n\n<div class=\"wp-block-column is-vertically-aligned-center is-layout-flow wp-block-column-is-layout-flow\">\n<div class=\"wp-block-cover is-light\" style=\"min-height:512px;aspect-ratio:unset;\"><img loading=\"lazy\" decoding=\"async\" width=\"512\" height=\"512\" sizes=\"auto, (max-width: 512px) 100vw, 512px\" class=\"wp-block-cover__image-background wp-image-18114\" alt=\"KLine KL-FP\" src=\"https:\/\/www.aluministecnicsbarcelona.com\/wp-content\/uploads\/2024\/01\/KLine-KL-FP-1-jpg.webp\" data-object-fit=\"cover\" title=\"\" srcset=\"https:\/\/www.aluministecnicsbarcelona.com\/wp-content\/uploads\/2024\/01\/KLine-KL-FP-1-jpg.webp 512w, https:\/\/www.aluministecnicsbarcelona.com\/wp-content\/uploads\/2024\/01\/KLine-KL-FP-1-300x300.webp 300w, https:\/\/www.aluministecnicsbarcelona.com\/wp-content\/uploads\/2024\/01\/KLine-KL-FP-1-150x150.webp 150w\" \/><span aria-hidden=\"true\" class=\"wp-block-cover__background has-background-dim-0 has-background-dim\"><\/span><div class=\"wp-block-cover__inner-container is-layout-constrained wp-block-cover-is-layout-constrained\">\n<p class=\"has-text-align-center has-large-font-size\"><\/p>\n<\/div><\/div>\n<\/div>\n<\/div>\n<\/div><\/div><\/div><\/div><\/div>\n\n\n\n<div class=\"wp-block-getwid-section alignfull alignfull getwid-section-content-custom-width\"><div class=\"wp-block-getwid-section__wrapper\"><div class=\"wp-block-getwid-section__inner-wrapper\"><div class=\"wp-block-getwid-section__background-holder\"><div class=\"wp-block-getwid-section__background\"><\/div><div class=\"wp-block-getwid-section__foreground\"><\/div><\/div><div class=\"wp-block-getwid-section__content\"><div class=\"wp-block-getwid-section__inner-content\">\n<div class=\"wp-block-columns has-2-columns are-vertically-aligned-center is-layout-flex wp-container-core-columns-is-layout-9d6595d7 wp-block-columns-is-layout-flex\">\n<div class=\"wp-block-column is-vertically-aligned-center is-layout-flow wp-block-column-is-layout-flow\">\n<div class=\"wp-block-cover is-light\" style=\"min-height:512px;aspect-ratio:unset;\"><img loading=\"lazy\" decoding=\"async\" width=\"512\" height=\"512\" sizes=\"auto, (max-width: 512px) 100vw, 512px\" class=\"wp-block-cover__image-background wp-image-18116\" alt=\"KLine KL-FP 2\" src=\"https:\/\/www.aluministecnicsbarcelona.com\/wp-content\/uploads\/2024\/01\/KLine-KL-FP-2-jpg.webp\" data-object-fit=\"cover\" title=\"\" srcset=\"https:\/\/www.aluministecnicsbarcelona.com\/wp-content\/uploads\/2024\/01\/KLine-KL-FP-2-jpg.webp 512w, https:\/\/www.aluministecnicsbarcelona.com\/wp-content\/uploads\/2024\/01\/KLine-KL-FP-2-300x300.webp 300w, https:\/\/www.aluministecnicsbarcelona.com\/wp-content\/uploads\/2024\/01\/KLine-KL-FP-2-150x150.webp 150w\" \/><span aria-hidden=\"true\" class=\"wp-block-cover__background has-background-dim-0 has-background-dim\"><\/span><div class=\"wp-block-cover__inner-container is-layout-constrained wp-block-cover-is-layout-constrained\">\n<p class=\"has-text-align-center has-large-font-size\"><\/p>\n<\/div><\/div>\n<\/div>\n\n\n\n<div class=\"wp-block-column is-vertically-aligned-center is-layout-flow wp-block-column-is-layout-flow\">\n<h3 class=\"wp-block-heading has-text-align-left\">A\u00efllament amb trencament de pont t\u00e8rmic<\/h3>\n\n\n\n<p>La finestra practicable KLFP de KLINE \u00e9s la primera de la vostra categoria amb full ocult.&nbsp;Compte amb capacitat d&#8217;a\u00efllament ac\u00fastic per reduir el soroll exterior fins a 41 decibels, una perfecta estanquitat a l&#8217;aire i el m\u00e0xim rendiment per a\u00efllar del fred i la calor.<\/p>\n\n\n\n<p>Els marcs KLFP tenen trencament de pont t\u00e8rmic i s\u00f3n compatibles amb tota mena de&nbsp;<a href=\"https:\/\/www.aluministecnicsbarcelona.com\/ca\/\">fusteria d&#8217;alumini<\/a>&nbsp;, a m\u00e9s d&#8217;una relaci\u00f3 entre la qualitat i el rendiment que les situa molt per davant d&#8217;altres finestres de caracter\u00edstiques similars.<\/p>\n<\/div>\n<\/div>\n<\/div><\/div><\/div><\/div><\/div>\n\n\n\n<div class=\"wp-block-getwid-section alignfull alignfull getwid-section-content-custom-width\"><div class=\"wp-block-getwid-section__wrapper\"><div class=\"wp-block-getwid-section__inner-wrapper\"><div class=\"wp-block-getwid-section__background-holder\"><div class=\"wp-block-getwid-section__background\"><\/div><div class=\"wp-block-getwid-section__foreground\"><\/div><\/div><div class=\"wp-block-getwid-section__content\"><div class=\"wp-block-getwid-section__inner-content\">\n<div class=\"wp-block-columns has-2-columns are-vertically-aligned-center reverse is-layout-flex wp-container-core-columns-is-layout-9d6595d7 wp-block-columns-is-layout-flex\">\n<div class=\"wp-block-column is-vertically-aligned-center is-layout-flow wp-block-column-is-layout-flow\">\n<h3 class=\"wp-block-heading has-text-align-left\">Lluminositat<\/h3>\n\n\n\n<p>Gr\u00e0cies a la seva fulla oculta, la superf\u00edcie de vidre \u00e9s una de les m\u00e9s grans possibles, cosa que afavoreix l&#8217;entrada de llum natural i la sensaci\u00f3 d&#8217;amplitud de l&#8217;estada, a la qual cosa s&#8217;uneix la possibilitat d&#8217;instal\u00b7lar&nbsp;<strong>vidre a\u00efllant reductor de radiaci\u00f3<\/strong>&nbsp;amb intercalari negre i farcit de gar arg\u00f3 que refor\u00e7a encara m\u00e9s l&#8217;a\u00efllament.&nbsp;Tamb\u00e9 \u00e9s possible col\u00b7locar vidres antirobatori, cosa que les converteix en una excel\u00b7lent soluci\u00f3 est\u00e8tica i de seguretat per a comer\u00e7os i oficines a peu de carrer.<\/p>\n\n\n\n<p>Les finestres KLFP s\u00f3n eficients tamb\u00e9 a nivell fiscal, ja que per la seva alta capacitat d&#8217;a\u00efllament i el seu ajust a les noves normatives es pot acollir als beneficis fiscals per millores energ\u00e8tiques,&nbsp;<strong>m\u00e9s \u00edndex d&#8217;efici\u00e8ncia energ\u00e8tica<\/strong>&nbsp;de l&#8217;edifici en obra nova, aix\u00ed com de els habitatges, locals i oficines en el cas de reformes.<\/p>\n<\/div>\n\n\n\n<div class=\"wp-block-column is-vertically-aligned-center is-layout-flow wp-block-column-is-layout-flow\">\n<div class=\"wp-block-cover is-light\" style=\"min-height:512px;aspect-ratio:unset;\"><img loading=\"lazy\" decoding=\"async\" width=\"512\" height=\"512\" sizes=\"auto, (max-width: 512px) 100vw, 512px\" class=\"wp-block-cover__image-background wp-image-18118\" alt=\"KLine-KL-FP-3\" src=\"https:\/\/www.aluministecnicsbarcelona.com\/wp-content\/uploads\/2024\/01\/KLine-KL-FP-3-jpg.webp\" data-object-fit=\"cover\" title=\"\" srcset=\"https:\/\/www.aluministecnicsbarcelona.com\/wp-content\/uploads\/2024\/01\/KLine-KL-FP-3-jpg.webp 512w, https:\/\/www.aluministecnicsbarcelona.com\/wp-content\/uploads\/2024\/01\/KLine-KL-FP-3-300x300.webp 300w, https:\/\/www.aluministecnicsbarcelona.com\/wp-content\/uploads\/2024\/01\/KLine-KL-FP-3-150x150.webp 150w\" \/><span aria-hidden=\"true\" class=\"wp-block-cover__background has-background-dim-0 has-background-dim\"><\/span><div class=\"wp-block-cover__inner-container is-layout-constrained wp-block-cover-is-layout-constrained\">\n<p class=\"has-text-align-center has-large-font-size\"><\/p>\n<\/div><\/div>\n<\/div>\n<\/div>\n<\/div><\/div><\/div><\/div><\/div>\n\n\n\n<div class=\"wp-block-getwid-section alignfull alignfull getwid-section-content-custom-width\"><div class=\"wp-block-getwid-section__wrapper\"><div class=\"wp-block-getwid-section__inner-wrapper\"><div class=\"wp-block-getwid-section__background-holder\"><div class=\"wp-block-getwid-section__background\"><\/div><div class=\"wp-block-getwid-section__foreground\"><\/div><\/div><div class=\"wp-block-getwid-section__content\"><div class=\"wp-block-getwid-section__inner-content\">\n<div class=\"wp-block-columns has-2-columns are-vertically-aligned-center is-layout-flex wp-container-core-columns-is-layout-9d6595d7 wp-block-columns-is-layout-flex\">\n<div class=\"wp-block-column is-vertically-aligned-center is-layout-flow wp-block-column-is-layout-flow\">\n<div class=\"wp-block-cover is-light\" style=\"min-height:512px;aspect-ratio:unset;\"><img loading=\"lazy\" decoding=\"async\" width=\"512\" height=\"512\" sizes=\"auto, (max-width: 512px) 100vw, 512px\" class=\"wp-block-cover__image-background wp-image-18120\" alt=\"KLine-KL-FP-4\" src=\"https:\/\/www.aluministecnicsbarcelona.com\/wp-content\/uploads\/2024\/01\/KLine-KL-FP-4-jpg.webp\" data-object-fit=\"cover\" title=\"\" srcset=\"https:\/\/www.aluministecnicsbarcelona.com\/wp-content\/uploads\/2024\/01\/KLine-KL-FP-4-jpg.webp 512w, https:\/\/www.aluministecnicsbarcelona.com\/wp-content\/uploads\/2024\/01\/KLine-KL-FP-4-300x300.webp 300w, https:\/\/www.aluministecnicsbarcelona.com\/wp-content\/uploads\/2024\/01\/KLine-KL-FP-4-150x150.webp 150w\" \/><span aria-hidden=\"true\" class=\"wp-block-cover__background has-background-dim-0 has-background-dim\"><\/span><div class=\"wp-block-cover__inner-container is-layout-constrained wp-block-cover-is-layout-constrained\">\n<p class=\"has-text-align-center has-large-font-size\"><\/p>\n<\/div><\/div>\n<\/div>\n\n\n\n<div class=\"wp-block-column is-vertically-aligned-center is-layout-flow wp-block-column-is-layout-flow\">\n<h3 class=\"wp-block-heading has-text-align-left\">Disseny de la s\u00e8rie KLFP<\/h3>\n\n\n\n<p>La S\u00e8rie KLFP \u00e9s una soluci\u00f3 decorativa atesa la discreci\u00f3 de les seves formes.&nbsp;El seu perfil discret i el seu full ocult la col\u00b7loca com una opci\u00f3 per mantenir l&#8217;est\u00e8tica exterior en qualsevol tipus de&nbsp;<a href=\"https:\/\/www.aluministecnicsbarcelona.com\/ca\/projectes\/\">projecte<\/a>&nbsp;, a m\u00e9s de la possibilitat d&#8217;escollir entre una diversa gamma de colors i poder encarregar les finestres en estil bicolor, amb l&#8217;interior blanc i la part exterior del color que calgui dins de la gamma, per respectar l&#8217;est\u00e8tica general.<\/p>\n\n\n\n<p>La puresa de l\u00ednies de les practicables KLFP \u00e9s digna de destacar, ja que suposa un gran aven\u00e7 a l&#8217;hora d&#8217;aconseguir els millors acabats est\u00e8tics que voleu.&nbsp;Fins i tot podeu sol\u00b7licitar les vostres finestres amb les frontisses ocultes i les manetes en diferents acabats per garantir fins al m\u00e9s m\u00ednim detall que el resultat ser\u00e0 el m\u00e9s satisfactori que pot trobar.<\/p>\n\n\n\n<p>Les finestres de la S\u00e8rie KLFP admeten tota mena de vidres, tant dobles com triples, de fins a 48 mil\u00b7l\u00edmetres.&nbsp;Tamb\u00e9 compta amb xass\u00eds de formes especials per adaptar-se a les necessitats estructurals de qualsevol projecte.<\/p>\n<\/div>\n<\/div>\n<\/div><\/div><\/div><\/div><\/div>\n\n\n\n<div class=\"wp-block-getwid-section wp-embed-aspect-16-9 wp-has-aspect-ratio alignfull alignfull getwid-section-content-custom-width\"><div class=\"wp-block-getwid-section__wrapper\"><div class=\"wp-block-getwid-section__inner-wrapper\"><div class=\"wp-block-getwid-section__background-holder\"><div class=\"wp-block-getwid-section__background has-background\" style=\"background-color:#313131\"><\/div><div class=\"wp-block-getwid-section__foreground\"><\/div><\/div><div class=\"wp-block-getwid-section__content\"><div class=\"wp-block-getwid-section__inner-content\">\n<h2 class=\"wp-block-heading has-text-align-center has-light-blue-color has-text-color has-link-color wp-elements-a9d7ce82331910aed1b7e143ecb59fb0\">Series en archivos PDF<\/h2>\n\n\n\n<div class=\"wp-block-columns is-layout-flex wp-container-core-columns-is-layout-9d6595d7 wp-block-columns-is-layout-flex\">\n<div class=\"wp-block-column is-vertically-aligned-center is-layout-flow wp-block-column-is-layout-flow\">\n<p class=\"has-text-align-center has-light-blue-color has-text-color has-link-color has-medium-font-size wp-elements-5c3d81506d727c3e46520c30a2913bff\" style=\"font-style:normal;font-weight:500\">KLINE &#8211; KLFP<\/p>\n\n\n\n<div class=\"wp-block-file aligncenter\"><a href=\"https:\/\/www.aluministecnicsbarcelona.com\/wp-content\/uploads\/2025\/05\/kline-KLFP-catalogo-web_Compressed.pdf\" class=\"wp-block-file__button wp-element-button\" download>Descargar<\/a><\/div>\n<\/div>\n<\/div>\n<\/div><\/div><\/div><\/div><\/div>\n\n\n\n<div class=\"wp-block-getwid-section wp-embed-aspect-16-9 wp-has-aspect-ratio alignfull alignfull getwid-section-content-custom-width\"><div class=\"wp-block-getwid-section__wrapper\"><div class=\"wp-block-getwid-section__inner-wrapper\"><div class=\"wp-block-getwid-section__background-holder\"><div class=\"wp-block-getwid-section__background\"><\/div><div class=\"wp-block-getwid-section__foreground\"><\/div><\/div><div class=\"wp-block-getwid-section__content\"><div class=\"wp-block-getwid-section__inner-content\">\n<h3 class=\"wp-block-heading has-text-align-center\">V\u00eddeos de K\u00b7LINE<\/h3>\n\n\n\n<div class=\"wp-block-columns alignwide is-layout-flex wp-container-core-columns-is-layout-9d6595d7 wp-block-columns-is-layout-flex\">\n<div class=\"wp-block-column is-layout-flow wp-block-column-is-layout-flow\">\n<figure class=\"wp-block-embed is-type-video is-provider-youtube wp-block-embed-youtube wp-embed-aspect-16-9 wp-has-aspect-ratio\"><div class=\"wp-block-embed__wrapper\">\n<iframe loading=\"lazy\" title=\"Ventanas aislantes exteriores\" width=\"1130\" height=\"636\" src=\"https:\/\/www.youtube.com\/embed\/EbFKF5K8hzM?feature=oembed\" frameborder=\"0\" allow=\"accelerometer; autoplay; clipboard-write; encrypted-media; gyroscope; picture-in-picture; web-share\" allowfullscreen><\/iframe>\n<\/div><\/figure>\n<\/div>\n\n\n\n<div class=\"wp-block-column is-layout-flow wp-block-column-is-layout-flow\">\n<figure class=\"wp-block-embed is-type-video is-provider-youtube wp-block-embed-youtube wp-embed-aspect-16-9 wp-has-aspect-ratio\"><div class=\"wp-block-embed__wrapper\">\n<iframe loading=\"lazy\" title=\"K LINE video test KL BC Plus\" width=\"1130\" height=\"636\" src=\"https:\/\/www.youtube.com\/embed\/3GOttSh4L9Q?start=35&#038;feature=oembed\" frameborder=\"0\" allow=\"accelerometer; autoplay; clipboard-write; encrypted-media; gyroscope; picture-in-picture; web-share\" allowfullscreen><\/iframe>\n<\/div><\/figure>\n<\/div>\n\n\n\n<div class=\"wp-block-column is-layout-flow wp-block-column-is-layout-flow\">\n<figure class=\"wp-block-embed is-type-video is-provider-youtube wp-block-embed-youtube wp-embed-aspect-16-9 wp-has-aspect-ratio\"><div class=\"wp-block-embed__wrapper\">\n<iframe loading=\"lazy\" title=\"KL-BC corredera de apertura autom\u00e1tica\" width=\"1130\" height=\"636\" src=\"https:\/\/www.youtube.com\/embed\/0wCVG4ZmZTE?feature=oembed\" frameborder=\"0\" allow=\"accelerometer; autoplay; clipboard-write; encrypted-media; gyroscope; picture-in-picture; web-share\" allowfullscreen><\/iframe>\n<\/div><\/figure>\n<\/div>\n\n\n\n<div class=\"wp-block-column is-layout-flow wp-block-column-is-layout-flow\">\n<figure class=\"wp-block-embed is-type-video is-provider-youtube wp-block-embed-youtube wp-embed-aspect-16-9 wp-has-aspect-ratio\"><div class=\"wp-block-embed__wrapper\">\n<iframe loading=\"lazy\" title=\"Spot K-Line France Enero 2018\" width=\"1130\" height=\"636\" src=\"https:\/\/www.youtube.com\/embed\/oPWYvGKISZQ?feature=oembed\" frameborder=\"0\" allow=\"accelerometer; autoplay; clipboard-write; encrypted-media; gyroscope; picture-in-picture; web-share\" allowfullscreen><\/iframe>\n<\/div><\/figure>\n<\/div>\n<\/div>\n\n\n\n<div style=\"height:50px\" aria-hidden=\"true\" class=\"wp-block-spacer\"><\/div>\n<\/div><\/div><\/div><\/div><\/div>\n\n\n\n<div class=\"wp-block-getwid-section\"><div class=\"wp-block-getwid-section__wrapper getwid-padding-top-normal getwid-padding-bottom-small\"><div class=\"wp-block-getwid-section__inner-wrapper\"><div class=\"wp-block-getwid-section__background-holder\"><div class=\"wp-block-getwid-section__background\"><\/div><div class=\"wp-block-getwid-section__foreground\"><\/div><\/div><div class=\"wp-block-getwid-section__content\"><div class=\"wp-block-getwid-section__inner-content\">\n<h3 class=\"wp-block-heading has-text-align-center\">T&#8217;interessa aquest producte? Demana pressupost sense comprom\u00eds<\/h3>\n\n\n\n<div class=\"wp-block-contact-form-7-contact-form-selector\">\n<div class=\"wpcf7 no-js\" id=\"wpcf7-f19586-o1\" lang=\"ca\" dir=\"ltr\" data-wpcf7-id=\"19586\">\n<div class=\"screen-reader-response\"><p role=\"status\" aria-live=\"polite\" aria-atomic=\"true\"><\/p> <ul><\/ul><\/div>\n<form action=\"\/ca\/wp-json\/wp\/v2\/pages\/13699#wpcf7-f19586-o1\" method=\"post\" class=\"wpcf7-form init\" aria-label=\"Formulari de contacte\" novalidate=\"novalidate\" data-status=\"init\">\n<fieldset class=\"hidden-fields-container\"><input type=\"hidden\" name=\"_wpcf7\" value=\"19586\" \/><input type=\"hidden\" name=\"_wpcf7_version\" value=\"6.1.5\" \/><input type=\"hidden\" name=\"_wpcf7_locale\" value=\"ca\" \/><input type=\"hidden\" name=\"_wpcf7_unit_tag\" value=\"wpcf7-f19586-o1\" \/><input type=\"hidden\" name=\"_wpcf7_container_post\" value=\"0\" \/><input type=\"hidden\" name=\"_wpcf7_posted_data_hash\" value=\"\" \/><input type=\"hidden\" name=\"_wpcf7_recaptcha_response\" value=\"\" \/>\n<\/fieldset>\n<!-- wp:group {\"layout\":{\"type\":\"constrained\"}} -->\n<div class=\"wp-block-group\" style=\"margin-bottom: 0px !important;\"><!-- wp:columns -->\n\t<div class=\"wp-block-columns\" style=\"margin-bottom: 0px !important;\"><!-- wp:column -->\n\t\t<div class=\"wp-block-column\" style=\"margin-bottom: 0px !important;\">\n\t\t\t<p><span class=\"wpcf7-form-control-wrap\" data-name=\"Name\"><input size=\"40\" maxlength=\"400\" class=\"wpcf7-form-control wpcf7-text wpcf7-validates-as-required\" aria-required=\"true\" aria-invalid=\"false\" placeholder=\"Nom(*)\" value=\"\" type=\"text\" name=\"Name\" \/><\/span><span class=\"right-border\"><\/span><span class=\"top-border\"><\/span><span class=\"left-border\"><\/span>\n\t\t\t<\/p>\n\t\t\t<p><span class=\"wpcf7-form-control-wrap\" data-name=\"E-mail\"><input size=\"40\" maxlength=\"400\" class=\"wpcf7-form-control wpcf7-email wpcf7-validates-as-required wpcf7-text wpcf7-validates-as-email\" aria-required=\"true\" aria-invalid=\"false\" placeholder=\"Correu electr\u00f2nic (*)\" value=\"\" type=\"email\" name=\"E-mail\" \/><\/span><span class=\"right-border\"><\/span><span class=\"top-border\"><\/span><span class=\"left-border\"><\/span>\n\t\t\t<\/p>\n\t\t<\/div>\n<!-- \/wp:column -->\n\n<!-- wp:column -->\n\t\t<div class=\"wp-block-column\"  style=\"margin-bottom: 0px !important;\">\n\t\t\t<p><span class=\"wpcf7-form-control-wrap\" data-name=\"tel-919\"><input size=\"40\" maxlength=\"400\" class=\"wpcf7-form-control wpcf7-tel wpcf7-validates-as-required wpcf7-text wpcf7-validates-as-tel\" aria-required=\"true\" aria-invalid=\"false\" placeholder=\"Tel\u00e8fon (*)\" value=\"\" type=\"tel\" name=\"tel-919\" \/><\/span><span class=\"right-border\"><\/span><span class=\"top-border\"><\/span><span class=\"left-border\"><\/span>\n\t\t\t<\/p>\n\t\t\t<p><span class=\"wpcf7-form-control-wrap\" data-name=\"text-883\"><input size=\"40\" maxlength=\"400\" class=\"wpcf7-form-control wpcf7-text wpcf7-validates-as-required\" aria-required=\"true\" aria-invalid=\"false\" placeholder=\"Localitat (*)\" value=\"\" type=\"text\" name=\"text-883\" \/><\/span><span class=\"right-border\"><\/span><span class=\"top-border\"><\/span><span class=\"left-border\"><\/span>\n\t\t\t<\/p>\n\t\t<\/div>\n<!-- \/wp:column -->\n\t<\/div>\n<!-- \/wp:columns -->\n<\/div>\n<!-- \/wp:group -->\n\n<!-- wp:group {\"layout\":{\"type\":\"constrained\"}} -->\n<div class=\"wp-block-group\" style=\"margin-bottom: 0px !important;\"><!-- wp:columns -->\n\t<div class=\"wp-block-columns\" style=\"margin-bottom: 0px !important;\"><!-- wp:column -->\n\t\t<div class=\"wp-block-column\"  style=\"margin-bottom: 0px !important;\">\n\t\t\t<p><span class=\"wpcf7-form-control-wrap\" data-name=\"Letter\"><textarea cols=\"10\" rows=\"3\" maxlength=\"2000\" class=\"wpcf7-form-control wpcf7-textarea\" aria-invalid=\"false\" placeholder=\"M&#039;interessaria saber..\" name=\"Letter\"><\/textarea><\/span><span class=\"right-border\"><\/span><span class=\"top-border\"><\/span><span class=\"left-border\"><\/span>\n\t\t\t<\/p>\n\t\t\t<p><label><span class=\"wpcf7-form-control-wrap\" data-name=\"acceptance-704\"><span class=\"wpcf7-form-control wpcf7-acceptance\"><span class=\"wpcf7-list-item\"><input type=\"checkbox\" name=\"acceptance-704\" value=\"1\" aria-invalid=\"false\" \/><\/span><\/span><\/span> En fer \u201cClic\u201d al Bot\u00f3 \u201cENVIAR\u201d l'usuari declara haver llegit i estar d'acord amb les condicions expressades al <a href=\"https:\/\/www.aluministecnicsbarcelona.com\/ca\/avis-legal\/\">\u201cAVIS LEGAL\u201d<\/a> i la <a href=\"https:\/\/www.aluministecnicsbarcelona.com\/ca\/politica-de-privacitat\/\">\u201cPOL\u00cdTICA DE PRIVACITAT\u201d<\/a> de la present Web.<\/label>\n\t\t\t<\/p>\n\t\t\t<p><input class=\"wpcf7-form-control wpcf7-submit has-spinner\" type=\"submit\" value=\"ENVIAR\" \/>\n\t\t\t<\/p>\n<!-- \/wp:column -->\n\t\t<\/div>\n<!-- \/wp:columns -->\n\t<\/div>\n<!-- \/wp:group -->\n<\/div><div class=\"wpcf7-response-output\" aria-hidden=\"true\"><\/div>\n<\/form>\n<\/div>\n<\/div>\n<\/div><\/div><\/div><\/div><\/div>\n","protected":false},"excerpt":{"rendered":"","protected":false},"author":2,"featured_media":12345,"parent":13638,"menu_order":0,"comment_status":"closed","ping_status":"closed","template":"template-uli-page.php","meta":{"_lmt_disableupdate":"","_lmt_disable":"","_joinchat":[],"footnotes":""},"class_list":["post-13699","page","type-page","status-publish","has-post-thumbnail","hentry"],"_links":{"self":[{"href":"https:\/\/www.aluministecnicsbarcelona.com\/ca\/wp-json\/wp\/v2\/pages\/13699","targetHints":{"allow":["GET"]}}],"collection":[{"href":"https:\/\/www.aluministecnicsbarcelona.com\/ca\/wp-json\/wp\/v2\/pages"}],"about":[{"href":"https:\/\/www.aluministecnicsbarcelona.com\/ca\/wp-json\/wp\/v2\/types\/page"}],"author":[{"embeddable":true,"href":"https:\/\/www.aluministecnicsbarcelona.com\/ca\/wp-json\/wp\/v2\/users\/2"}],"replies":[{"embeddable":true,"href":"https:\/\/www.aluministecnicsbarcelona.com\/ca\/wp-json\/wp\/v2\/comments?post=13699"}],"version-history":[{"count":6,"href":"https:\/\/www.aluministecnicsbarcelona.com\/ca\/wp-json\/wp\/v2\/pages\/13699\/revisions"}],"predecessor-version":[{"id":21131,"href":"https:\/\/www.aluministecnicsbarcelona.com\/ca\/wp-json\/wp\/v2\/pages\/13699\/revisions\/21131"}],"up":[{"embeddable":true,"href":"https:\/\/www.aluministecnicsbarcelona.com\/ca\/wp-json\/wp\/v2\/pages\/13638"}],"wp:featuredmedia":[{"embeddable":true,"href":"https:\/\/www.aluministecnicsbarcelona.com\/ca\/wp-json\/wp\/v2\/media\/12345"}],"wp:attachment":[{"href":"https:\/\/www.aluministecnicsbarcelona.com\/ca\/wp-json\/wp\/v2\/media?parent=13699"}],"curies":[{"name":"wp","href":"https:\/\/api.w.org\/{rel}","templated":true}]}}