{"id":13714,"date":"2024-02-19T11:36:53","date_gmt":"2024-02-19T11:36:53","guid":{"rendered":"https:\/\/www.aluministecnicsbarcelona.com\/ca\/serie-optica-technal\/"},"modified":"2025-05-19T12:13:07","modified_gmt":"2025-05-19T12:13:07","slug":"serie-optica","status":"publish","type":"page","link":"https:\/\/www.aluministecnicsbarcelona.com\/ca\/technal\/serie-optica\/","title":{"rendered":"S\u00e8rie OPTICA de TECHNAL"},"content":{"rendered":"\n<div class=\"wp-block-cover alignfull is-light wp-embed-aspect-16-9 wp-has-aspect-ratio\"><span aria-hidden=\"true\" class=\"wp-block-cover__background has-background-dim-30 has-background-dim\" style=\"background-color:#a59892\"><\/span><img loading=\"lazy\" decoding=\"async\" width=\"938\" height=\"469\" src=\"https:\/\/www.aluministecnicsbarcelona.com\/wp-content\/uploads\/2024\/01\/Serie-OPTICA-Technal-938x469.webp\" class=\"wp-block-cover__image-background wp-post-image\" alt=\"Serie OPTICA Technal\" data-object-fit=\"cover\" data-object-position=\"50% 0%\" style=\"object-position:50% 0%;\" srcset=\"https:\/\/www.aluministecnicsbarcelona.com\/wp-content\/uploads\/2024\/01\/Serie-OPTICA-Technal-938x469.webp 938w, https:\/\/www.aluministecnicsbarcelona.com\/wp-content\/uploads\/2024\/01\/Serie-OPTICA-Technal-300x150.webp 300w, https:\/\/www.aluministecnicsbarcelona.com\/wp-content\/uploads\/2024\/01\/Serie-OPTICA-Technal-1024x512.webp 1024w, https:\/\/www.aluministecnicsbarcelona.com\/wp-content\/uploads\/2024\/01\/Serie-OPTICA-Technal-768x384.webp 768w, https:\/\/www.aluministecnicsbarcelona.com\/wp-content\/uploads\/2024\/01\/Serie-OPTICA-Technal-1536x768.webp 1536w, https:\/\/www.aluministecnicsbarcelona.com\/wp-content\/uploads\/2024\/01\/Serie-OPTICA-Technal-1130x565.webp 1130w, https:\/\/www.aluministecnicsbarcelona.com\/wp-content\/uploads\/2024\/01\/Serie-OPTICA-Technal.jpg 1920w\" sizes=\"auto, (max-width: 938px) 100vw, 938px\" title=\"\"><div class=\"wp-block-cover__inner-container is-layout-flow wp-block-cover-is-layout-flow\">\n<div class=\"wp-block-group\"><div class=\"wp-block-group__inner-container is-layout-constrained wp-block-group-is-layout-constrained\">\n<div class=\"wp-block-columns is-layout-flex wp-container-core-columns-is-layout-9d6595d7 wp-block-columns-is-layout-flex\">\n<div class=\"wp-block-column is-layout-flow wp-block-column-is-layout-flow\" style=\"flex-basis:100%\"><h1 class=\"has-text-align-center has-link-color wp-elements-aa973816c9bf249fae5652f1ca10651e wp-block-post-title has-text-color has-light-blue-color\">S\u00e8rie OPTICA de TECHNAL<\/h1><\/div>\n<\/div>\n<\/div><\/div>\n<\/div><\/div>\n\n\n\n<div class=\"wp-block-getwid-section wp-embed-aspect-16-9 wp-has-aspect-ratio alignfull alignfull getwid-section-content-custom-width\"><div class=\"wp-block-getwid-section__wrapper getwid-padding-top-normal\"><div class=\"wp-block-getwid-section__inner-wrapper\"><div class=\"wp-block-getwid-section__background-holder\"><div class=\"wp-block-getwid-section__background has-background\" style=\"background-color:#f7f7f7\"><\/div><div class=\"wp-block-getwid-section__foreground\"><\/div><\/div><div class=\"wp-block-getwid-section__content\"><div class=\"wp-block-getwid-section__inner-content\">\n<h2 class=\"wp-block-heading has-text-align-center\">La corredissa m\u00e9s fina del mercat<\/h2>\n<\/div><\/div><\/div><\/div><\/div>\n\n\n\n<div class=\"wp-block-getwid-section wp-embed-aspect-16-9 wp-has-aspect-ratio alignfull alignfull getwid-section-content-custom-width\"><div class=\"wp-block-getwid-section__wrapper\"><div class=\"wp-block-getwid-section__inner-wrapper\"><div class=\"wp-block-getwid-section__background-holder\"><div class=\"wp-block-getwid-section__background\"><\/div><div class=\"wp-block-getwid-section__foreground\"><\/div><\/div><div class=\"wp-block-getwid-section__content\"><div class=\"wp-block-getwid-section__inner-content\">\n<div class=\"wp-block-columns has-2-columns are-vertically-aligned-center reverse is-layout-flex wp-container-core-columns-is-layout-9d6595d7 wp-block-columns-is-layout-flex\">\n<div class=\"wp-block-column is-vertically-aligned-center is-layout-flow wp-block-column-is-layout-flow\">\n<h3 class=\"wp-block-heading has-text-align-left\">Caracter\u00edstiques<\/h3>\n\n\n\n<p>OPTICA de <a href=\"https:\/\/www.aluministecnicsbarcelona.com\/ca\/technal\/\">TECHNAL<\/a> li ofereix una lluminositat natural molt \u00e0mplia, gr\u00e0cies al seu perfil d&#8217;alumini vist de tan sols 64 mil\u00b7l\u00edmetres. Una finestra practicable que aporta un gran valor est\u00e8tic als edificis, ja que no s&#8217;aprecien els elements abatibles i es poden amagar les ferramentes. Amb un disseny funcional i avantguardista que ofereix les millors prestacions d&#8217;a\u00efllament ac\u00fastic i t\u00e8rmic, a m\u00e9s d&#8217;uns acabats de la millor qualitat que satisfan les expectatives dels m\u00e9s exigents.<\/p>\n\n\n\n<p>Amb unes prestacions envejables, <a href=\"https:\/\/www.aluministecnicsbarcelona.com\/ca\/mampares-vidre\/\">les mampares i balconeres<\/a> OPTICA ofereixen una estanquitat i un a\u00efllament perfectes per protegir l&#8217;estada de tots els elements externs, garantint aix\u00ed la tranquil\u00b7litat a l&#8217;interior i el consum adequat de recursos per mantenir la temperatura ideal.<\/p>\n<\/div>\n\n\n\n<div class=\"wp-block-column is-vertically-aligned-center is-layout-flow wp-block-column-is-layout-flow\">\n<div class=\"wp-block-cover is-light\" style=\"min-height:512px;aspect-ratio:unset;\"><img loading=\"lazy\" decoding=\"async\" width=\"555\" height=\"555\" sizes=\"auto, (max-width: 555px) 100vw, 555px\" class=\"wp-block-cover__image-background wp-image-18336\" alt=\"\" src=\"https:\/\/www.aluministecnicsbarcelona.com\/wp-content\/uploads\/2024\/01\/Serie-Lumeal-de-Technal1-jpg.webp\" data-object-fit=\"cover\" title=\"\" srcset=\"https:\/\/www.aluministecnicsbarcelona.com\/wp-content\/uploads\/2024\/01\/Serie-Lumeal-de-Technal1-jpg.webp 555w, https:\/\/www.aluministecnicsbarcelona.com\/wp-content\/uploads\/2024\/01\/Serie-Lumeal-de-Technal1-300x300.webp 300w, https:\/\/www.aluministecnicsbarcelona.com\/wp-content\/uploads\/2024\/01\/Serie-Lumeal-de-Technal1-150x150.webp 150w\" \/><span aria-hidden=\"true\" class=\"wp-block-cover__background has-background-dim-0 has-background-dim\"><\/span><div class=\"wp-block-cover__inner-container is-layout-constrained wp-block-cover-is-layout-constrained\">\n<p class=\"has-text-align-center has-large-font-size\"><\/p>\n<\/div><\/div>\n<\/div>\n<\/div>\n<\/div><\/div><\/div><\/div><\/div>\n\n\n\n<div class=\"wp-block-getwid-section wp-embed-aspect-16-9 wp-has-aspect-ratio alignfull alignfull getwid-section-content-custom-width\"><div class=\"wp-block-getwid-section__wrapper\"><div class=\"wp-block-getwid-section__inner-wrapper\"><div class=\"wp-block-getwid-section__background-holder\"><div class=\"wp-block-getwid-section__background\"><\/div><div class=\"wp-block-getwid-section__foreground\"><\/div><\/div><div class=\"wp-block-getwid-section__content\"><div class=\"wp-block-getwid-section__inner-content\">\n<div class=\"wp-block-columns has-2-columns are-vertically-aligned-center is-layout-flex wp-container-core-columns-is-layout-9d6595d7 wp-block-columns-is-layout-flex\">\n<div class=\"wp-block-column is-vertically-aligned-center is-layout-flow wp-block-column-is-layout-flow\">\n<div class=\"wp-block-cover is-light\" style=\"min-height:512px;aspect-ratio:unset;\"><img loading=\"lazy\" decoding=\"async\" width=\"512\" height=\"512\" sizes=\"auto, (max-width: 512px) 100vw, 512px\" class=\"wp-block-cover__image-background wp-image-18326\" alt=\"Serie Lumeal de Technal 2\" src=\"https:\/\/www.aluministecnicsbarcelona.com\/wp-content\/uploads\/2024\/01\/Serie-Lumeal-de-Technal-2-jpg.webp\" data-object-fit=\"cover\" title=\"\" srcset=\"https:\/\/www.aluministecnicsbarcelona.com\/wp-content\/uploads\/2024\/01\/Serie-Lumeal-de-Technal-2-jpg.webp 512w, https:\/\/www.aluministecnicsbarcelona.com\/wp-content\/uploads\/2024\/01\/Serie-Lumeal-de-Technal-2-300x300.webp 300w, https:\/\/www.aluministecnicsbarcelona.com\/wp-content\/uploads\/2024\/01\/Serie-Lumeal-de-Technal-2-150x150.webp 150w\" \/><span aria-hidden=\"true\" class=\"wp-block-cover__background has-background-dim-0 has-background-dim\"><\/span><div class=\"wp-block-cover__inner-container is-layout-constrained wp-block-cover-is-layout-constrained\">\n<p class=\"has-text-align-center has-large-font-size\"><\/p>\n<\/div><\/div>\n<\/div>\n\n\n\n<div class=\"wp-block-column is-vertically-aligned-center is-layout-flow wp-block-column-is-layout-flow\">\n<h3 class=\"wp-block-heading has-text-align-left\">Acabats<\/h3>\n\n\n\n<p>TECHNAL nom\u00e9s treballa amb els millors materials, i amb aquesta s\u00e8rie no en fa una excepci\u00f3. Tots els elements de fabricaci\u00f3 i muntatge han estat creats cercant l&#8217;excel\u00b7l\u00e8ncia en tot moment, des de l&#8217;alumini dels accessoris fins als caragols d&#8217;acer inoxidable. Nom\u00e9s aix\u00ed li garantim els millors acabats a les finestres.<\/p>\n\n\n\n<p>Parlant d&#8217;acabats, la S\u00e8rie OPTICA es pot encarregar en diversos colors i textures diferents, sempre adaptades a l&#8217;estil decoratiu de l&#8217;edificaci\u00f3, aix\u00ed com l&#8217;interior de cada espai. Ofereix una infinitat de possibilitats tant en obres noves com en rehabilitacions que requereixen una atenci\u00f3 acurada de l&#8217;est\u00e8tica exterior.<\/p>\n\n\n\n<p>Les juntes s&#8217;han desenvolupat per als sistemes de prestacions m\u00e9s grans, garantint en tot moment la protecci\u00f3 que s&#8217;est\u00e0 buscant davant del soroll, l&#8217;aire i l&#8217;aigua. Un producte que cobreix amb escreix les necessitats b\u00e0siques de qualsevol projecte arquitect\u00f2nic.<\/p>\n<\/div>\n<\/div>\n<\/div><\/div><\/div><\/div><\/div>\n\n\n\n<div class=\"wp-block-getwid-section alignfull alignfull getwid-section-content-custom-width\"><div class=\"wp-block-getwid-section__wrapper\"><div class=\"wp-block-getwid-section__inner-wrapper\"><div class=\"wp-block-getwid-section__background-holder\"><div class=\"wp-block-getwid-section__background\"><\/div><div class=\"wp-block-getwid-section__foreground\"><\/div><\/div><div class=\"wp-block-getwid-section__content\"><div class=\"wp-block-getwid-section__inner-content\">\n<div class=\"wp-block-columns has-2-columns are-vertically-aligned-center reverse is-layout-flex wp-container-core-columns-is-layout-9d6595d7 wp-block-columns-is-layout-flex\">\n<div class=\"wp-block-column is-vertically-aligned-center is-layout-flow wp-block-column-is-layout-flow\">\n<h3 class=\"wp-block-heading has-text-align-left\">Disseny<\/h3>\n\n\n\n<p>La efic\u00e0cia m\u00e9s gran i la senzillesa s\u00f3n dos dels punts forts principals d&#8217;aquesta s\u00e8rie de practicables. Amb capacitat de muntar vidres de fins a 24 mil\u00b7l\u00edmetres, OPTICAL permet la instal\u00b7laci\u00f3 de vidres fixos, <strong>fulles oscil\u00b7lobatents, abatibles i practicables<\/strong>, adaptades a les necessitats de qualsevol espai on es necessiti col\u00b7locar una finestra o balconera. El disseny cuidat i els acabats us permetran gaudir d&#8217;un producte de primera a l&#8217;al\u00e7ada de les vostres exig\u00e8ncies.<\/p>\n\n\n\n<p>No importa quina sigui la idea que pot tenir vost\u00e8 per triar les finestres. Amb la S\u00e8rie OPTICAL de TECHNAL podem crear l&#8217;espai que voleu de manera discreta i pr\u00e0ctica. Amb els acabats que preferiu i la confian\u00e7a que ofereix treballar amb els materials d&#8217;una de les millors marques d&#8217;<a href=\"https:\/\/www.aluministecnicsbarcelona.com\/ca\/portes-finestres-alumini\/\">alumini<\/a> que hi ha al mercat. Podeu triar les vostres finestres amb el sistema de fulla oculta o vista, amb vidres d&#8217;a\u00efllament superior per a m\u00e9s confort fins i tot en les condicions m\u00e9s dures. \u00c9s la finestra que respon a les exig\u00e8ncies d&#8217;una funcional practicable, amb un bon disseny apte per a tots els estils sense que aix\u00f2 suposi una reducci\u00f3 en les prestacions que ofereix.<\/p>\n\n\n\n<p><a href=\"https:\/\/www.aluministecnicsbarcelona.com\/ca\/carpinteria-alumini\/\">Oferim els millors resultats<\/a> a les finestres amb sobrietat i efic\u00e0cia. Trieu la S\u00e8rie OPTICAL de TECHNAL i gaudireu d&#8217;una finestra sempre a l&#8217;al\u00e7ada de les vostres expectatives.<\/p>\n<\/div>\n\n\n\n<div class=\"wp-block-column is-vertically-aligned-center is-layout-flow wp-block-column-is-layout-flow\">\n<div class=\"wp-block-cover is-light\" style=\"min-height:512px;aspect-ratio:unset;\"><img loading=\"lazy\" decoding=\"async\" width=\"512\" height=\"512\" sizes=\"auto, (max-width: 512px) 100vw, 512px\" class=\"wp-block-cover__image-background wp-image-18328\" alt=\"Serie Lumeal de Technal 3\" src=\"https:\/\/www.aluministecnicsbarcelona.com\/wp-content\/uploads\/2024\/01\/Serie-Lumeal-de-Technal-3-jpg.webp\" data-object-fit=\"cover\" title=\"\" srcset=\"https:\/\/www.aluministecnicsbarcelona.com\/wp-content\/uploads\/2024\/01\/Serie-Lumeal-de-Technal-3-jpg.webp 512w, https:\/\/www.aluministecnicsbarcelona.com\/wp-content\/uploads\/2024\/01\/Serie-Lumeal-de-Technal-3-300x300.webp 300w, https:\/\/www.aluministecnicsbarcelona.com\/wp-content\/uploads\/2024\/01\/Serie-Lumeal-de-Technal-3-150x150.webp 150w\" \/><span aria-hidden=\"true\" class=\"wp-block-cover__background has-background-dim-0 has-background-dim\"><\/span><div class=\"wp-block-cover__inner-container is-layout-constrained wp-block-cover-is-layout-constrained\">\n<p class=\"has-text-align-center has-large-font-size\"><\/p>\n<\/div><\/div>\n<\/div>\n<\/div>\n<\/div><\/div><\/div><\/div><\/div>\n\n\n\n<div class=\"wp-block-getwid-section wp-embed-aspect-16-9 wp-has-aspect-ratio alignfull alignfull getwid-section-content-custom-width\"><div class=\"wp-block-getwid-section__wrapper\"><div class=\"wp-block-getwid-section__inner-wrapper\"><div class=\"wp-block-getwid-section__background-holder\"><div class=\"wp-block-getwid-section__background has-background\" style=\"background-color:#313131\"><\/div><div class=\"wp-block-getwid-section__foreground\"><\/div><\/div><div class=\"wp-block-getwid-section__content\"><div class=\"wp-block-getwid-section__inner-content\">\n<h2 class=\"wp-block-heading has-text-align-center has-light-blue-color has-text-color has-link-color wp-elements-90e33e05efdcbc3b112b09cd50e06fdb\">Desc\u00e0rrega d&#8217;arxius PDF<\/h2>\n\n\n\n<div class=\"wp-block-columns is-layout-flex wp-container-core-columns-is-layout-9d6595d7 wp-block-columns-is-layout-flex\">\n<div class=\"wp-block-column is-vertically-aligned-center is-layout-flow wp-block-column-is-layout-flow\">\n<p class=\"has-text-align-center has-light-blue-color has-text-color has-link-color has-medium-font-size wp-elements-32bbc7c2265712afc018656cfee0b69f\" style=\"font-style:normal;font-weight:500\">Soleal cat\u00e1logo general<\/p>\n\n\n\n<div class=\"wp-block-file aligncenter\"><a href=\"https:\/\/www.aluministecnicsbarcelona.com\/wp-content\/uploads\/2025\/05\/soleal_fy_Compressed-1.pdf\" class=\"wp-block-file__button wp-element-button\" download>Descarrega<\/a><\/div>\n<\/div>\n<\/div>\n<\/div><\/div><\/div><\/div><\/div>\n\n\n\n<div class=\"wp-block-getwid-section alignfull alignfull getwid-section-content-custom-width\"><div class=\"wp-block-getwid-section__wrapper\"><div class=\"wp-block-getwid-section__inner-wrapper\"><div class=\"wp-block-getwid-section__background-holder\"><div class=\"wp-block-getwid-section__background has-background\" style=\"background-color:#f7f7f7\"><\/div><div class=\"wp-block-getwid-section__foreground\"><\/div><\/div><div class=\"wp-block-getwid-section__content\"><div class=\"wp-block-getwid-section__inner-content\">\n<h2 class=\"wp-block-heading has-text-align-center\">V\u00eddeos de Technal<\/h2>\n\n\n\n<div class=\"wp-block-columns is-layout-flex wp-container-core-columns-is-layout-9d6595d7 wp-block-columns-is-layout-flex\">\n<div class=\"wp-block-column is-layout-flow wp-block-column-is-layout-flow\">\n<figure class=\"wp-block-embed is-type-video is-provider-youtube wp-block-embed-youtube wp-embed-aspect-16-9 wp-has-aspect-ratio\"><div class=\"wp-block-embed__wrapper\">\n<iframe loading=\"lazy\" title=\"LUMEAL\" width=\"1130\" height=\"848\" src=\"https:\/\/www.youtube.com\/embed\/WZydq4Bplek?feature=oembed\" frameborder=\"0\" allow=\"accelerometer; autoplay; clipboard-write; encrypted-media; gyroscope; picture-in-picture; web-share\" allowfullscreen><\/iframe>\n<\/div><\/figure>\n<\/div>\n\n\n\n<div class=\"wp-block-column is-layout-flow wp-block-column-is-layout-flow\">\n<figure class=\"wp-block-embed is-type-video is-provider-youtube wp-block-embed-youtube wp-embed-aspect-16-9 wp-has-aspect-ratio\"><div class=\"wp-block-embed__wrapper\">\n<iframe loading=\"lazy\" title=\"[INNOVATION] Soleal Next, La nouvelle gamme de fen\u00eatres TECHNAL\" width=\"1130\" height=\"636\" src=\"https:\/\/www.youtube.com\/embed\/U6gx0Xj4J9o?feature=oembed\" frameborder=\"0\" allow=\"accelerometer; autoplay; clipboard-write; encrypted-media; gyroscope; picture-in-picture; web-share\" allowfullscreen><\/iframe>\n<\/div><\/figure>\n<\/div>\n\n\n\n<div class=\"wp-block-column is-layout-flow wp-block-column-is-layout-flow\">\n<figure class=\"wp-block-embed is-type-video is-provider-youtube wp-block-embed-youtube wp-embed-aspect-16-9 wp-has-aspect-ratio\"><div class=\"wp-block-embed__wrapper\">\n<iframe loading=\"lazy\" title=\"Palmar\u00e8s Architecture Technal 2016 - Mention Habiter Logements Individuels\" width=\"1130\" height=\"636\" src=\"https:\/\/www.youtube.com\/embed\/tkcMWVGt81Q?feature=oembed\" frameborder=\"0\" allow=\"accelerometer; autoplay; clipboard-write; encrypted-media; gyroscope; picture-in-picture; web-share\" allowfullscreen><\/iframe>\n<\/div><\/figure>\n<\/div>\n\n\n\n<div class=\"wp-block-column is-layout-flow wp-block-column-is-layout-flow\">\n<figure class=\"wp-block-embed is-type-video is-provider-youtube wp-block-embed-youtube wp-embed-aspect-16-9 wp-has-aspect-ratio\"><div class=\"wp-block-embed__wrapper\">\n<iframe loading=\"lazy\" title=\"Spot TV TECHNAL - &quot;Choregraphy&quot; - 2023\" width=\"1130\" height=\"636\" src=\"https:\/\/www.youtube.com\/embed\/O9ag8qqOV-M?feature=oembed\" frameborder=\"0\" allow=\"accelerometer; autoplay; clipboard-write; encrypted-media; gyroscope; picture-in-picture; web-share\" allowfullscreen><\/iframe>\n<\/div><\/figure>\n<\/div>\n<\/div>\n<\/div><\/div><\/div><\/div><\/div>\n\n\n\n<div class=\"wp-block-getwid-section\"><div class=\"wp-block-getwid-section__wrapper getwid-padding-top-normal getwid-padding-bottom-small\"><div class=\"wp-block-getwid-section__inner-wrapper\"><div class=\"wp-block-getwid-section__background-holder\"><div class=\"wp-block-getwid-section__background\"><\/div><div class=\"wp-block-getwid-section__foreground\"><\/div><\/div><div class=\"wp-block-getwid-section__content\"><div class=\"wp-block-getwid-section__inner-content\">\n<h3 class=\"wp-block-heading has-text-align-center\">T&#8217;interessa aquest producte? Demana pressupost sense comprom\u00eds<\/h3>\n\n\n\n<div class=\"wp-block-contact-form-7-contact-form-selector\">\n<div class=\"wpcf7 no-js\" id=\"wpcf7-f19586-o1\" lang=\"ca\" dir=\"ltr\" data-wpcf7-id=\"19586\">\n<div class=\"screen-reader-response\"><p role=\"status\" aria-live=\"polite\" aria-atomic=\"true\"><\/p> <ul><\/ul><\/div>\n<form action=\"\/ca\/wp-json\/wp\/v2\/pages\/13714#wpcf7-f19586-o1\" method=\"post\" class=\"wpcf7-form init\" aria-label=\"Formulari de contacte\" novalidate=\"novalidate\" data-status=\"init\">\n<fieldset class=\"hidden-fields-container\"><input type=\"hidden\" name=\"_wpcf7\" value=\"19586\" \/><input type=\"hidden\" name=\"_wpcf7_version\" value=\"6.1.5\" \/><input type=\"hidden\" name=\"_wpcf7_locale\" value=\"ca\" \/><input type=\"hidden\" name=\"_wpcf7_unit_tag\" value=\"wpcf7-f19586-o1\" \/><input type=\"hidden\" name=\"_wpcf7_container_post\" value=\"0\" \/><input type=\"hidden\" name=\"_wpcf7_posted_data_hash\" value=\"\" \/><input type=\"hidden\" name=\"_wpcf7_recaptcha_response\" value=\"\" \/>\n<\/fieldset>\n<!-- wp:group {\"layout\":{\"type\":\"constrained\"}} -->\n<div class=\"wp-block-group\" style=\"margin-bottom: 0px !important;\"><!-- wp:columns -->\n\t<div class=\"wp-block-columns\" style=\"margin-bottom: 0px !important;\"><!-- wp:column -->\n\t\t<div class=\"wp-block-column\" style=\"margin-bottom: 0px !important;\">\n\t\t\t<p><span class=\"wpcf7-form-control-wrap\" data-name=\"Name\"><input size=\"40\" maxlength=\"400\" class=\"wpcf7-form-control wpcf7-text wpcf7-validates-as-required\" aria-required=\"true\" aria-invalid=\"false\" placeholder=\"Nom(*)\" value=\"\" type=\"text\" name=\"Name\" \/><\/span><span class=\"right-border\"><\/span><span class=\"top-border\"><\/span><span class=\"left-border\"><\/span>\n\t\t\t<\/p>\n\t\t\t<p><span class=\"wpcf7-form-control-wrap\" data-name=\"E-mail\"><input size=\"40\" maxlength=\"400\" class=\"wpcf7-form-control wpcf7-email wpcf7-validates-as-required wpcf7-text wpcf7-validates-as-email\" aria-required=\"true\" aria-invalid=\"false\" placeholder=\"Correu electr\u00f2nic (*)\" value=\"\" type=\"email\" name=\"E-mail\" \/><\/span><span class=\"right-border\"><\/span><span class=\"top-border\"><\/span><span class=\"left-border\"><\/span>\n\t\t\t<\/p>\n\t\t<\/div>\n<!-- \/wp:column -->\n\n<!-- wp:column -->\n\t\t<div class=\"wp-block-column\"  style=\"margin-bottom: 0px !important;\">\n\t\t\t<p><span class=\"wpcf7-form-control-wrap\" data-name=\"tel-919\"><input size=\"40\" maxlength=\"400\" class=\"wpcf7-form-control wpcf7-tel wpcf7-validates-as-required wpcf7-text wpcf7-validates-as-tel\" aria-required=\"true\" aria-invalid=\"false\" placeholder=\"Tel\u00e8fon (*)\" value=\"\" type=\"tel\" name=\"tel-919\" \/><\/span><span class=\"right-border\"><\/span><span class=\"top-border\"><\/span><span class=\"left-border\"><\/span>\n\t\t\t<\/p>\n\t\t\t<p><span class=\"wpcf7-form-control-wrap\" data-name=\"text-883\"><input size=\"40\" maxlength=\"400\" class=\"wpcf7-form-control wpcf7-text wpcf7-validates-as-required\" aria-required=\"true\" aria-invalid=\"false\" placeholder=\"Localitat (*)\" value=\"\" type=\"text\" name=\"text-883\" \/><\/span><span class=\"right-border\"><\/span><span class=\"top-border\"><\/span><span class=\"left-border\"><\/span>\n\t\t\t<\/p>\n\t\t<\/div>\n<!-- \/wp:column -->\n\t<\/div>\n<!-- \/wp:columns -->\n<\/div>\n<!-- \/wp:group -->\n\n<!-- wp:group {\"layout\":{\"type\":\"constrained\"}} -->\n<div class=\"wp-block-group\" style=\"margin-bottom: 0px !important;\"><!-- wp:columns -->\n\t<div class=\"wp-block-columns\" style=\"margin-bottom: 0px !important;\"><!-- wp:column -->\n\t\t<div class=\"wp-block-column\"  style=\"margin-bottom: 0px !important;\">\n\t\t\t<p><span class=\"wpcf7-form-control-wrap\" data-name=\"Letter\"><textarea cols=\"10\" rows=\"3\" maxlength=\"2000\" class=\"wpcf7-form-control wpcf7-textarea\" aria-invalid=\"false\" placeholder=\"M&#039;interessaria saber..\" name=\"Letter\"><\/textarea><\/span><span class=\"right-border\"><\/span><span class=\"top-border\"><\/span><span class=\"left-border\"><\/span>\n\t\t\t<\/p>\n\t\t\t<p><label><span class=\"wpcf7-form-control-wrap\" data-name=\"acceptance-704\"><span class=\"wpcf7-form-control wpcf7-acceptance\"><span class=\"wpcf7-list-item\"><input type=\"checkbox\" name=\"acceptance-704\" value=\"1\" aria-invalid=\"false\" \/><\/span><\/span><\/span> En fer \u201cClic\u201d al Bot\u00f3 \u201cENVIAR\u201d l'usuari declara haver llegit i estar d'acord amb les condicions expressades al <a href=\"https:\/\/www.aluministecnicsbarcelona.com\/ca\/avis-legal\/\">\u201cAVIS LEGAL\u201d<\/a> i la <a href=\"https:\/\/www.aluministecnicsbarcelona.com\/ca\/politica-de-privacitat\/\">\u201cPOL\u00cdTICA DE PRIVACITAT\u201d<\/a> de la present Web.<\/label>\n\t\t\t<\/p>\n\t\t\t<p><input class=\"wpcf7-form-control wpcf7-submit has-spinner\" type=\"submit\" value=\"ENVIAR\" \/>\n\t\t\t<\/p>\n<!-- \/wp:column -->\n\t\t<\/div>\n<!-- \/wp:columns -->\n\t<\/div>\n<!-- \/wp:group -->\n<\/div><div class=\"wpcf7-response-output\" aria-hidden=\"true\"><\/div>\n<\/form>\n<\/div>\n<\/div>\n<\/div><\/div><\/div><\/div><\/div>\n","protected":false},"excerpt":{"rendered":"","protected":false},"author":2,"featured_media":18360,"parent":13733,"menu_order":0,"comment_status":"closed","ping_status":"closed","template":"template-uli-page.php","meta":{"_lmt_disableupdate":"","_lmt_disable":"","_joinchat":[],"footnotes":""},"class_list":["post-13714","page","type-page","status-publish","has-post-thumbnail","hentry"],"_links":{"self":[{"href":"https:\/\/www.aluministecnicsbarcelona.com\/ca\/wp-json\/wp\/v2\/pages\/13714","targetHints":{"allow":["GET"]}}],"collection":[{"href":"https:\/\/www.aluministecnicsbarcelona.com\/ca\/wp-json\/wp\/v2\/pages"}],"about":[{"href":"https:\/\/www.aluministecnicsbarcelona.com\/ca\/wp-json\/wp\/v2\/types\/page"}],"author":[{"embeddable":true,"href":"https:\/\/www.aluministecnicsbarcelona.com\/ca\/wp-json\/wp\/v2\/users\/2"}],"replies":[{"embeddable":true,"href":"https:\/\/www.aluministecnicsbarcelona.com\/ca\/wp-json\/wp\/v2\/comments?post=13714"}],"version-history":[{"count":6,"href":"https:\/\/www.aluministecnicsbarcelona.com\/ca\/wp-json\/wp\/v2\/pages\/13714\/revisions"}],"predecessor-version":[{"id":21165,"href":"https:\/\/www.aluministecnicsbarcelona.com\/ca\/wp-json\/wp\/v2\/pages\/13714\/revisions\/21165"}],"up":[{"embeddable":true,"href":"https:\/\/www.aluministecnicsbarcelona.com\/ca\/wp-json\/wp\/v2\/pages\/13733"}],"wp:featuredmedia":[{"embeddable":true,"href":"https:\/\/www.aluministecnicsbarcelona.com\/ca\/wp-json\/wp\/v2\/media\/18360"}],"wp:attachment":[{"href":"https:\/\/www.aluministecnicsbarcelona.com\/ca\/wp-json\/wp\/v2\/media?parent=13714"}],"curies":[{"name":"wp","href":"https:\/\/api.w.org\/{rel}","templated":true}]}}