{"id":13732,"date":"2024-02-19T11:36:53","date_gmt":"2024-02-19T11:36:53","guid":{"rendered":"https:\/\/www.aluministecnicsbarcelona.com\/ca\/vidrio-inteligente\/"},"modified":"2024-02-27T17:52:12","modified_gmt":"2024-02-27T17:52:12","slug":"vidre-inteligent","status":"publish","type":"page","link":"https:\/\/www.aluministecnicsbarcelona.com\/ca\/vidre-inteligent\/","title":{"rendered":"Vidre intel\u00b7ligent"},"content":{"rendered":"\n<div class=\"wp-block-cover alignfull is-light\" style=\"min-height:500px;aspect-ratio:unset;\"><span aria-hidden=\"true\" class=\"wp-block-cover__background has-background-dim-10 has-background-dim\"><\/span><img loading=\"lazy\" decoding=\"async\" width=\"938\" height=\"586\" src=\"https:\/\/www.aluministecnicsbarcelona.com\/wp-content\/uploads\/2023\/12\/Vidrio-inteligente-938x586.jpg\" class=\"wp-block-cover__image-background wp-post-image\" alt=\"Vidrio inteligente\" data-object-fit=\"cover\" srcset=\"https:\/\/www.aluministecnicsbarcelona.com\/wp-content\/uploads\/2023\/12\/Vidrio-inteligente-938x586.jpg 938w, https:\/\/www.aluministecnicsbarcelona.com\/wp-content\/uploads\/2023\/12\/Vidrio-inteligente-300x188.jpg 300w, https:\/\/www.aluministecnicsbarcelona.com\/wp-content\/uploads\/2023\/12\/Vidrio-inteligente-1024x640.jpg 1024w, https:\/\/www.aluministecnicsbarcelona.com\/wp-content\/uploads\/2023\/12\/Vidrio-inteligente-768x480.jpg 768w, https:\/\/www.aluministecnicsbarcelona.com\/wp-content\/uploads\/2023\/12\/Vidrio-inteligente-1536x960.jpg 1536w, https:\/\/www.aluministecnicsbarcelona.com\/wp-content\/uploads\/2023\/12\/Vidrio-inteligente-1130x706.jpg 1130w, https:\/\/www.aluministecnicsbarcelona.com\/wp-content\/uploads\/2023\/12\/Vidrio-inteligente.jpg 1920w\" sizes=\"auto, (max-width: 938px) 100vw, 938px\" title=\"\"><div class=\"wp-block-cover__inner-container is-layout-flow wp-block-cover-is-layout-flow\">\n<div class=\"wp-block-group\"><div class=\"wp-block-group__inner-container is-layout-constrained wp-block-group-is-layout-constrained\">\n<div class=\"wp-block-columns is-layout-flex wp-container-core-columns-is-layout-9d6595d7 wp-block-columns-is-layout-flex\">\n<div class=\"wp-block-column is-layout-flow wp-block-column-is-layout-flow\" style=\"flex-basis:100%\">\n<h1 class=\"wp-block-heading has-text-align-center has-light-blue-color has-text-color has-link-color wp-elements-70692760ee27caf8b9f0d12dc7d66d5a\">Vidre intel\u00b7ligent<\/h1>\n<\/div>\n<\/div>\n<\/div><\/div>\n<\/div><\/div>\n\n\n\n<div class=\"wp-block-getwid-section alignfull alignfull getwid-section-content-custom-width\"><div class=\"wp-block-getwid-section__wrapper getwid-padding-top-normal\"><div class=\"wp-block-getwid-section__inner-wrapper\"><div class=\"wp-block-getwid-section__background-holder\"><div class=\"wp-block-getwid-section__background has-background\" style=\"background-color:#f7f7f7\"><\/div><div class=\"wp-block-getwid-section__foreground\"><\/div><\/div><div class=\"wp-block-getwid-section__content\"><div class=\"wp-block-getwid-section__inner-content\">\n<div class=\"wp-block-columns alignwide is-layout-flex wp-container-core-columns-is-layout-9d6595d7 wp-block-columns-is-layout-flex\">\n<div class=\"wp-block-column is-layout-flow wp-block-column-is-layout-flow\" style=\"flex-basis:100%\">\n<h2 class=\"wp-block-heading alignfull has-text-align-left\" id=\"al-no-space\">Instal\u00b7laci\u00f3 i reparaci\u00f3 de vidre intel\u00b7ligent a Barcelona i prov\u00edncia<\/h2>\n\n\n\n<p>El <strong>vidre intel\u00b7ligent \u00e9s la soluci\u00f3 actual per estalviar energia i augmentar l&#8217;a\u00efllament en portes i finestres<\/strong>. Milloren el confort d&#8217;un espai a l&#8217;estiu filtrant la radiaci\u00f3 solar, la qual cosa requereix de menys consum d&#8217;aire condicionat, mentre que a l&#8217;hivern s&#8217;aconsegueix el mateix efecte per\u00f2 a l&#8217;inrev\u00e9s, requerint un menor consum en calefacci\u00f3 per mantenir la temperatura en valors \u00f2ptims.<\/p>\n\n\n\n<p>Aquest tipus de vidres per a finestres \u00e9s el producte dels \u00faltims aven\u00e7os en recerca. Gr\u00e0cies a <a href=\"https:\/\/www.aluministecnicsbarcelona.com\/ca\/\">Aluminis T\u00e8cnics Barcelona<\/a> vost\u00e8 pot tenir un vidre que redueix la radiaci\u00f3 solar i equilibra els valors t\u00e8rmics sense gaireb\u00e9 haver d&#8217;utilitzar un vidre m\u00e9s gruixut que el d&#8217;una finestra normal.<\/p>\n<\/div>\n<\/div>\n<\/div><\/div><\/div><\/div><\/div>\n\n\n\n<div class=\"wp-block-getwid-section alignfull alignfull getwid-section-content-custom-width\"><div class=\"wp-block-getwid-section__wrapper\"><div class=\"wp-block-getwid-section__inner-wrapper\"><div class=\"wp-block-getwid-section__background-holder\"><div class=\"wp-block-getwid-section__background\"><\/div><div class=\"wp-block-getwid-section__foreground\"><\/div><\/div><div class=\"wp-block-getwid-section__content\"><div class=\"wp-block-getwid-section__inner-content\">\n<div class=\"wp-block-columns has-2-columns are-vertically-aligned-center is-layout-flex wp-container-core-columns-is-layout-9d6595d7 wp-block-columns-is-layout-flex\">\n<div class=\"wp-block-column is-vertically-aligned-center is-layout-flow wp-block-column-is-layout-flow\">\n<div class=\"wp-block-cover is-light\" style=\"min-height:512px;aspect-ratio:unset;\"><span aria-hidden=\"true\" class=\"wp-block-cover__background has-background-dim-0 has-background-dim\"><\/span><img loading=\"lazy\" decoding=\"async\" width=\"752\" height=\"600\" sizes=\"auto, (max-width: 752px) 100vw, 752px\" class=\"wp-block-cover__image-background wp-image-13469\" alt=\"Vidrio inteligente\" src=\"https:\/\/www.aluministecnicsbarcelona.com\/wp-content\/uploads\/2016\/09\/Guardian-Sun-1.jpg\" data-object-fit=\"cover\" title=\"\" srcset=\"https:\/\/www.aluministecnicsbarcelona.com\/wp-content\/uploads\/2016\/09\/Guardian-Sun-1.jpg 752w, https:\/\/www.aluministecnicsbarcelona.com\/wp-content\/uploads\/2016\/09\/Guardian-Sun-1-300x239.jpg 300w\" \/><div class=\"wp-block-cover__inner-container is-layout-constrained wp-block-cover-is-layout-constrained\">\n<p class=\"has-text-align-center has-large-font-size\"><\/p>\n<\/div><\/div>\n<\/div>\n\n\n\n<div class=\"wp-block-column is-vertically-aligned-center is-layout-flow wp-block-column-is-layout-flow\">\n<h2 class=\"wp-block-heading has-text-align-left\">A\u00efllament i resist\u00e8ncia superior<\/h2>\n\n\n\n<p>Les <strong>finestres equipades amb vidre intel\u00b7ligent tenen un \u00edndex de resist\u00e8ncia molt elevat<\/strong>. Aguanta impactes de nivell alt, ratllades i els rajos del sol directes sense que a mig o llarg termini aix\u00f2 els afecti de cap manera.<\/p>\n\n\n\n<p>El vidre intel\u00b7ligent est\u00e0 compost per dues capes de vidre separades per una cambra plena de gas per augmentar les capacitats d&#8217;a\u00efllament. En el vidre exterior, una capa de control solar permet regular els nivells d&#8217;entrada de raig UV perqu\u00e8 la calor no entri a l&#8217;interior a l&#8217;estiu. Una capa addicional permet reduir a m\u00e9s la quantitat de soroll que arriba des del carrer, aconseguint un conjunt a\u00efllant del m\u00e9s complet.<\/p>\n<\/div>\n<\/div>\n<\/div><\/div><\/div><\/div><\/div>\n\n\n\n<div class=\"wp-block-getwid-section alignfull alignfull getwid-section-content-custom-width\"><div class=\"wp-block-getwid-section__wrapper\"><div class=\"wp-block-getwid-section__inner-wrapper\"><div class=\"wp-block-getwid-section__background-holder\"><div class=\"wp-block-getwid-section__background\"><\/div><div class=\"wp-block-getwid-section__foreground\"><\/div><\/div><div class=\"wp-block-getwid-section__content\"><div class=\"wp-block-getwid-section__inner-content\">\n<div class=\"wp-block-columns has-2-columns are-vertically-aligned-center reverse is-layout-flex wp-container-core-columns-is-layout-9d6595d7 wp-block-columns-is-layout-flex\">\n<div class=\"wp-block-column is-vertically-aligned-center is-layout-flow wp-block-column-is-layout-flow\">\n<h2 class=\"wp-block-heading has-text-align-left\">Per qu\u00e8 instal\u00b7lar vidre intel\u00b7ligent?<\/h2>\n\n\n\n<p>El <strong>vidre intel\u00b7ligent<\/strong> \u00e9s recomanable en tots aquells llocs on es vulgui tenir un control complet de la quantitat de llum i calor que pot entrar. Si necessita que la <strong>seva casa, oficina o local<\/strong> augmenti les seves caracter\u00edstiques de confort d&#8217;una manera c\u00f2moda i altament efica\u00e7 aquestes s\u00f3n les finestres que necessita instal\u00b7lar. No requereixen m\u00e9s treball que una finestra normal, ni per instal\u00b7lar-les ni per procedir al seu manteniment, de manera que trigar\u00e0 el mateix en tenir unes finestres convencionals que en gaudir d&#8217;uns vidres tecnol\u00f2gicament avan\u00e7ats.<\/p>\n\n\n\n<p>Amb els sistemes tradicionals, sovint si entra directament la llum solar a l&#8217;interior d&#8217;un espai cal baixar les persianes o tancar les cortines. Aix\u00f2 sol provocar que haguem d&#8217;encendre una llum per veure b\u00e9, la qual cosa suposa una despesa energ\u00e8tica innecess\u00e0ria si es poden reduir aquests rajos. El vidre intel\u00b7ligent ho aconsegueix amb la mateixa facilitat amb qu\u00e8 s&#8217;enc\u00e9n una bombeta. Els ocupants poden gaudir d&#8217;il\u00b7luminaci\u00f3 natural, molt m\u00e9s agradable i efica\u00e7, alhora que no pateixen deslluiments per l&#8217;acci\u00f3 directa dels rajos del sol, ni la calor que els acompanya a l&#8217;estiu.<\/p>\n\n\n\n<p>L&#8217;<strong>estalvi energ\u00e8tic aconseguit amb la instal\u00b7laci\u00f3 de vidre intel\u00b7ligent fa que la fitxa de certificaci\u00f3 energ\u00e8tica millori de manera significativa<\/strong>. A l&#8217;estiu s&#8217;aconsegueix una reducci\u00f3 del 40% en aire condicionat, mentre que a l&#8217;hivern la calefacci\u00f3 \u00e9s fins a un 60% de terme mitj\u00e0.<\/p>\n\n\n\n<p>Gaudeixi del confort i la comoditat de tenir tots els seus espais a\u00efllats davant la calor, el fred i el soroll amb els avantatges que li oferim al incorporar a les seves finestres vidre intel\u00b7ligent.<\/p>\n<\/div>\n\n\n\n<div class=\"wp-block-column is-vertically-aligned-center is-layout-flow wp-block-column-is-layout-flow\">\n<div class=\"wp-block-cover is-light\" style=\"min-height:512px;aspect-ratio:unset;\"><span aria-hidden=\"true\" class=\"wp-block-cover__background has-background-dim-0 has-background-dim\"><\/span><img loading=\"lazy\" decoding=\"async\" width=\"1040\" height=\"800\" sizes=\"auto, (max-width: 1040px) 100vw, 1040px\" class=\"wp-block-cover__image-background wp-image-17080\" alt=\"Vidrio inteligente Guardian Sun\" src=\"https:\/\/www.aluministecnicsbarcelona.com\/wp-content\/uploads\/2023\/12\/Vidrio-inteligente-Guardian-Sun.jpg\" data-object-fit=\"cover\" title=\"\" srcset=\"https:\/\/www.aluministecnicsbarcelona.com\/wp-content\/uploads\/2023\/12\/Vidrio-inteligente-Guardian-Sun.jpg 1040w, https:\/\/www.aluministecnicsbarcelona.com\/wp-content\/uploads\/2023\/12\/Vidrio-inteligente-Guardian-Sun-300x231.jpg 300w, https:\/\/www.aluministecnicsbarcelona.com\/wp-content\/uploads\/2023\/12\/Vidrio-inteligente-Guardian-Sun-1024x788.jpg 1024w, https:\/\/www.aluministecnicsbarcelona.com\/wp-content\/uploads\/2023\/12\/Vidrio-inteligente-Guardian-Sun-768x591.jpg 768w, https:\/\/www.aluministecnicsbarcelona.com\/wp-content\/uploads\/2023\/12\/Vidrio-inteligente-Guardian-Sun-938x722.jpg 938w\" \/><div class=\"wp-block-cover__inner-container is-layout-constrained wp-block-cover-is-layout-constrained\">\n<p class=\"has-text-align-center has-large-font-size\"><\/p>\n<\/div><\/div>\n<\/div>\n<\/div>\n<\/div><\/div><\/div><\/div><\/div>\n\n\n\n<div class=\"wp-block-getwid-section\"><div class=\"wp-block-getwid-section__wrapper\"><div class=\"wp-block-getwid-section__inner-wrapper\"><div class=\"wp-block-getwid-section__background-holder\"><div class=\"wp-block-getwid-section__background\"><\/div><div class=\"wp-block-getwid-section__foreground\"><\/div><\/div><div class=\"wp-block-getwid-section__content\"><div class=\"wp-block-getwid-section__inner-content\">\n<h2 class=\"wp-block-heading has-text-align-center\">T&#8217;interessa instal\u00b7lar vidre intel\u00b7ligent? Demana preus i pressupost sense comprom\u00eds<\/h2>\n<\/div><\/div><\/div><\/div><\/div>\n\n\n\n<div class=\"wp-block-getwid-section\"><div class=\"wp-block-getwid-section__wrapper getwid-padding-top-normal getwid-padding-bottom-small\"><div class=\"wp-block-getwid-section__inner-wrapper\"><div class=\"wp-block-getwid-section__background-holder\"><div class=\"wp-block-getwid-section__background\"><\/div><div class=\"wp-block-getwid-section__foreground\"><\/div><\/div><div class=\"wp-block-getwid-section__content\"><div class=\"wp-block-getwid-section__inner-content\">\n<div class=\"wp-block-getwid-section getwid-section-content-custom-width\"><div class=\"wp-block-getwid-section__wrapper\"><div class=\"wp-block-getwid-section__inner-wrapper\" style=\"max-width:800px\"><div class=\"wp-block-getwid-section__background-holder\"><div class=\"wp-block-getwid-section__background\"><\/div><div class=\"wp-block-getwid-section__foreground\"><\/div><\/div><div class=\"wp-block-getwid-section__content\"><div class=\"wp-block-getwid-section__inner-content\">\n<div class=\"wp-block-contact-form-7-contact-form-selector\">\n<div class=\"wpcf7 no-js\" id=\"wpcf7-f19586-o1\" lang=\"ca\" dir=\"ltr\" data-wpcf7-id=\"19586\">\n<div class=\"screen-reader-response\"><p role=\"status\" aria-live=\"polite\" aria-atomic=\"true\"><\/p> <ul><\/ul><\/div>\n<form action=\"\/ca\/wp-json\/wp\/v2\/pages\/13732#wpcf7-f19586-o1\" method=\"post\" class=\"wpcf7-form init\" aria-label=\"Formulari de contacte\" novalidate=\"novalidate\" data-status=\"init\">\n<fieldset class=\"hidden-fields-container\"><input type=\"hidden\" name=\"_wpcf7\" value=\"19586\" \/><input type=\"hidden\" name=\"_wpcf7_version\" value=\"6.1.5\" \/><input type=\"hidden\" name=\"_wpcf7_locale\" value=\"ca\" \/><input type=\"hidden\" name=\"_wpcf7_unit_tag\" value=\"wpcf7-f19586-o1\" \/><input type=\"hidden\" name=\"_wpcf7_container_post\" value=\"0\" \/><input type=\"hidden\" name=\"_wpcf7_posted_data_hash\" value=\"\" \/><input type=\"hidden\" name=\"_wpcf7_recaptcha_response\" value=\"\" \/>\n<\/fieldset>\n<!-- wp:group {\"layout\":{\"type\":\"constrained\"}} -->\n<div class=\"wp-block-group\" style=\"margin-bottom: 0px !important;\"><!-- wp:columns -->\n\t<div class=\"wp-block-columns\" style=\"margin-bottom: 0px !important;\"><!-- wp:column -->\n\t\t<div class=\"wp-block-column\" style=\"margin-bottom: 0px !important;\">\n\t\t\t<p><span class=\"wpcf7-form-control-wrap\" data-name=\"Name\"><input size=\"40\" maxlength=\"400\" class=\"wpcf7-form-control wpcf7-text wpcf7-validates-as-required\" aria-required=\"true\" aria-invalid=\"false\" placeholder=\"Nom(*)\" value=\"\" type=\"text\" name=\"Name\" \/><\/span><span class=\"right-border\"><\/span><span class=\"top-border\"><\/span><span class=\"left-border\"><\/span>\n\t\t\t<\/p>\n\t\t\t<p><span class=\"wpcf7-form-control-wrap\" data-name=\"E-mail\"><input size=\"40\" maxlength=\"400\" class=\"wpcf7-form-control wpcf7-email wpcf7-validates-as-required wpcf7-text wpcf7-validates-as-email\" aria-required=\"true\" aria-invalid=\"false\" placeholder=\"Correu electr\u00f2nic (*)\" value=\"\" type=\"email\" name=\"E-mail\" \/><\/span><span class=\"right-border\"><\/span><span class=\"top-border\"><\/span><span class=\"left-border\"><\/span>\n\t\t\t<\/p>\n\t\t<\/div>\n<!-- \/wp:column -->\n\n<!-- wp:column -->\n\t\t<div class=\"wp-block-column\"  style=\"margin-bottom: 0px !important;\">\n\t\t\t<p><span class=\"wpcf7-form-control-wrap\" data-name=\"tel-919\"><input size=\"40\" maxlength=\"400\" class=\"wpcf7-form-control wpcf7-tel wpcf7-validates-as-required wpcf7-text wpcf7-validates-as-tel\" aria-required=\"true\" aria-invalid=\"false\" placeholder=\"Tel\u00e8fon (*)\" value=\"\" type=\"tel\" name=\"tel-919\" \/><\/span><span class=\"right-border\"><\/span><span class=\"top-border\"><\/span><span class=\"left-border\"><\/span>\n\t\t\t<\/p>\n\t\t\t<p><span class=\"wpcf7-form-control-wrap\" data-name=\"text-883\"><input size=\"40\" maxlength=\"400\" class=\"wpcf7-form-control wpcf7-text wpcf7-validates-as-required\" aria-required=\"true\" aria-invalid=\"false\" placeholder=\"Localitat (*)\" value=\"\" type=\"text\" name=\"text-883\" \/><\/span><span class=\"right-border\"><\/span><span class=\"top-border\"><\/span><span class=\"left-border\"><\/span>\n\t\t\t<\/p>\n\t\t<\/div>\n<!-- \/wp:column -->\n\t<\/div>\n<!-- \/wp:columns -->\n<\/div>\n<!-- \/wp:group -->\n\n<!-- wp:group {\"layout\":{\"type\":\"constrained\"}} -->\n<div class=\"wp-block-group\" style=\"margin-bottom: 0px !important;\"><!-- wp:columns -->\n\t<div class=\"wp-block-columns\" style=\"margin-bottom: 0px !important;\"><!-- wp:column -->\n\t\t<div class=\"wp-block-column\"  style=\"margin-bottom: 0px !important;\">\n\t\t\t<p><span class=\"wpcf7-form-control-wrap\" data-name=\"Letter\"><textarea cols=\"10\" rows=\"3\" maxlength=\"2000\" class=\"wpcf7-form-control wpcf7-textarea\" aria-invalid=\"false\" placeholder=\"M&#039;interessaria saber..\" name=\"Letter\"><\/textarea><\/span><span class=\"right-border\"><\/span><span class=\"top-border\"><\/span><span class=\"left-border\"><\/span>\n\t\t\t<\/p>\n\t\t\t<p><label><span class=\"wpcf7-form-control-wrap\" data-name=\"acceptance-704\"><span class=\"wpcf7-form-control wpcf7-acceptance\"><span class=\"wpcf7-list-item\"><input type=\"checkbox\" name=\"acceptance-704\" value=\"1\" aria-invalid=\"false\" \/><\/span><\/span><\/span> En fer \u201cClic\u201d al Bot\u00f3 \u201cENVIAR\u201d l'usuari declara haver llegit i estar d'acord amb les condicions expressades al <a href=\"https:\/\/www.aluministecnicsbarcelona.com\/ca\/avis-legal\/\">\u201cAVIS LEGAL\u201d<\/a> i la <a href=\"https:\/\/www.aluministecnicsbarcelona.com\/ca\/politica-de-privacitat\/\">\u201cPOL\u00cdTICA DE PRIVACITAT\u201d<\/a> de la present Web.<\/label>\n\t\t\t<\/p>\n\t\t\t<p><input class=\"wpcf7-form-control wpcf7-submit has-spinner\" type=\"submit\" value=\"ENVIAR\" \/>\n\t\t\t<\/p>\n<!-- \/wp:column -->\n\t\t<\/div>\n<!-- \/wp:columns -->\n\t<\/div>\n<!-- \/wp:group -->\n<\/div><div class=\"wpcf7-response-output\" aria-hidden=\"true\"><\/div>\n<\/form>\n<\/div>\n<\/div>\n<\/div><\/div><\/div><\/div><\/div>\n<\/div><\/div><\/div><\/div><\/div>\n","protected":false},"excerpt":{"rendered":"","protected":false},"author":2,"featured_media":17075,"parent":0,"menu_order":0,"comment_status":"closed","ping_status":"closed","template":"template-uli-page.php","meta":{"_lmt_disableupdate":"","_lmt_disable":"","_joinchat":[],"footnotes":""},"class_list":["post-13732","page","type-page","status-publish","has-post-thumbnail","hentry"],"_links":{"self":[{"href":"https:\/\/www.aluministecnicsbarcelona.com\/ca\/wp-json\/wp\/v2\/pages\/13732","targetHints":{"allow":["GET"]}}],"collection":[{"href":"https:\/\/www.aluministecnicsbarcelona.com\/ca\/wp-json\/wp\/v2\/pages"}],"about":[{"href":"https:\/\/www.aluministecnicsbarcelona.com\/ca\/wp-json\/wp\/v2\/types\/page"}],"author":[{"embeddable":true,"href":"https:\/\/www.aluministecnicsbarcelona.com\/ca\/wp-json\/wp\/v2\/users\/2"}],"replies":[{"embeddable":true,"href":"https:\/\/www.aluministecnicsbarcelona.com\/ca\/wp-json\/wp\/v2\/comments?post=13732"}],"version-history":[{"count":4,"href":"https:\/\/www.aluministecnicsbarcelona.com\/ca\/wp-json\/wp\/v2\/pages\/13732\/revisions"}],"predecessor-version":[{"id":19912,"href":"https:\/\/www.aluministecnicsbarcelona.com\/ca\/wp-json\/wp\/v2\/pages\/13732\/revisions\/19912"}],"wp:featuredmedia":[{"embeddable":true,"href":"https:\/\/www.aluministecnicsbarcelona.com\/ca\/wp-json\/wp\/v2\/media\/17075"}],"wp:attachment":[{"href":"https:\/\/www.aluministecnicsbarcelona.com\/ca\/wp-json\/wp\/v2\/media?parent=13732"}],"curies":[{"name":"wp","href":"https:\/\/api.w.org\/{rel}","templated":true}]}}