{"id":13733,"date":"2024-02-19T11:36:53","date_gmt":"2024-02-19T11:36:53","guid":{"rendered":"https:\/\/www.aluministecnicsbarcelona.com\/ca\/technal-marca\/"},"modified":"2024-02-28T12:22:12","modified_gmt":"2024-02-28T12:22:12","slug":"technal","status":"publish","type":"page","link":"https:\/\/www.aluministecnicsbarcelona.com\/ca\/technal\/","title":{"rendered":"Technal"},"content":{"rendered":"\n<div class=\"wp-block-cover alignfull is-light\" style=\"min-height:500px;aspect-ratio:unset;\"><span aria-hidden=\"true\" class=\"wp-block-cover__background has-background-dim-10 has-background-dim\"><\/span><img loading=\"lazy\" decoding=\"async\" width=\"938\" height=\"528\" src=\"https:\/\/www.aluministecnicsbarcelona.com\/wp-content\/uploads\/2023\/12\/Technal-en-Alumins-tecnics-Barcelona-938x528.jpg\" class=\"wp-block-cover__image-background wp-post-image\" alt=\"Technal en Alumins te\u0301cnics Barcelona\" data-object-fit=\"cover\" data-object-position=\"50% 0%\" style=\"object-position:50% 0%;\" srcset=\"https:\/\/www.aluministecnicsbarcelona.com\/wp-content\/uploads\/2023\/12\/Technal-en-Alumins-tecnics-Barcelona-938x528.jpg 938w, https:\/\/www.aluministecnicsbarcelona.com\/wp-content\/uploads\/2023\/12\/Technal-en-Alumins-tecnics-Barcelona-300x169.jpg 300w, https:\/\/www.aluministecnicsbarcelona.com\/wp-content\/uploads\/2023\/12\/Technal-en-Alumins-tecnics-Barcelona-1024x576.jpg 1024w, https:\/\/www.aluministecnicsbarcelona.com\/wp-content\/uploads\/2023\/12\/Technal-en-Alumins-tecnics-Barcelona-768x432.jpg 768w, https:\/\/www.aluministecnicsbarcelona.com\/wp-content\/uploads\/2023\/12\/Technal-en-Alumins-tecnics-Barcelona-1536x864.jpg 1536w, https:\/\/www.aluministecnicsbarcelona.com\/wp-content\/uploads\/2023\/12\/Technal-en-Alumins-tecnics-Barcelona-1130x636.jpg 1130w, https:\/\/www.aluministecnicsbarcelona.com\/wp-content\/uploads\/2023\/12\/Technal-en-Alumins-tecnics-Barcelona.jpg 1920w\" sizes=\"auto, (max-width: 938px) 100vw, 938px\" title=\"\"><div class=\"wp-block-cover__inner-container is-layout-flow wp-block-cover-is-layout-flow\">\n<div class=\"wp-block-group\"><div class=\"wp-block-group__inner-container is-layout-constrained wp-block-group-is-layout-constrained\">\n<div class=\"wp-block-columns is-layout-flex wp-container-core-columns-is-layout-9d6595d7 wp-block-columns-is-layout-flex\">\n<div class=\"wp-block-column is-layout-flow wp-block-column-is-layout-flow\" style=\"flex-basis:100%\">\n<h1 class=\"wp-block-heading has-text-align-center has-light-blue-color has-text-color has-link-color wp-elements-f606c0535e91883dcf040bf66b57fd8a\">Technal Barcelona<\/h1>\n<\/div>\n<\/div>\n<\/div><\/div>\n<\/div><\/div>\n\n\n\n<div class=\"wp-block-group alignfull\"><div class=\"wp-block-group__inner-container is-layout-constrained wp-block-group-is-layout-constrained\">\n<div class=\"wp-block-columns alignfull is-layout-flex wp-container-core-columns-is-layout-9d6595d7 wp-block-columns-is-layout-flex\">\n<div class=\"wp-block-column is-layout-flow wp-block-column-is-layout-flow\"><\/div>\n\n\n\n<div class=\"wp-block-column is-layout-flow wp-block-column-is-layout-flow\"><div class=\"wp-block-image\">\n<figure class=\"aligncenter size-full\"><img loading=\"lazy\" decoding=\"async\" width=\"300\" height=\"220\" sizes=\"auto, (max-width: 300px) 100vw, 300px\" src=\"https:\/\/www.aluministecnicsbarcelona.com\/wp-content\/uploads\/2023\/12\/Technal-logo.jpg\" alt=\"Technal logo\" class=\"wp-image-16953\" title=\"\"><\/figure>\n<\/div><\/div>\n\n\n\n<div class=\"wp-block-column is-layout-flow wp-block-column-is-layout-flow\"><\/div>\n<\/div>\n<\/div><\/div>\n\n\n\n<div class=\"wp-block-getwid-section alignfull alignfull getwid-section-content-custom-width\"><div class=\"wp-block-getwid-section__wrapper\"><div class=\"wp-block-getwid-section__inner-wrapper\"><div class=\"wp-block-getwid-section__background-holder\"><div class=\"wp-block-getwid-section__background has-background\" style=\"background-color:#f7f7f7\"><\/div><div class=\"wp-block-getwid-section__foreground\"><\/div><\/div><div class=\"wp-block-getwid-section__content\"><div class=\"wp-block-getwid-section__inner-content\">\n<div class=\"wp-block-columns alignwide is-layout-flex wp-container-core-columns-is-layout-9d6595d7 wp-block-columns-is-layout-flex\">\n<div class=\"wp-block-column is-layout-flow wp-block-column-is-layout-flow\" style=\"flex-basis:100%\">\n<h2 class=\"wp-block-heading alignfull has-text-align-left\" id=\"al-no-space\" style=\"font-size:32px\">Distribu\u00efdors i servei t\u00e8cnic Technal a Barcelona i prov\u00edncia<\/h2>\n\n\n\n<p><strong>TECHNAL<\/strong> \u00e9s una de les <strong>marques m\u00e9s importants<\/strong> en la fabricaci\u00f3 de <a href=\"https:\/\/www.aluministecnicsbarcelona.com\/ca\/\">fusteria d&#8217;alumini<\/a> a <strong>nivell internacional<\/strong>. Aquesta marca aposta clarament pels valors de <strong>qualitat, responsabilitat i innovaci\u00f3<\/strong> en tots els productes que desenvolupa. A Aluminis T\u00e8cnics Barcelona som <strong>distribu\u00efdors i servei t\u00e8cnic oficial de la marca Technal a la prov\u00edncia de Barcelona<\/strong>, tant en instal\u00b7lacions com en reparacions de tot tipus.<\/p>\n\n\n\n<p>Gr\u00e0cies al suport del grup matriu, la marca compta amb un gran potencial de cara a la recerca, el desenvolupament i la innovaci\u00f3 de noves aliatges i productes els llan\u00e7aments dels quals s&#8217;esperen amb gran inter\u00e8s. La seva import\u00e0ncia i inter\u00e8s per potenciar el sector ha portat Technal fins i tot a comptar amb uns premis propis, que reconeixen el bon fer en mat\u00e8ria arquitect\u00f2nica.<\/p>\n<\/div>\n<\/div>\n<\/div><\/div><\/div><\/div><\/div>\n\n\n\n<div class=\"wp-block-getwid-section alignfull alignfull\"><div class=\"wp-block-getwid-section__wrapper\"><div class=\"wp-block-getwid-section__inner-wrapper\"><div class=\"wp-block-getwid-section__background-holder\"><div class=\"wp-block-getwid-section__background\"><\/div><div class=\"wp-block-getwid-section__foreground\"><\/div><\/div><div class=\"wp-block-getwid-section__content\"><div class=\"wp-block-getwid-section__inner-content\">\n<div class=\"wp-block-columns alignwide are-vertically-aligned-center is-layout-flex wp-container-core-columns-is-layout-9d6595d7 wp-block-columns-is-layout-flex\">\n<div class=\"wp-block-column is-vertically-aligned-center is-layout-flow wp-block-column-is-layout-flow\" style=\"flex-basis:100%\">\n<h3 class=\"wp-block-heading has-text-align-center\" style=\"font-size:32px\">S\u00e8ries amb les quals treballem<\/h3>\n\n\n\n<div style=\"height:10px\" aria-hidden=\"true\" class=\"wp-block-spacer\"><\/div>\n\n\n        <div class=\"wp-block-getwid-custom-post-type custom-post-type-page alignwide has-layout-grid has-spacing-small\">\r\n            <div class=\"wp-block-getwid-custom-post-type__wrapper getwid-columns getwid-columns-3\">\r\n                \t\t\t\t\t\t\t\t<div class='wp-block-getwid-custom-post-type__post'>\r\n\t\t\t\t\t\t\t\t\t\n<div class=\"wp-block-columns is-layout-flex wp-container-core-columns-is-layout-9d6595d7 wp-block-columns-is-layout-flex\">\n<div class=\"wp-block-column is-layout-flow wp-block-column-is-layout-flow\" style=\"flex-basis:100%\">\n<div class=\"wp-block-cover is-light\"><span aria-hidden=\"true\" class=\"wp-block-cover__background has-background-dim-20 has-background-dim\"><\/span><img loading=\"lazy\" decoding=\"async\" width=\"938\" height=\"469\" src=\"https:\/\/www.aluministecnicsbarcelona.com\/wp-content\/uploads\/2024\/01\/Serie-Lumeal-de-Technal-938x469.webp\" class=\"wp-block-cover__image-background wp-post-image\" alt=\"Serie Lumeal de Technal\" data-object-fit=\"cover\" srcset=\"https:\/\/www.aluministecnicsbarcelona.com\/wp-content\/uploads\/2024\/01\/Serie-Lumeal-de-Technal-938x469.webp 938w, https:\/\/www.aluministecnicsbarcelona.com\/wp-content\/uploads\/2024\/01\/Serie-Lumeal-de-Technal-300x150.webp 300w, https:\/\/www.aluministecnicsbarcelona.com\/wp-content\/uploads\/2024\/01\/Serie-Lumeal-de-Technal-1024x512.webp 1024w, https:\/\/www.aluministecnicsbarcelona.com\/wp-content\/uploads\/2024\/01\/Serie-Lumeal-de-Technal-768x384.webp 768w, https:\/\/www.aluministecnicsbarcelona.com\/wp-content\/uploads\/2024\/01\/Serie-Lumeal-de-Technal-1536x768.webp 1536w, https:\/\/www.aluministecnicsbarcelona.com\/wp-content\/uploads\/2024\/01\/Serie-Lumeal-de-Technal-1130x565.webp 1130w, https:\/\/www.aluministecnicsbarcelona.com\/wp-content\/uploads\/2024\/01\/Serie-Lumeal-de-Technal.jpg 1920w\" sizes=\"auto, (max-width: 938px) 100vw, 938px\" title=\"\"><div class=\"wp-block-cover__inner-container is-layout-constrained wp-block-cover-is-layout-constrained\">\r\n<h3 style=\"text-align: center;font-size: 30px;color:#fff;\" class=\"wp-block-getwid-template-post-title has-text-color\"><a class=\"wp-block-getwid-template-post-title__link\" href=\"https:\/\/www.aluministecnicsbarcelona.com\/ca\/technal\/serie-lumeal\/\">S\u00e8rie Lumeal de Technal<\/a><\/h3><\/div><\/div>\n<\/div>\n<\/div>\n\t\t\t\t\t\t\t\t<\/div>\r\n\t\t\t\t\t\t\t\t\t\t\t\t\t\t\t<div class='wp-block-getwid-custom-post-type__post'>\r\n\t\t\t\t\t\t\t\t\t\n<div class=\"wp-block-columns is-layout-flex wp-container-core-columns-is-layout-9d6595d7 wp-block-columns-is-layout-flex\">\n<div class=\"wp-block-column is-layout-flow wp-block-column-is-layout-flow\" style=\"flex-basis:100%\">\n<div class=\"wp-block-cover is-light\"><span aria-hidden=\"true\" class=\"wp-block-cover__background has-background-dim-20 has-background-dim\"><\/span><img loading=\"lazy\" decoding=\"async\" width=\"938\" height=\"469\" src=\"https:\/\/www.aluministecnicsbarcelona.com\/wp-content\/uploads\/2024\/01\/Serie-OPTICA-Technal-938x469.webp\" class=\"wp-block-cover__image-background wp-post-image\" alt=\"Serie OPTICA Technal\" data-object-fit=\"cover\" srcset=\"https:\/\/www.aluministecnicsbarcelona.com\/wp-content\/uploads\/2024\/01\/Serie-OPTICA-Technal-938x469.webp 938w, https:\/\/www.aluministecnicsbarcelona.com\/wp-content\/uploads\/2024\/01\/Serie-OPTICA-Technal-300x150.webp 300w, https:\/\/www.aluministecnicsbarcelona.com\/wp-content\/uploads\/2024\/01\/Serie-OPTICA-Technal-1024x512.webp 1024w, https:\/\/www.aluministecnicsbarcelona.com\/wp-content\/uploads\/2024\/01\/Serie-OPTICA-Technal-768x384.webp 768w, https:\/\/www.aluministecnicsbarcelona.com\/wp-content\/uploads\/2024\/01\/Serie-OPTICA-Technal-1536x768.webp 1536w, https:\/\/www.aluministecnicsbarcelona.com\/wp-content\/uploads\/2024\/01\/Serie-OPTICA-Technal-1130x565.webp 1130w, https:\/\/www.aluministecnicsbarcelona.com\/wp-content\/uploads\/2024\/01\/Serie-OPTICA-Technal.jpg 1920w\" sizes=\"auto, (max-width: 938px) 100vw, 938px\" title=\"\"><div class=\"wp-block-cover__inner-container is-layout-constrained wp-block-cover-is-layout-constrained\">\r\n<h3 style=\"text-align: center;font-size: 30px;color:#fff;\" class=\"wp-block-getwid-template-post-title has-text-color\"><a class=\"wp-block-getwid-template-post-title__link\" href=\"https:\/\/www.aluministecnicsbarcelona.com\/ca\/technal\/serie-optica\/\">S\u00e8rie OPTICA de TECHNAL<\/a><\/h3><\/div><\/div>\n<\/div>\n<\/div>\n\t\t\t\t\t\t\t\t<\/div>\r\n\t\t\t\t\t\t\t\t\t\t\t\t\t\t\t<div class='wp-block-getwid-custom-post-type__post'>\r\n\t\t\t\t\t\t\t\t\t\n<div class=\"wp-block-columns is-layout-flex wp-container-core-columns-is-layout-9d6595d7 wp-block-columns-is-layout-flex\">\n<div class=\"wp-block-column is-layout-flow wp-block-column-is-layout-flow\" style=\"flex-basis:100%\">\n<div class=\"wp-block-cover is-light\"><span aria-hidden=\"true\" class=\"wp-block-cover__background has-background-dim-20 has-background-dim\"><\/span><img loading=\"lazy\" decoding=\"async\" width=\"938\" height=\"469\" src=\"https:\/\/www.aluministecnicsbarcelona.com\/wp-content\/uploads\/2024\/01\/Serie-SOLEAL-de-TECHNAL-Cabecera-938x469.webp\" class=\"wp-block-cover__image-background wp-post-image\" alt=\"Serie SOLEAL de TECHNAL\" data-object-fit=\"cover\" srcset=\"https:\/\/www.aluministecnicsbarcelona.com\/wp-content\/uploads\/2024\/01\/Serie-SOLEAL-de-TECHNAL-Cabecera-938x469.webp 938w, https:\/\/www.aluministecnicsbarcelona.com\/wp-content\/uploads\/2024\/01\/Serie-SOLEAL-de-TECHNAL-Cabecera-300x150.webp 300w, https:\/\/www.aluministecnicsbarcelona.com\/wp-content\/uploads\/2024\/01\/Serie-SOLEAL-de-TECHNAL-Cabecera-1024x512.webp 1024w, https:\/\/www.aluministecnicsbarcelona.com\/wp-content\/uploads\/2024\/01\/Serie-SOLEAL-de-TECHNAL-Cabecera-768x384.webp 768w, https:\/\/www.aluministecnicsbarcelona.com\/wp-content\/uploads\/2024\/01\/Serie-SOLEAL-de-TECHNAL-Cabecera-1536x768.webp 1536w, https:\/\/www.aluministecnicsbarcelona.com\/wp-content\/uploads\/2024\/01\/Serie-SOLEAL-de-TECHNAL-Cabecera-1130x565.webp 1130w, https:\/\/www.aluministecnicsbarcelona.com\/wp-content\/uploads\/2024\/01\/Serie-SOLEAL-de-TECHNAL-Cabecera.jpg 1920w\" sizes=\"auto, (max-width: 938px) 100vw, 938px\" title=\"\"><div class=\"wp-block-cover__inner-container is-layout-constrained wp-block-cover-is-layout-constrained\">\r\n<h3 style=\"text-align: center;font-size: 30px;color:#fff;\" class=\"wp-block-getwid-template-post-title has-text-color\"><a class=\"wp-block-getwid-template-post-title__link\" href=\"https:\/\/www.aluministecnicsbarcelona.com\/ca\/technal\/serie-soleal-technal\/\">S\u00e8rie SOLEAL de TECHNAL<\/a><\/h3><\/div><\/div>\n<\/div>\n<\/div>\n\t\t\t\t\t\t\t\t<\/div>\r\n\t\t\t\t\t\t\t            <\/div>\r\n\r\n                    <\/div>\r\n        <\/div>\n<\/div>\n<\/div><\/div><\/div><\/div><\/div>\n\n\n\n<div class=\"wp-block-getwid-section alignfull alignfull getwid-section-content-custom-width\"><div class=\"wp-block-getwid-section__wrapper\"><div class=\"wp-block-getwid-section__inner-wrapper\"><div class=\"wp-block-getwid-section__background-holder\"><div class=\"wp-block-getwid-section__background has-background\" style=\"background-color:#f7f7f7\"><\/div><div class=\"wp-block-getwid-section__foreground\"><\/div><\/div><div class=\"wp-block-getwid-section__content\"><div class=\"wp-block-getwid-section__inner-content\">\n<div class=\"wp-block-columns has-2-columns are-vertically-aligned-center is-layout-flex wp-container-core-columns-is-layout-9d6595d7 wp-block-columns-is-layout-flex\">\n<div class=\"wp-block-column is-vertically-aligned-center is-layout-flow wp-block-column-is-layout-flow\">\n<h2 class=\"wp-block-heading has-text-align-left\">Portes i finestres Technal<\/h2>\n\n\n\n<p>TECHNAL t\u00e9 un <strong>ampli cat\u00e0leg de productes de protecci\u00f3 solar i a\u00efllament<\/strong>. <a href=\"https:\/\/www.aluministecnicsbarcelona.com\/ca\/portes-finestres-alumini\/\">Portes i finestres d&#8217;alumini<\/a> de tots els models per adaptar-se a les caracter\u00edstiques de qualsevol projecte. Fabricades en aliatges de gran efici\u00e8ncia i la m\u00e0xima resist\u00e8ncia per garantir una llarga vida \u00fatil. Amb <strong>colors i textures exclusius<\/strong> que s&#8217;ajusten a la perfecci\u00f3 a tot tipus d&#8217;estils. A m\u00e9s, compta amb m\u00faltiples accessoris que asseguren uns acabats perfectes.<\/p>\n<\/div>\n\n\n\n<div class=\"wp-block-column is-vertically-aligned-center is-layout-flow wp-block-column-is-layout-flow\">\n<div class=\"wp-block-cover is-light\" style=\"min-height:512px;aspect-ratio:unset;\"><span aria-hidden=\"true\" class=\"wp-block-cover__background has-background-dim-0 has-background-dim\"><\/span><img loading=\"lazy\" decoding=\"async\" width=\"900\" height=\"600\" sizes=\"auto, (max-width: 900px) 100vw, 900px\" class=\"wp-block-cover__image-background wp-image-14992\" alt=\"Ventanas de aluminio Technal\" src=\"https:\/\/www.aluministecnicsbarcelona.com\/wp-content\/uploads\/2022\/03\/ventanas-aluminio-technal-optica.jpg\" data-object-fit=\"cover\" title=\"\" srcset=\"https:\/\/www.aluministecnicsbarcelona.com\/wp-content\/uploads\/2022\/03\/ventanas-aluminio-technal-optica.jpg 900w, https:\/\/www.aluministecnicsbarcelona.com\/wp-content\/uploads\/2022\/03\/ventanas-aluminio-technal-optica-300x200.jpg 300w, https:\/\/www.aluministecnicsbarcelona.com\/wp-content\/uploads\/2022\/03\/ventanas-aluminio-technal-optica-768x512.jpg 768w\" \/><div class=\"wp-block-cover__inner-container is-layout-constrained wp-block-cover-is-layout-constrained\">\n<p class=\"has-text-align-center has-large-font-size\"><\/p>\n<\/div><\/div>\n<\/div>\n<\/div>\n<\/div><\/div><\/div><\/div><\/div>\n\n\n\n<div class=\"wp-block-getwid-section alignfull alignfull getwid-section-content-custom-width\"><div class=\"wp-block-getwid-section__wrapper\"><div class=\"wp-block-getwid-section__inner-wrapper\"><div class=\"wp-block-getwid-section__background-holder\"><div class=\"wp-block-getwid-section__background\"><\/div><div class=\"wp-block-getwid-section__foreground\"><\/div><\/div><div class=\"wp-block-getwid-section__content\"><div class=\"wp-block-getwid-section__inner-content\">\n<div class=\"wp-block-columns has-2-columns are-vertically-aligned-center is-layout-flex wp-container-core-columns-is-layout-9d6595d7 wp-block-columns-is-layout-flex\">\n<div class=\"wp-block-column is-vertically-aligned-center is-layout-flow wp-block-column-is-layout-flow\">\n<div class=\"wp-block-cover is-light\" style=\"min-height:512px;aspect-ratio:unset;\"><span aria-hidden=\"true\" class=\"wp-block-cover__background has-background-dim-0 has-background-dim\"><\/span><img loading=\"lazy\" decoding=\"async\" width=\"900\" height=\"600\" sizes=\"auto, (max-width: 900px) 100vw, 900px\" class=\"wp-block-cover__image-background wp-image-14991\" alt=\"Ventanas de aluminio technal soleal\" src=\"https:\/\/www.aluministecnicsbarcelona.com\/wp-content\/uploads\/2022\/03\/ventanas-aluminio-technal-soleal-gy.jpg\" data-object-fit=\"cover\" title=\"\" srcset=\"https:\/\/www.aluministecnicsbarcelona.com\/wp-content\/uploads\/2022\/03\/ventanas-aluminio-technal-soleal-gy.jpg 900w, https:\/\/www.aluministecnicsbarcelona.com\/wp-content\/uploads\/2022\/03\/ventanas-aluminio-technal-soleal-gy-300x200.jpg 300w, https:\/\/www.aluministecnicsbarcelona.com\/wp-content\/uploads\/2022\/03\/ventanas-aluminio-technal-soleal-gy-768x512.jpg 768w\" \/><div class=\"wp-block-cover__inner-container is-layout-constrained wp-block-cover-is-layout-constrained\">\n<p class=\"has-text-align-center has-large-font-size\"><\/p>\n<\/div><\/div>\n<\/div>\n\n\n\n<div class=\"wp-block-column is-vertically-aligned-center is-layout-flow wp-block-column-is-layout-flow\">\n<h2 class=\"wp-block-heading has-text-align-left\">Instal\u00b7laci\u00f3 de fusteria d&#8217;alumini d&#8217;alta qualitat<\/h2>\n\n\n\n<p>L&#8217;<strong>alumini \u00e9s un material que TECHNAL coneix a la perfecci\u00f3<\/strong>. Per aix\u00f2 pot oferir respostes del m\u00e9s alt nivell alhora que assegura un gran respecte pel medi ambient. El desenvolupament de solucions avan\u00e7ades compatibles amb la cura del planeta ha portat la marca a crear <strong>t\u00e8cniques de fabricaci\u00f3 que redueixen l&#8217;impacte ambiental en tots els processos<\/strong>. L&#8217;objectiu \u00e9s desenvolupar productes que ajudin a una construcci\u00f3 a reduir el consum d&#8217;energia i fins i tot produir m\u00e9s de la que consumeix un edifici, aconseguint una <strong>empremta ambiental negativa fins<\/strong> i tot en llocs on les necessitats energ\u00e8tiques s\u00f3n m\u00e9s exigents, com \u00e9s el cas de les ciutats m\u00e9s fredes del planeta. Aquest \u00e9s un exemple m\u00e9s de l&#8217;aposta de la marca per l&#8217;excel\u00b7l\u00e8ncia en tots els productes que fabrica.<\/p>\n<\/div>\n<\/div>\n<\/div><\/div><\/div><\/div><\/div>\n\n\n\n<div class=\"wp-block-getwid-section alignfull alignfull getwid-section-content-custom-width\"><div class=\"wp-block-getwid-section__wrapper\"><div class=\"wp-block-getwid-section__inner-wrapper\"><div class=\"wp-block-getwid-section__background-holder\"><div class=\"wp-block-getwid-section__background\"><\/div><div class=\"wp-block-getwid-section__foreground\"><\/div><\/div><div class=\"wp-block-getwid-section__content\"><div class=\"wp-block-getwid-section__inner-content\">\n<h2 class=\"wp-block-heading has-text-align-center\">V\u00eddeos de Technal<\/h2>\n\n\n\n<div class=\"wp-block-columns alignwide is-layout-flex wp-container-core-columns-is-layout-9d6595d7 wp-block-columns-is-layout-flex\">\n<div class=\"wp-block-column is-layout-flow wp-block-column-is-layout-flow\">\n<figure class=\"wp-block-embed is-type-video is-provider-youtube wp-block-embed-youtube wp-embed-aspect-16-9 wp-has-aspect-ratio\"><div class=\"wp-block-embed__wrapper\">\n<iframe loading=\"lazy\" title=\"Porte Repliable AMBIAL TECHNAL\" width=\"1130\" height=\"636\" src=\"https:\/\/www.youtube.com\/embed\/j_Qk3fPW9KM?feature=oembed\" frameborder=\"0\" allow=\"accelerometer; autoplay; clipboard-write; encrypted-media; gyroscope; picture-in-picture; web-share\" allowfullscreen><\/iframe>\n<\/div><\/figure>\n<\/div>\n\n\n\n<div class=\"wp-block-column is-layout-flow wp-block-column-is-layout-flow\">\n<figure class=\"wp-block-embed is-type-video is-provider-youtube wp-block-embed-youtube wp-embed-aspect-16-9 wp-has-aspect-ratio\"><div class=\"wp-block-embed__wrapper\">\n<iframe loading=\"lazy\" title=\"Unicity, la ventana m\u00e1s discreta - Technal\" width=\"1130\" height=\"848\" src=\"https:\/\/www.youtube.com\/embed\/LHHWwhjjsr8?feature=oembed\" frameborder=\"0\" allow=\"accelerometer; autoplay; clipboard-write; encrypted-media; gyroscope; picture-in-picture; web-share\" allowfullscreen><\/iframe>\n<\/div><\/figure>\n<\/div>\n\n\n\n<div class=\"wp-block-column is-layout-flow wp-block-column-is-layout-flow\">\n<figure class=\"wp-block-embed is-type-video is-provider-youtube wp-block-embed-youtube wp-embed-aspect-16-9 wp-has-aspect-ratio\"><div class=\"wp-block-embed__wrapper\">\n<iframe loading=\"lazy\" title=\"Lumeal XXL Technal\" width=\"1130\" height=\"636\" src=\"https:\/\/www.youtube.com\/embed\/oHPotSK2RwI?feature=oembed\" frameborder=\"0\" allow=\"accelerometer; autoplay; clipboard-write; encrypted-media; gyroscope; picture-in-picture; web-share\" allowfullscreen><\/iframe>\n<\/div><\/figure>\n<\/div>\n\n\n\n<div class=\"wp-block-column is-layout-flow wp-block-column-is-layout-flow\">\n<figure class=\"wp-block-embed is-type-video is-provider-youtube wp-block-embed-youtube wp-embed-aspect-16-9 wp-has-aspect-ratio\"><div class=\"wp-block-embed__wrapper\">\n<iframe loading=\"lazy\" title=\"TECHNAL : Spot TV 2016 - &quot; Un fabuleux pouvoir &quot;\" width=\"1130\" height=\"636\" src=\"https:\/\/www.youtube.com\/embed\/WjTK_4gEYIU?feature=oembed\" frameborder=\"0\" allow=\"accelerometer; autoplay; clipboard-write; encrypted-media; gyroscope; picture-in-picture; web-share\" allowfullscreen><\/iframe>\n<\/div><\/figure>\n<\/div>\n<\/div>\n\n\n\n<div style=\"height:50px\" aria-hidden=\"true\" class=\"wp-block-spacer\"><\/div>\n<\/div><\/div><\/div><\/div><\/div>\n","protected":false},"excerpt":{"rendered":"","protected":false},"author":2,"featured_media":16952,"parent":0,"menu_order":0,"comment_status":"closed","ping_status":"closed","template":"template-uli-page.php","meta":{"_lmt_disableupdate":"","_lmt_disable":"","_joinchat":[],"footnotes":""},"class_list":["post-13733","page","type-page","status-publish","has-post-thumbnail","hentry"],"_links":{"self":[{"href":"https:\/\/www.aluministecnicsbarcelona.com\/ca\/wp-json\/wp\/v2\/pages\/13733","targetHints":{"allow":["GET"]}}],"collection":[{"href":"https:\/\/www.aluministecnicsbarcelona.com\/ca\/wp-json\/wp\/v2\/pages"}],"about":[{"href":"https:\/\/www.aluministecnicsbarcelona.com\/ca\/wp-json\/wp\/v2\/types\/page"}],"author":[{"embeddable":true,"href":"https:\/\/www.aluministecnicsbarcelona.com\/ca\/wp-json\/wp\/v2\/users\/2"}],"replies":[{"embeddable":true,"href":"https:\/\/www.aluministecnicsbarcelona.com\/ca\/wp-json\/wp\/v2\/comments?post=13733"}],"version-history":[{"count":9,"href":"https:\/\/www.aluministecnicsbarcelona.com\/ca\/wp-json\/wp\/v2\/pages\/13733\/revisions"}],"predecessor-version":[{"id":20060,"href":"https:\/\/www.aluministecnicsbarcelona.com\/ca\/wp-json\/wp\/v2\/pages\/13733\/revisions\/20060"}],"wp:featuredmedia":[{"embeddable":true,"href":"https:\/\/www.aluministecnicsbarcelona.com\/ca\/wp-json\/wp\/v2\/media\/16952"}],"wp:attachment":[{"href":"https:\/\/www.aluministecnicsbarcelona.com\/ca\/wp-json\/wp\/v2\/media?parent=13733"}],"curies":[{"name":"wp","href":"https:\/\/api.w.org\/{rel}","templated":true}]}}