{"id":13765,"date":"2024-02-19T11:36:53","date_gmt":"2024-02-19T11:36:53","guid":{"rendered":"https:\/\/www.aluministecnicsbarcelona.com\/ca\/aviso-legal\/"},"modified":"2024-02-28T15:35:43","modified_gmt":"2024-02-28T15:35:43","slug":"avis-legal","status":"publish","type":"page","link":"https:\/\/www.aluministecnicsbarcelona.com\/ca\/avis-legal\/","title":{"rendered":"Av\u00eds legal"},"content":{"rendered":"\n<p><span style=\"font-family: Montserrat, sans-serif; font-size: 1rem; letter-spacing: 0.7px; white-space-collapse: collapse; color: rgb(108, 114, 122);\">Per tal de donar compliment a l&#8217;article 10 de la Llei 34\/2002, de Serveis de la Societat de la Informaci\u00f3 i de comer\u00e7 electr\u00f2nic (LSSI-CE), informem els usuaris de les nostres dades identificatives i de contacte:<\/span><ul style=\"margin: 0px auto; padding-left: 1.5em; list-style-type: disc; max-width: 938px; font-family: Montserrat, sans-serif; letter-spacing: 0.7px; white-space-collapse: collapse;\"><li style=\"box-sizing: inherit; margin-top: 0px;\"><span style=\"box-sizing: inherit; font-weight: bolder;\">Nom o Denominaci\u00f3 social:<\/span><font style=\"box-sizing: inherit; vertical-align: inherit;\">\u00a0ALUMINIS ALELLA, SL<\/font><span style=\"box-sizing: inherit; font-weight: bolder;\">Domicili social:<\/span><font style=\"box-sizing: inherit; vertical-align: inherit;\">\u00a0PLA\u00c7A ANTONI PUJADA, LOCAL 8, 08328 ALELLA (BARCELONA)<\/font><span style=\"box-sizing: inherit; font-weight: bolder;\">NIF:<\/span><font style=\"box-sizing: inherit; vertical-align: inherit;\">\u00a0B65713489<\/font><span style=\"box-sizing: inherit; font-weight: bolder;\">Tel\u00e8fon:<\/span><font style=\"box-sizing: inherit; vertical-align: inherit;\">\u00a0615572245<\/font><span style=\"box-sizing: inherit; font-weight: bolder;\">E-Mail:<\/span><font style=\"box-sizing: inherit; vertical-align: inherit;\">\u00a0info@aluminisalella.com<\/font><span style=\"box-sizing: inherit; font-weight: bolder;\">Dades Registrals:<\/span><font style=\"box-sizing: inherit; vertical-align: inherit;\">\u00a0Aquesta societat consta inscrita al Registre Mercantil de BARCELONA, Tom 42968, Foli 150, Secci\u00f3 1a, Full B416610.<\/font><\/li><span style=\"box-sizing: inherit; font-weight: bolder;\">1.- OBJECTE<\/span><\/ul><\/p>\n\n\n\n<p><ul style=\"margin: 0px auto; padding-left: 1.5em; list-style-type: disc; max-width: 938px; font-family: Montserrat, sans-serif; letter-spacing: 0.7px; white-space-collapse: collapse;\"><font style=\"box-sizing: inherit; vertical-align: inherit;\">ALUMINIS ALELLA, SL (d&#8217;ara endavant, el prestador), com a responsable del lloc web www.aluministecnicsbarcelona.com, posa a disposici\u00f3 dels usuaris aquest document, el qual regula l&#8217;\u00fas del lloc web www.aluministecnicsbarcelona.com, amb qu\u00e8 pretenem donar compliment a les obligacions que disposa la Llei 34\/2002, de Serveis de la Societat de la Informaci\u00f3 i comer\u00e7 electr\u00f2nic, aix\u00ed com informar tots els usuaris respecte de quines s\u00f3n les condicions d&#8217;\u00fas i navegaci\u00f3 de la p\u00e0gina web.A trav\u00e9s d&#8217;aquest lloc web, ALUMINIS ALELLA, SL facilita als usuaris l&#8217;acc\u00e9s i la utilitzaci\u00f3 dels diferents serveis i continguts posats a la seva disposici\u00f3 mitjan\u00e7ant aquesta p\u00e0gina web.Tota persona que accedeixi a aquesta p\u00e0gina web ser\u00e0 considerada usuari (d&#8217;ara endavant, l&#8217;usuari), i implica l&#8217;acceptaci\u00f3 total i sense reserves de totes i cadascuna de les disposicions incloses en aquest Av\u00eds legal, aix\u00ed com qualsevol altra disposici\u00f3 legal que pugui resultar aplicable.<font style=\"box-sizing: inherit; vertical-align: inherit;\">L&#8217;usuari haur\u00e0 de llegir atentament aquest av\u00eds legal, recomanant-se la lectura abans de visitar la p\u00e0gina web, i cada vegada que hi accedeixi, amb la finalitat de llegir i entendre les modificacions que el prestador hagu\u00e9s pogut realitzar.\u00a0En aquest sentit, el prestador es reserva el dret de modificar les presents condicions, sense que hi hagi l&#8217;obligaci\u00f3 de preavisar o posar en coneixement dels usuaris les modificacions efectuades, sent suficient la publicaci\u00f3 de les mateixes en aquesta p\u00e0gina web.\u00a0\u00c9s responsabilitat de l&#8217;usuari accedir peri\u00f2dicament a aquestes condicions, ja que seran d&#8217;aplicaci\u00f3 les m\u00e9s recents i es deixaran sense efecte les condicions pr\u00e8vies.<\/font><\/font><\/ul><\/p>\n\n\n\n<p><ul style=\"margin: 0px auto; padding-left: 1.5em; list-style-type: disc; max-width: 938px; font-family: Montserrat, sans-serif; letter-spacing: 0.7px; white-space-collapse: collapse;\"><span style=\"box-sizing: inherit; font-weight: bolder;\">2.- CONDICIONS D&#8217;ACC\u00c9S I UTILITZACI\u00d3 DE LA P\u00c0GINA WEB<\/span><\/ul><\/p>\n\n\n\n<p><ul style=\"margin: 0px auto; padding-left: 1.5em; list-style-type: disc; max-width: 938px; font-family: Montserrat, sans-serif; letter-spacing: 0.7px; white-space-collapse: collapse;\"><font style=\"box-sizing: inherit; vertical-align: inherit;\">Mitjan\u00e7ant aquest av\u00eds legal s&#8217;informa els usuaris de les condicions que regeixen l&#8217;acc\u00e9s i l&#8217;\u00fas de la p\u00e0gina web, tenint les mateixes la consideraci\u00f3 de condicions generals de la contractaci\u00f3.<\/font><\/ul><\/p>\n\n\n\n<p><ul style=\"margin: 0px auto; padding-left: 1.5em; list-style-type: disc; max-width: 938px; font-family: Montserrat, sans-serif; letter-spacing: 0.7px; white-space-collapse: collapse;\"><span style=\"box-sizing: inherit; font-weight: bolder;\"><font style=\"box-sizing: inherit; vertical-align: inherit;\"><font style=\"box-sizing: inherit; vertical-align: inherit;\">2.1.\u00a0Car\u00e0cter gratu\u00eft de l&#8217;acc\u00e9s i l&#8217;\u00fas de la web.<\/font><\/font><\/span><\/ul><\/p>\n\n\n\n<p><ul style=\"margin: 0px auto; padding-left: 1.5em; list-style-type: disc; max-width: 938px; font-family: Montserrat, sans-serif; letter-spacing: 0.7px; white-space-collapse: collapse;\"><font style=\"box-sizing: inherit; vertical-align: inherit;\"><font style=\"box-sizing: inherit; vertical-align: inherit;\">La prestaci\u00f3 dels serveis per part de ALUMINIS ALELLA, SL en aquest lloc web tenen car\u00e0cter gratu\u00eft per a tots els usuaris.\u00a0Tot i aix\u00f2, alguns dels serveis subministrats pel prestador a trav\u00e9s d&#8217;aquesta p\u00e0gina web poden estar subjectes al pagament d&#8217;un preu determinat.\u00a0En aquest sup\u00f2sit, sempre s&#8217;informar\u00e0 a l&#8217;usuari del car\u00e0cter oner\u00f3s de determinats serveis, essent necess\u00e0ria la seva pr\u00e8via contractaci\u00f3, i resultant d&#8217;aplicaci\u00f3 les condicions generals de venda que si escau existissin a la p\u00e0gina web, aix\u00ed com la normativa de consum vigent a cada moment.<\/font><\/font><\/ul><\/p>\n\n\n\n<p><ul style=\"margin: 0px auto; padding-left: 1.5em; list-style-type: disc; max-width: 938px; font-family: Montserrat, sans-serif; letter-spacing: 0.7px; white-space-collapse: collapse;\"><span style=\"box-sizing: inherit; font-weight: bolder;\"><font style=\"box-sizing: inherit; vertical-align: inherit;\"><font style=\"box-sizing: inherit; vertical-align: inherit;\">2.2.\u00a0Registre dusuari.<\/font><\/font><\/span><\/ul><\/p>\n\n\n\n<p><ul style=\"margin: 0px auto; padding-left: 1.5em; list-style-type: disc; max-width: 938px; font-family: Montserrat, sans-serif; letter-spacing: 0.7px; white-space-collapse: collapse;\"><font style=\"box-sizing: inherit; vertical-align: inherit;\"><font style=\"box-sizing: inherit; vertical-align: inherit;\">Amb car\u00e0cter general la prestaci\u00f3 dels serveis oferts en aquesta p\u00e0gina web no exigeixen la pr\u00e8via subscripci\u00f3 o registre dels usuaris.\u00a0Tot i aix\u00ed, \u00e9s possible que el prestador condicioni l&#8217;\u00fas d&#8217;alguns serveis a l&#8217;emplenament previ del registre d&#8217;usuaris corresponent.\u00a0Aquest registre s&#8217;efectuar\u00e0 en la forma expressament indicada a la pr\u00f2pia secci\u00f3 del servei.\u00a0El tractament de dades personals de l&#8217;usuari que pugui tenir lloc com a conseq\u00fc\u00e8ncia del registre o subscripci\u00f3 es regir\u00e0 per la nostra Pol\u00edtica de privadesa.\u00a0<\/font><\/font><\/ul><\/p>\n\n\n\n<p><ul style=\"margin: 0px auto; padding-left: 1.5em; list-style-type: disc; max-width: 938px; font-family: Montserrat, sans-serif; letter-spacing: 0.7px; white-space-collapse: collapse;\"><span style=\"box-sizing: inherit; font-weight: bolder;\"><font style=\"box-sizing: inherit; vertical-align: inherit;\"><font style=\"box-sizing: inherit; vertical-align: inherit;\">2.3.\u00a0Veracitat de la informaci\u00f3.<\/font><\/font><\/span><\/ul><\/p>\n\n\n\n<p><ul style=\"margin: 0px auto; padding-left: 1.5em; list-style-type: disc; max-width: 938px; font-family: Montserrat, sans-serif; letter-spacing: 0.7px; white-space-collapse: collapse;\"><font style=\"box-sizing: inherit; vertical-align: inherit;\"><font style=\"box-sizing: inherit; vertical-align: inherit;\">Tota la informaci\u00f3 que l&#8217;usuari faciliti a trav\u00e9s d&#8217;aquesta p\u00e0gina web haur\u00e0 de ser vera\u00e7.\u00a0A aquest efecte, lusuari garanteix lautenticitat de les dades comunicades a trav\u00e9s dels formularis de contacte habilitats.\u00a0Ser\u00e0 responsabilitat de l&#8217;usuari mantenir tota la informaci\u00f3 facilitada a ALUMINIS ALELLA, SL permanentment actualitzada de manera que respongui, a cada moment, a la seva situaci\u00f3 real.\u00a0En tot cas, l&#8217;usuari ser\u00e0 l&#8217;\u00fanic responsable de les manifestacions falses o inexactes que faci i dels perjudicis que pugui causar el prestador o tercers.<\/font><\/font><\/ul><\/p>\n\n\n\n<p><ul style=\"margin: 0px auto; padding-left: 1.5em; list-style-type: disc; max-width: 938px; font-family: Montserrat, sans-serif; letter-spacing: 0.7px; white-space-collapse: collapse;\"><span style=\"box-sizing: inherit; font-weight: bolder;\"><font style=\"box-sizing: inherit; vertical-align: inherit;\"><font style=\"box-sizing: inherit; vertical-align: inherit;\">2.4.\u00a0Menors d&#8217;edat<\/font><\/font><\/span><font style=\"box-sizing: inherit; vertical-align: inherit;\">\u00a0.<\/font><\/ul><\/p>\n\n\n\n<p><ul style=\"margin: 0px auto; padding-left: 1.5em; list-style-type: disc; max-width: 938px; font-family: Montserrat, sans-serif; letter-spacing: 0.7px; white-space-collapse: collapse;\"><font style=\"box-sizing: inherit; vertical-align: inherit;\"><font style=\"box-sizing: inherit; vertical-align: inherit;\">ALUMINIS ALELLA, SL recomana l\u00b4\u00fas d\u00b4aquesta p\u00e0gina web a majors de 18 anys.\u00a0Per a l&#8217;\u00fas dels serveis d&#8217;aquesta p\u00e0gina web, els menors han d&#8217;obtenir sempre pr\u00e8viament el consentiment dels pares, tutors o representants legals, responsables \u00faltims de tots els actes realitzats pels menors a c\u00e0rrec seu.\u00a0La responsabilitat en la determinaci\u00f3 de continguts concrets als quals accedeixin els menors correspon a aquells, \u00e9s per aix\u00f2 que, si accedeixen a continguts no apropiats per Internet, s&#8217;hauran de configurar als seus ordinadors o dispositius m\u00f2bils mecanismes (filtres, bloquejos, etc.). ), que permetin limitar els continguts disponibles.<\/font><\/font><\/ul><\/p>\n\n\n\n<p><ul style=\"margin: 0px auto; padding-left: 1.5em; list-style-type: disc; max-width: 938px; font-family: Montserrat, sans-serif; letter-spacing: 0.7px; white-space-collapse: collapse;\"><span style=\"box-sizing: inherit; font-weight: bolder;\"><font style=\"box-sizing: inherit; vertical-align: inherit;\"><font style=\"box-sizing: inherit; vertical-align: inherit;\">2.5.\u00a0Obligacions dels usuaris.<\/font><\/font><\/span><\/ul><\/p>\n\n\n\n<p><ul style=\"margin: 0px auto; padding-left: 1.5em; list-style-type: disc; max-width: 938px; font-family: Montserrat, sans-serif; letter-spacing: 0.7px; white-space-collapse: collapse;\"><font style=\"box-sizing: inherit; vertical-align: inherit;\"><font style=\"box-sizing: inherit; vertical-align: inherit;\">L&#8217;usuari es compromet a utilitzar aquesta p\u00e0gina web de conformitat amb aquestes Condicions, la Llei, la moral i els bons costums.\u00a0A aquest efecte, l&#8217;usuari s&#8217;abstindr\u00e0 d&#8217;utilitzar aquest lloc web amb finalitats il\u00b7l\u00edcites o prohibides, lesives de drets i interessos del prestador, altres usuaris i tercers, o que de qualsevol manera puguin fer malb\u00e9, inutilitzar, sobrecarregar, deteriorar o impedir la utilitzaci\u00f3 normal d&#8217;equips inform\u00e0tics o documents, arxius i tota mena de continguts emmagatzemats a qualsevol equip inform\u00e0tic del prestador o tercers.<\/font>En particular, ia t\u00edtol indicatiu, per\u00f2 no exhaustiu, l&#8217;usuari es compromet a no transmetre, difondre o posar a disposici\u00f3 de terceres informacions, dades, continguts, missatges, gr\u00e0fics, dibuixos, fitxers de so o imatge, fotografies, enregistraments, programari i , en general, qualsevol classe de material que:<font style=\"box-sizing: inherit; vertical-align: inherit;\">Sigui contrari, menyspre\u00ef o atempti contra els drets fonamentals i llibertats p\u00fabliques reconegudes constitucionalment, en tractats internacionals i altres normes vigents.Indueixi, inciti o promogui actuacions delictives, denigrants, difamat\u00f2ries, violentes o, en general, contr\u00e0ries a les lleis, la moral i lordre p\u00fablic.Indueixi, inciti o promogui actuacions, actituds o pensaments discriminatoris per ra\u00f3 de sexe, ra\u00e7a, religi\u00f3, creences, edat, orientaci\u00f3 sexual o condici\u00f3, entre d&#8217;altres.Sigui contrari al dret a l&#8217;honor, a la intimitat personal o familiar oa la pr\u00f2pia imatge de les persones.De qualsevol manera que perjudiqui la credibilitat del prestador o de tercers.Que constitueixi publicitat il\u00b7l\u00edcita, enganyosa o deslleial.<\/font><\/font><\/ul><\/p>\n\n\n\n<p><ul style=\"margin: 0px auto; padding-left: 1.5em; list-style-type: disc; max-width: 938px; font-family: Montserrat, sans-serif; letter-spacing: 0.7px; white-space-collapse: collapse;\"><span style=\"box-sizing: inherit; font-weight: bolder;\">3.- EXCLUSI\u00d3 DE GARANTIES I RESPONSABILITAT<\/span><\/ul><\/p>\n\n\n\n<p><ul style=\"margin: 0px auto; padding-left: 1.5em; list-style-type: disc; max-width: 938px; font-family: Montserrat, sans-serif; letter-spacing: 0.7px; white-space-collapse: collapse;\"><font style=\"box-sizing: inherit; vertical-align: inherit;\"><font style=\"box-sizing: inherit; vertical-align: inherit;\">El contingut del present lloc web \u00e9s de car\u00e0cter general i t\u00e9 una finalitat merament informativa, sense que se&#8217;n garanteixi plenament l&#8217;acc\u00e9s a tots els continguts, ni la seva exhaustivitat, correcci\u00f3, vig\u00e8ncia o actualitat;\u00a0ni la seva idone\u00eftat o utilitat per a un objectiu espec\u00edfic.<\/font>El prestador s&#8217;eximeix de qualsevol tipus de responsabilitat derivada de la informaci\u00f3 publicada a la nostra p\u00e0gina web, sempre que aquesta informaci\u00f3 hagi estat manipulada o introdu\u00efda per un tercer ali\u00e8.<font style=\"box-sizing: inherit; vertical-align: inherit;\">Aquest lloc web ha estat revisat i provat perqu\u00e8 funcioni correctament.\u00a0Tot i aix\u00f2, el prestador no descarta la possibilitat que hi hagi determinats errors de programaci\u00f3, o que succeeixin causes de for\u00e7a major, cat\u00e0strofes naturals, vagues, o circumst\u00e0ncies similars que facin impossible de forma temporal l&#8217;acc\u00e9s a la p\u00e0gina web.<\/font>El prestador exclou, fins on permet l&#8217;ordenament jur\u00eddic, qualsevol responsabilitat pels danys i perjudicis de tota naturalesa derivats de:<font style=\"box-sizing: inherit; vertical-align: inherit;\">La impossibilitat d&#8217;acc\u00e9s al lloc web o la manca de veracitat, exactitud, exhaustivitat i\/o actualitat dels continguts, aix\u00ed com l&#8217;exist\u00e8ncia de vicis i defectes de tota mena dels continguts transmesos, difosos, emmagatzemats, posats a disposici\u00f3 als que s&#8217;hagi accedit a trav\u00e9s del lloc web o dels serveis que s&#8217;hi ofereixen.La pres\u00e8ncia de virus o altres elements en els continguts que puguin produir alteracions en els sistemes inform\u00e0tics, documents electr\u00f2nics o dades dels usuaris.<font style=\"box-sizing: inherit; vertical-align: inherit;\">L&#8217;incompliment de les lleis, la bona fe, l&#8217;ordre p\u00fablic, els usos del tr\u00e0nsit i aquest Av\u00eds legal, com a conseq\u00fc\u00e8ncia de l&#8217;\u00fas incorrecte del lloc web.\u00a0En particular, ia mode d&#8217;exemple, el prestador no es fa responsable de les actuacions de tercers que vulnerin drets de propietat intel\u00b7lectual i industrial, secrets empresarials, drets a l&#8217;honor, a la intimitat personal i familiar ia la pr\u00f2pia imatge, aix\u00ed com la normativa en mat\u00e8ria de compet\u00e8ncia deslleial i publicitat il\u00b7l\u00edcita.<\/font>El prestador no garanteix la disponibilitat cont\u00ednua i permanent dels serveis, quedant aix\u00ed exonerat de qualsevol responsabilitat per possibles danys i perjudicis causats com a conseq\u00fc\u00e8ncia de la manca de disponibilitat del servei per motius de for\u00e7a major o errors a les xarxes telem\u00e0tiques de transfer\u00e8ncia de dades alienes a la seva voluntat, o per desconnexions realitzades per feines de millora o manteniment dels equips i sistemes inform\u00e0tics.\u00a0El prestador no ser\u00e0 responsable per la interrupci\u00f3, suspensi\u00f3 o finalitzaci\u00f3 de la informaci\u00f3 o serveis.\u00a0Aix\u00ed mateix, no es responsabilitza de les possibles omissions, p\u00e8rdues dinformaci\u00f3, dades, configuracions, accessos indeguts o vulneraci\u00f3 de la confidencialitat que tinguin origen en problemes t\u00e8cnics, de comunicacions o omissions humanes, causades per tercers o no imputables al prestador.\u00a0Tampoc no respon dels danys produ\u00efts per atacs inform\u00e0tics o causats per virus que afectin programes inform\u00e0tics, sistemes de comunicacions o equips utilitzats per prestador, per\u00f2 fabricats o facilitats per un tercer.\u00a0El prestador pot, a la seva sola discreci\u00f3, denegar, retirar, suspendre i\/o bloquejar en qualsevol moment, i sense necessitat de previ av\u00eds, l&#8217;acc\u00e9s a la informaci\u00f3 i els serveis als usuaris que incompleixin aquestes condicions.<\/font>El prestador No es fa responsable sota cap concepte dels danys que puguin dimanar de l\u00fas il\u00b7legal o indegut de la present p\u00e0gina web.<font style=\"box-sizing: inherit; vertical-align: inherit;\">En tot cas, el prestador exclou qualsevol responsabilitat pels danys i perjudicis que es puguin deure a la informaci\u00f3 i\/o serveis prestats o subministrats per tercers, diferents dels oferts pel prestador.\u00a0Tota responsabilitat recaur\u00e0 sobre el tercer, ja sigui aquest prove\u00efdor, col\u00b7laborador o un altre.<\/font><\/font><\/ul><\/p>\n\n\n\n<p><ul style=\"margin: 0px auto; padding-left: 1.5em; list-style-type: disc; max-width: 938px; font-family: Montserrat, sans-serif; letter-spacing: 0.7px; white-space-collapse: collapse;\"><span style=\"box-sizing: inherit; font-weight: bolder;\"><font style=\"box-sizing: inherit; vertical-align: inherit;\"><font style=\"box-sizing: inherit; vertical-align: inherit;\">4.- ENLLA\u00c7OS (\u00a0<\/font><\/font><em style=\"box-sizing: inherit;\"><font style=\"box-sizing: inherit; vertical-align: inherit;\"><font style=\"box-sizing: inherit; vertical-align: inherit;\">LINKS<\/font><\/font><\/em><font style=\"box-sizing: inherit; vertical-align: inherit;\"><font style=\"box-sizing: inherit; vertical-align: inherit;\">\u00a0)<\/font><\/font><\/span><\/ul><\/p>\n\n\n\n<p><ul style=\"margin: 0px auto; padding-left: 1.5em; list-style-type: disc; max-width: 938px; font-family: Montserrat, sans-serif; letter-spacing: 0.7px; white-space-collapse: collapse;\"><font style=\"box-sizing: inherit; vertical-align: inherit;\"><font style=\"box-sizing: inherit; vertical-align: inherit;\">\u00c9s possible que aquest lloc web inclogui enlla\u00e7os o hipervincles que permeti als usuaris ser redirigits a continguts de p\u00e0gines web i llocs d&#8217;Internet pertanyents a tercers aliens al prestador.\u00a0Com que des de la nostra p\u00e0gina web no podem controlar sempre els continguts introdu\u00efts pels tercers, ALUMINIS ALELLA, SL no assumeix cap mena de responsabilitat respecte a aquests continguts.\u00a0En tot cas, el prestador manifesta que procedir\u00e0 a la retirada immediata de qualsevol contingut que pogu\u00e9s contravenir la legislaci\u00f3 nacional i\/o internacional, la moral o l&#8217;ordre p\u00fablic, procedint a la retirada immediata del\u00a0<\/font><\/font><em style=\"box-sizing: inherit;\">link<\/em><font style=\"box-sizing: inherit; vertical-align: inherit;\">\u00a0o enlla\u00e7 a webs de tercers, i posant en coneixement de les autoritats competents el contingut en q\u00fcesti\u00f3.<font style=\"box-sizing: inherit; vertical-align: inherit;\">El prestador no es responsabilitza de la informaci\u00f3 i continguts emmagatzemats, a t\u00edtol enunciatiu, per\u00f2 no limitatiu, en f\u00f2rums, xats, generadors de blocs, comentaris, xarxes socials o qualsevol altre mitj\u00e0 que permeti a tercers publicar continguts de forma independent a la p\u00e0gina web del prestador.\u00a0No obstant aix\u00f2, i en compliment de qu\u00e8 disposa els articles 11 i 16 LSSI-CE, el prestador es posa a disposici\u00f3 dels usuaris, autoritats i forces de seguretat, i col\u00b7laborant de forma activa en la retirada o, quan sigui necessari, el bloqueig de tots aquells continguts que puguin afectar o contravenir la legislaci\u00f3 nacional o internacional, drets de tercers, o la moral i l&#8217;ordre p\u00fablic.\u00a0En cas que l&#8217;usuari consideri que hi pugui haver algun contingut que pogu\u00e9s ser susceptible d&#8217;aquesta classificaci\u00f3, es prega que ho notifiqui al m\u00e9s aviat possible a l&#8217;administrador del lloc web.<\/font><\/font><\/ul><\/p>\n\n\n\n<p><ul style=\"margin: 0px auto; padding-left: 1.5em; list-style-type: disc; max-width: 938px; font-family: Montserrat, sans-serif; letter-spacing: 0.7px; white-space-collapse: collapse;\"><span style=\"box-sizing: inherit; font-weight: bolder;\">5.- PROPIETAT INTEL\u00b7LECTUAL<\/span><\/ul><\/p>\n\n\n\n<p><ul style=\"margin: 0px auto; padding-left: 1.5em; list-style-type: disc; max-width: 938px; font-family: Montserrat, sans-serif; letter-spacing: 0.7px; white-space-collapse: collapse;\"><font style=\"box-sizing: inherit; vertical-align: inherit;\"><font style=\"box-sizing: inherit; vertical-align: inherit;\">Aquest lloc web, incloent-hi a t\u00edtol enunciatiu, per\u00f2 no limitatiu, la programaci\u00f3, edici\u00f3, compilaci\u00f3 i altres elements necessaris per al seu funcionament;\u00a0els dissenys, logotips, textos, fotografies i\/o elements gr\u00e0fics i sonors, s\u00f3n propietat del prestador o, si no, disposa de les llic\u00e8ncies i\/o autoritzacions concedides pels seus autors per al seu \u00fas leg\u00edtim.\u00a0Tots els continguts del lloc web estan degudament protegits per la normativa sobre propietat intel\u00b7lectual i industrial aplicable.Independentment de la finalitat per la qual fossin destinats, la reproducci\u00f3 total o parcial, \u00fas, distribuci\u00f3 i comunicaci\u00f3 p\u00fablica requereixen l&#8217;autoritzaci\u00f3 escrita pr\u00e8via per part del prestador.\u00a0Qualsevol \u00fas no autoritzat pr\u00e8viament per part del prestador ser\u00e0 considerat un incompliment greu dels drets de propietat intel\u00b7lectual i industrial del seu propietari leg\u00edtim.Els dissenys, logotips, textos, gr\u00e0fics, entre altres, aliens al prestador i que puguin apar\u00e8ixer en aquest lloc web, pertanyen als seus respectius propietaris, sent ells mateixos els responsables de qualsevol possible controv\u00e8rsia que pogu\u00e9s esdevenir respecte d&#8217;aquests.\u00a0En tot cas, el prestador compta amb lautoritzaci\u00f3 expressa i pr\u00e8via per part dels mateixos per a la seva utilitzaci\u00f3 en aquesta p\u00e0gina web.<\/font>El prestador reconeix a favor dels seus titulars els corresponents drets de propietat industrial i intel\u00b7lectual, i no implica la seva menci\u00f3 o aparici\u00f3 al lloc web, de l&#8217;exist\u00e8ncia de drets o cap responsabilitat del prestador sobre aquests, com tampoc suport, patrocini o recomanaci\u00f3 per part d&#8217;aquest.<\/font><\/ul><\/p>\n\n\n\n<p><ul style=\"margin: 0px auto; padding-left: 1.5em; list-style-type: disc; max-width: 938px; font-family: Montserrat, sans-serif; letter-spacing: 0.7px; white-space-collapse: collapse;\"><span style=\"box-sizing: inherit; font-weight: bolder;\">6.- XARXES SOCIALS<\/span><\/ul><\/p>\n\n\n\n<p><ul style=\"margin: 0px auto; padding-left: 1.5em; list-style-type: disc; max-width: 938px; font-family: Montserrat, sans-serif; letter-spacing: 0.7px; white-space-collapse: collapse;\"><font style=\"box-sizing: inherit; vertical-align: inherit;\"><font style=\"box-sizing: inherit; vertical-align: inherit;\">Us informem que ALUMINIS ALELLA, SL pot ser present a diverses xarxes socials.\u00a0El tractament de les dades que els usuaris hi incloguin -sent seguidors dels perfils d&#8217;ALUMINIS ALELLA, SL, o realitzant qualsevol vincle o acci\u00f3 de connexi\u00f3 a trav\u00e9s d&#8217;aquestes- es regir\u00e0 pel present apartat d&#8217;aquest Av\u00eds legal.\u00a0Quan l&#8217;usuari es trobi al perfil d&#8217;ALUMINIS ALELLA, SL a les diverses xarxes socials en qu\u00e8 tingui pres\u00e8ncia, li seran aplicables les condicions d&#8217;\u00fas i les pol\u00edtiques de privadesa de les diferents xarxes socials.\u00a0ALUMINIS ALELLA, SL no es far\u00e0 responsable dels comentaris que altres usuaris de les xarxes socials puguin publicar al perfil de l&#8217;empresa, tot aix\u00f2 sense perjudici de les possibles accions que ALUMINIS ALELLA, SL pugui exercir davant dels titulars de les xarxes socials (per exemple, sol\u00b7licitud d&#8217;eliminaci\u00f3 de comentaris inadequats, ofensius o lesius de drets d&#8217;altres usuaris).<\/font>ALUMINIS ALELLA, SL tindr\u00e0 acc\u00e9s a les dades personals que l&#8217;usuari hagi publicat als seus perfils de les xarxes socials, de la mateixa manera que altres usuaris de les xarxes socials puguin tenir acc\u00e9s.Queda prohibida la publicaci\u00f3 del seg\u00fcent contingut al perfil d&#8217;ALUMINIS ALELLA, SL en xarxes socials, tot aix\u00f2 sense perjudici de les normes de conducta i condicions d&#8217;\u00fas del servei imposades pels titulars de les diferents xarxes socials:<font style=\"box-sizing: inherit; vertical-align: inherit;\">Publicacions que incompleixin la normativa nacional, comunit\u00e0ria i internacional aplicable, o que suposin la realitzaci\u00f3 dactivitats il\u00b7l\u00edcites o que contravinguin els principis de la bona fe.Publicacions que atemptin contra els drets fonamentals i llibertats p\u00fabliques de les persones, faltin a la cortesia a la xarxa, al respecte o al bon nom.<\/font>Aix\u00ed mateix, ALUMINIS ALELLA, SL es reserva la potestat de retirar de la p\u00e0gina web, o de les xarxes socials, aquells continguts que es considerin inadequats.<\/font><\/ul><\/p>\n\n\n\n<p><ul style=\"margin: 0px auto; padding-left: 1.5em; list-style-type: disc; max-width: 938px; font-family: Montserrat, sans-serif; letter-spacing: 0.7px; white-space-collapse: collapse;\"><span style=\"box-sizing: inherit; font-weight: bolder;\">7.- PROTECCI\u00d3 DE DADES<\/span><\/ul><\/p>\n\n\n\n<p><ul style=\"margin: 0px auto; padding-left: 1.5em; list-style-type: disc; max-width: 938px; font-family: Montserrat, sans-serif; letter-spacing: 0.7px; white-space-collapse: collapse;\"><font style=\"box-sizing: inherit; vertical-align: inherit;\"><font style=\"box-sizing: inherit; vertical-align: inherit;\">\u00c9s possible que el prestador obtingui dades personals dels usuaris a trav\u00e9s de formularis de contacte, formularis de registre o altres mitjans similars.\u00a0L&#8217;usuari podr\u00e0 obtenir m\u00e9s informaci\u00f3 sobre el tractament de les seves dades personals a la nostra Pol\u00edtica de privadesa, o adre\u00e7ant-se al prestador a trav\u00e9s de les dades de contacte contingudes en aquest Av\u00eds legal, ia trav\u00e9s dels formularis de contacte que, si escau, hagin estat habilitats a aquest efecte.<\/font><\/font><\/ul><\/p>\n\n\n\n<p><ul style=\"margin: 0px auto; padding-left: 1.5em; list-style-type: disc; max-width: 938px; font-family: Montserrat, sans-serif; letter-spacing: 0.7px; white-space-collapse: collapse;\"><span style=\"box-sizing: inherit; font-weight: bolder;\">8.- COOKIES<\/span><\/ul><\/p>\n\n\n\n<p><ul style=\"margin: 0px auto; padding-left: 1.5em; list-style-type: disc; max-width: 938px; font-family: Montserrat, sans-serif; letter-spacing: 0.7px; white-space-collapse: collapse;\"><font style=\"box-sizing: inherit; vertical-align: inherit;\"><font style=\"box-sizing: inherit; vertical-align: inherit;\">Aquest lloc web utilitza cookies pr\u00f2pies i de tercers.\u00a0Per con\u00e8ixer m\u00e9s informaci\u00f3 sobre qu\u00e8 s\u00f3n les galetes i per qu\u00e8 les utilitzem, pots accedir a la nostra Pol\u00edtica de galetes.<\/font><\/font><\/ul><\/p>\n\n\n\n<p><ul style=\"margin: 0px auto; padding-left: 1.5em; list-style-type: disc; max-width: 938px; font-family: Montserrat, sans-serif; letter-spacing: 0.7px; white-space-collapse: collapse;\"><span style=\"box-sizing: inherit; font-weight: bolder;\">9.- NUL\u00b7LITAT PARCIAL.<\/span><\/ul><\/p>\n\n\n\n<p><ul style=\"margin: 0px auto; padding-left: 1.5em; list-style-type: disc; max-width: 938px; font-family: Montserrat, sans-serif; letter-spacing: 0.7px; white-space-collapse: collapse;\"><font style=\"box-sizing: inherit; vertical-align: inherit;\">Si alguna de les condicions del present Av\u00eds legal fos declarada nul\u00b7la o inefica\u00e7 per resoluci\u00f3 ferma dictada per autoritat competent, els restants termes i condicions romandran en vigor, sense que quedin afectats per aquesta declaraci\u00f3 de nul\u00b7litat.<\/font><\/ul><\/p>\n\n\n\n<p><ul style=\"margin: 0px auto; padding-left: 1.5em; list-style-type: disc; max-width: 938px; font-family: Montserrat, sans-serif; letter-spacing: 0.7px; white-space-collapse: collapse;\"><span style=\"box-sizing: inherit; font-weight: bolder;\">10.- LLEI APLICABLE I JURISDICCI\u00d3<\/span><\/ul><\/p>\n\n\n\n<p><ul style=\"margin: 0px auto; padding-left: 1.5em; list-style-type: disc; max-width: 938px; font-family: Montserrat, sans-serif; letter-spacing: 0.7px; white-space-collapse: collapse;\"><font style=\"box-sizing: inherit; vertical-align: inherit;\">Per a la resoluci\u00f3 de les controv\u00e8rsies o q\u00fcestions relacionades amb aquestes condicions, \u00e9s aplicable la legislaci\u00f3 espanyola, i \u00e9s competent per al coneixement dels conflictes que puguin sorgir en la interpretaci\u00f3 i l&#8217;aplicaci\u00f3 de les presents condicions els jutjats i els tribunals del domicili del prestador o de lusuari, a elecci\u00f3 daquest \u00faltim.<\/font><\/ul><\/p>\n\n\n\n<p><\/p>\n","protected":false},"excerpt":{"rendered":"<p>Per tal de donar compliment a l&#8217;article 10 de la Llei 34\/2002, de Serveis de la Societat de la Informaci\u00f3 i de comer\u00e7 electr\u00f2nic (LSSI-CE), [&hellip;]<\/p>\n","protected":false},"author":2,"featured_media":0,"parent":0,"menu_order":0,"comment_status":"closed","ping_status":"closed","template":"","meta":{"_lmt_disableupdate":"","_lmt_disable":"","_joinchat":[],"footnotes":""},"class_list":["post-13765","page","type-page","status-publish","hentry"],"_links":{"self":[{"href":"https:\/\/www.aluministecnicsbarcelona.com\/ca\/wp-json\/wp\/v2\/pages\/13765","targetHints":{"allow":["GET"]}}],"collection":[{"href":"https:\/\/www.aluministecnicsbarcelona.com\/ca\/wp-json\/wp\/v2\/pages"}],"about":[{"href":"https:\/\/www.aluministecnicsbarcelona.com\/ca\/wp-json\/wp\/v2\/types\/page"}],"author":[{"embeddable":true,"href":"https:\/\/www.aluministecnicsbarcelona.com\/ca\/wp-json\/wp\/v2\/users\/2"}],"replies":[{"embeddable":true,"href":"https:\/\/www.aluministecnicsbarcelona.com\/ca\/wp-json\/wp\/v2\/comments?post=13765"}],"version-history":[{"count":6,"href":"https:\/\/www.aluministecnicsbarcelona.com\/ca\/wp-json\/wp\/v2\/pages\/13765\/revisions"}],"predecessor-version":[{"id":20106,"href":"https:\/\/www.aluministecnicsbarcelona.com\/ca\/wp-json\/wp\/v2\/pages\/13765\/revisions\/20106"}],"wp:attachment":[{"href":"https:\/\/www.aluministecnicsbarcelona.com\/ca\/wp-json\/wp\/v2\/media?parent=13765"}],"curies":[{"name":"wp","href":"https:\/\/api.w.org\/{rel}","templated":true}]}}