{"id":15158,"date":"2024-02-19T11:36:53","date_gmt":"2024-02-19T11:36:53","guid":{"rendered":"https:\/\/www.aluministecnicsbarcelona.com\/ca\/cortinas-de-cristal\/"},"modified":"2024-02-28T09:51:07","modified_gmt":"2024-02-28T09:51:07","slug":"cortines-de-vidre","status":"publish","type":"page","link":"https:\/\/www.aluministecnicsbarcelona.com\/ca\/cortines-de-vidre\/","title":{"rendered":"Cortines de vidre"},"content":{"rendered":"\n<div class=\"wp-block-cover alignfull\"><span aria-hidden=\"true\" class=\"wp-block-cover__background has-background-dim\"><\/span><img loading=\"lazy\" decoding=\"async\" width=\"938\" height=\"434\" src=\"https:\/\/www.aluministecnicsbarcelona.com\/wp-content\/uploads\/2023\/12\/Cabecera-cortinas-de-cristal-938x434.jpg\" class=\"wp-block-cover__image-background wp-post-image\" alt=\"Cortinas de cristal\" data-object-fit=\"cover\" srcset=\"https:\/\/www.aluministecnicsbarcelona.com\/wp-content\/uploads\/2023\/12\/Cabecera-cortinas-de-cristal-938x434.jpg 938w, https:\/\/www.aluministecnicsbarcelona.com\/wp-content\/uploads\/2023\/12\/Cabecera-cortinas-de-cristal-300x139.jpg 300w, https:\/\/www.aluministecnicsbarcelona.com\/wp-content\/uploads\/2023\/12\/Cabecera-cortinas-de-cristal-1024x474.jpg 1024w, https:\/\/www.aluministecnicsbarcelona.com\/wp-content\/uploads\/2023\/12\/Cabecera-cortinas-de-cristal-768x356.jpg 768w, https:\/\/www.aluministecnicsbarcelona.com\/wp-content\/uploads\/2023\/12\/Cabecera-cortinas-de-cristal-1536x711.jpg 1536w, https:\/\/www.aluministecnicsbarcelona.com\/wp-content\/uploads\/2023\/12\/Cabecera-cortinas-de-cristal-1130x523.jpg 1130w, https:\/\/www.aluministecnicsbarcelona.com\/wp-content\/uploads\/2023\/12\/Cabecera-cortinas-de-cristal.jpg 1920w\" sizes=\"auto, (max-width: 938px) 100vw, 938px\" title=\"\"><div class=\"wp-block-cover__inner-container is-layout-flow wp-block-cover-is-layout-flow\">\n<div class=\"wp-block-group\"><div class=\"wp-block-group__inner-container is-layout-constrained wp-block-group-is-layout-constrained\">\n<div class=\"wp-block-columns is-layout-flex wp-container-core-columns-is-layout-9d6595d7 wp-block-columns-is-layout-flex\">\n<div class=\"wp-block-column is-layout-flow wp-block-column-is-layout-flow\" style=\"flex-basis:100%\">\n<h1 class=\"wp-block-heading has-text-align-center has-light-blue-color has-text-color has-link-color wp-elements-8c5c92413903321277292ccbcb69e249\">Cortines de vidre<\/h1>\n<\/div>\n<\/div>\n<\/div><\/div>\n<\/div><\/div>\n\n\n\n<div class=\"wp-block-getwid-section alignfull alignfull getwid-section-content-custom-width\"><div class=\"wp-block-getwid-section__wrapper getwid-padding-top-normal\"><div class=\"wp-block-getwid-section__inner-wrapper\"><div class=\"wp-block-getwid-section__background-holder\"><div class=\"wp-block-getwid-section__background has-background\" style=\"background-color:#f7f7f7\"><\/div><div class=\"wp-block-getwid-section__foreground\"><\/div><\/div><div class=\"wp-block-getwid-section__content\"><div class=\"wp-block-getwid-section__inner-content\">\n<div class=\"wp-block-columns alignwide is-layout-flex wp-container-core-columns-is-layout-9d6595d7 wp-block-columns-is-layout-flex\">\n<div class=\"wp-block-column is-layout-flow wp-block-column-is-layout-flow\" style=\"flex-basis:100%\">\n<h2 class=\"wp-block-heading alignfull has-text-align-left\" id=\"al-no-space\">Instal\u00b7laci\u00f3 de cortines de vidre a Barcelona i prov\u00edncia<\/h2>\n\n\n\n<p>Les cortines de vidre s\u00f3n <strong>un tipus de tancament molt vers\u00e0til pensat per a grans espais<\/strong>. A <strong>Aluminis T\u00e8cnics Barcelona<\/strong> tractem amb les <strong>cortines de vidre per obrir els espais a l&#8217;exterior<\/strong> i que la ciutat, la natura o un bonic jard\u00ed, es converteixin en un component m\u00e9s del teu sal\u00f3, habitaci\u00f3 o bany. Realitzem <strong>instal\u00b7lacions a tota la prov\u00edncia de Barcelona<\/strong>. A continuaci\u00f3 li mostrem les diferents opcions segons la seva necessitat.<\/p>\n<\/div>\n<\/div>\n<\/div><\/div><\/div><\/div><\/div>\n\n\n\n<div class=\"wp-block-getwid-section alignfull alignfull\"><div class=\"wp-block-getwid-section__wrapper\"><div class=\"wp-block-getwid-section__inner-wrapper\"><div class=\"wp-block-getwid-section__background-holder\"><div class=\"wp-block-getwid-section__background\"><\/div><div class=\"wp-block-getwid-section__foreground\"><\/div><\/div><div class=\"wp-block-getwid-section__content\"><div class=\"wp-block-getwid-section__inner-content\">\n<h2 class=\"wp-block-heading has-text-align-center mt10 mb10\">Cortines de vidre CEPI amb 4 sistemes diferents<\/h2>\n<\/div><\/div><\/div><\/div><\/div>\n\n\n\n<div class=\"wp-block-getwid-section alignfull alignfull getwid-section-content-custom-width\"><div class=\"wp-block-getwid-section__wrapper\"><div class=\"wp-block-getwid-section__inner-wrapper\"><div class=\"wp-block-getwid-section__background-holder\"><div class=\"wp-block-getwid-section__background\"><\/div><div class=\"wp-block-getwid-section__foreground\"><\/div><\/div><div class=\"wp-block-getwid-section__content\"><div class=\"wp-block-getwid-section__inner-content\">\n<div class=\"wp-block-columns has-2-columns are-vertically-aligned-center is-layout-flex wp-container-core-columns-is-layout-9d6595d7 wp-block-columns-is-layout-flex\">\n<div class=\"wp-block-column is-vertically-aligned-center is-layout-flow wp-block-column-is-layout-flow\">\n<h3 class=\"wp-block-heading\">Corred\u00eds abatible<\/h3>\n\n\n\n<p>Les <strong>cortines de vidre CEPI amb corred\u00eds abatible<\/strong> t&#8217;ofereixen la possibilitat d&#8217;obrir fronts sencers i integrar amb un senzill gest l&#8217;interior i l&#8217;exterior de la teva vivenda. A m\u00e9s, aquest sistema facilita que les fulles de la cortina de vidre ocupin molt poc espai un cop plegades.<\/p>\n\n\n\n<p>Un sistema perfecte per a un <strong>acristallament flexible <\/strong>de sortides al jard\u00ed, terrasses o balcons. El seu mecanisme permet el despla\u00e7ament de les fulles mitjan\u00e7ant una perfileria inferior i superior, facilitant que totes les fulles puguin plegar-se tant cap a l&#8217;interior com cap a l&#8217;exterior de manera ferma i segura.<\/p>\n\n\n\n<p>La millor soluci\u00f3 per crear <strong>espais funcionals i protegits<\/strong>.<\/p>\n<\/div>\n\n\n\n<div class=\"wp-block-column is-vertically-aligned-center is-layout-flow wp-block-column-is-layout-flow\">\n<div class=\"wp-block-cover\" style=\"min-height:512px;aspect-ratio:unset;\"><span aria-hidden=\"true\" class=\"wp-block-cover__background has-background-dim-0 has-background-dim\"><\/span><img loading=\"lazy\" decoding=\"async\" width=\"607\" height=\"364\" sizes=\"auto, (max-width: 607px) 100vw, 607px\" class=\"wp-block-cover__image-background wp-image-17150\" alt=\"Cortinas de cristal para balcones\" src=\"https:\/\/www.aluministecnicsbarcelona.com\/wp-content\/uploads\/2023\/12\/Cortinas-de-cristal-para-balcones.jpg\" data-object-fit=\"cover\" title=\"\" srcset=\"https:\/\/www.aluministecnicsbarcelona.com\/wp-content\/uploads\/2023\/12\/Cortinas-de-cristal-para-balcones.jpg 607w, https:\/\/www.aluministecnicsbarcelona.com\/wp-content\/uploads\/2023\/12\/Cortinas-de-cristal-para-balcones-300x180.jpg 300w\" \/><div class=\"wp-block-cover__inner-container is-layout-constrained wp-block-cover-is-layout-constrained\">\n<p class=\"has-text-align-center has-large-font-size\"><\/p>\n<\/div><\/div>\n<\/div>\n<\/div>\n<\/div><\/div><\/div><\/div><\/div>\n\n\n\n<div class=\"wp-block-getwid-section alignfull alignfull getwid-section-content-custom-width\"><div class=\"wp-block-getwid-section__wrapper\"><div class=\"wp-block-getwid-section__inner-wrapper\"><div class=\"wp-block-getwid-section__background-holder\"><div class=\"wp-block-getwid-section__background has-background\" style=\"background-color:#f7f7f7\"><\/div><div class=\"wp-block-getwid-section__foreground\"><\/div><\/div><div class=\"wp-block-getwid-section__content\"><div class=\"wp-block-getwid-section__inner-content\">\n<div class=\"wp-block-columns has-2-columns are-vertically-aligned-center is-layout-flex wp-container-core-columns-is-layout-9d6595d7 wp-block-columns-is-layout-flex\">\n<div class=\"wp-block-column is-vertically-aligned-center is-layout-flow wp-block-column-is-layout-flow\">\n<div class=\"wp-block-cover is-light\" style=\"min-height:512px;aspect-ratio:unset;\"><span aria-hidden=\"true\" class=\"wp-block-cover__background has-background-dim-0 has-background-dim\"><\/span><img loading=\"lazy\" decoding=\"async\" width=\"800\" height=\"645\" sizes=\"auto, (max-width: 800px) 100vw, 800px\" class=\"wp-block-cover__image-background wp-image-17465\" alt=\"Cepi ventana con corredero horizontal\" src=\"https:\/\/www.aluministecnicsbarcelona.com\/wp-content\/uploads\/2023\/12\/Cepi-corredero-horizontal-jpg.webp\" data-object-fit=\"cover\" title=\"\" srcset=\"https:\/\/www.aluministecnicsbarcelona.com\/wp-content\/uploads\/2023\/12\/Cepi-corredero-horizontal-jpg.webp 800w, https:\/\/www.aluministecnicsbarcelona.com\/wp-content\/uploads\/2023\/12\/Cepi-corredero-horizontal-300x242.webp 300w, https:\/\/www.aluministecnicsbarcelona.com\/wp-content\/uploads\/2023\/12\/Cepi-corredero-horizontal-768x619.webp 768w\" \/><div class=\"wp-block-cover__inner-container is-layout-constrained wp-block-cover-is-layout-constrained\">\n<p class=\"has-text-align-center has-large-font-size\"><\/p>\n<\/div><\/div>\n<\/div>\n\n\n\n<div class=\"wp-block-column is-vertically-aligned-center is-layout-flow wp-block-column-is-layout-flow\">\n<h3 class=\"wp-block-heading\">Corred\u00eds horitzontal<\/h3>\n\n\n\n<p>El <strong>tancament de vidre CPI amb corred\u00eds horitzonta<\/strong>l est\u00e0 constitu\u00eft per <strong>panells corred\u00eds-batents de vidre temperat<\/strong> que es desplacen en una o en ambdues direccions. Concretament, el tancament de vidre CP20T constitueix una de les millors solucions per al <strong>tancament de terrasses, balcons, restaurants i p\u00e8rgoles<\/strong>, creant aix\u00ed nous espais protegits de les inclem\u00e8ncies del temps.<\/p>\n\n\n\n<p>A m\u00e9s, aquest sistema compta amb un <strong>nombre de fulles il\u00b7limitat<\/strong> i un gruix de vidre de 10.12 mm. Les dimensions de cada fulla poden arribar a ser de 1200 mm i 3000 mm com a m\u00e0xims d&#8217;amplada i al\u00e7ada. Tamb\u00e9 disposa d&#8217;<strong>accessoris exclusius com tancament tirador, pestell inferior i pany de vidre<\/strong>.<\/p>\n<\/div>\n<\/div>\n<\/div><\/div><\/div><\/div><\/div>\n\n\n\n<div class=\"wp-block-getwid-section alignfull alignfull getwid-section-content-custom-width\"><div class=\"wp-block-getwid-section__wrapper\"><div class=\"wp-block-getwid-section__inner-wrapper\"><div class=\"wp-block-getwid-section__background-holder\"><div class=\"wp-block-getwid-section__background\"><\/div><div class=\"wp-block-getwid-section__foreground\"><\/div><\/div><div class=\"wp-block-getwid-section__content\"><div class=\"wp-block-getwid-section__inner-content\">\n<div class=\"wp-block-columns has-2-columns are-vertically-aligned-center is-layout-flex wp-container-core-columns-is-layout-9d6595d7 wp-block-columns-is-layout-flex\">\n<div class=\"wp-block-column is-vertically-aligned-center is-layout-flow wp-block-column-is-layout-flow\">\n<h3 class=\"wp-block-heading\">Panells lliscants sense guia inferior<\/h3>\n\n\n\n<p>Les <strong>cortines de vidre amb panells antilliscants sense guia inferior<\/strong> permeten crear cortines de grans dimensions. Els panells poden arribar a tenir unes mides de 4 metres d&#8217;alt per 1,30 metres d&#8217;ample, S\u00f3n dimensions ideals per a tancaments de salons d&#8217;actes, oficines o restaurants, aix\u00ed com aparadors de centres comercials.<\/p>\n\n\n\n<p><strong>Tancaments de vidre com el CP70A o el CP70BM<\/strong> permeten un m\u00ednim impacte arquitect\u00f2nic i una m\u00e0xima transpar\u00e8ncia per gaudir d&#8217;unes espectaculars vistes. A m\u00e9s, al carecer de guia inferior, el tancament pot adaptar-se a qualsevol transici\u00f3 de s\u00f2l, facilitant l&#8217;acc\u00e9s a qualsevol persona i fent possible un estacionament personalitzable.<\/p>\n<\/div>\n\n\n\n<div class=\"wp-block-column is-vertically-aligned-center is-layout-flow wp-block-column-is-layout-flow\">\n<div class=\"wp-block-cover\" style=\"min-height:512px;aspect-ratio:unset;\"><span aria-hidden=\"true\" class=\"wp-block-cover__background has-background-dim-0 has-background-dim\"><\/span><img loading=\"lazy\" decoding=\"async\" width=\"1360\" height=\"1110\" sizes=\"auto, (max-width: 1360px) 100vw, 1360px\" class=\"wp-block-cover__image-background wp-image-17467\" alt=\"Ventanas Cepi paneles deslizantes\" src=\"https:\/\/www.aluministecnicsbarcelona.com\/wp-content\/uploads\/2023\/12\/Cepi-paneles-deslizantes-jpg.webp\" data-object-fit=\"cover\" title=\"\" srcset=\"https:\/\/www.aluministecnicsbarcelona.com\/wp-content\/uploads\/2023\/12\/Cepi-paneles-deslizantes-jpg.webp 1360w, https:\/\/www.aluministecnicsbarcelona.com\/wp-content\/uploads\/2023\/12\/Cepi-paneles-deslizantes-300x245.webp 300w, https:\/\/www.aluministecnicsbarcelona.com\/wp-content\/uploads\/2023\/12\/Cepi-paneles-deslizantes-1024x836.webp 1024w, https:\/\/www.aluministecnicsbarcelona.com\/wp-content\/uploads\/2023\/12\/Cepi-paneles-deslizantes-768x627.webp 768w, https:\/\/www.aluministecnicsbarcelona.com\/wp-content\/uploads\/2023\/12\/Cepi-paneles-deslizantes-938x766.webp 938w, https:\/\/www.aluministecnicsbarcelona.com\/wp-content\/uploads\/2023\/12\/Cepi-paneles-deslizantes-1130x922.webp 1130w\" \/><div class=\"wp-block-cover__inner-container is-layout-constrained wp-block-cover-is-layout-constrained\">\n<p class=\"has-text-align-center has-large-font-size\"><\/p>\n<\/div><\/div>\n<\/div>\n<\/div>\n<\/div><\/div><\/div><\/div><\/div>\n\n\n\n<div class=\"wp-block-getwid-section alignfull alignfull getwid-section-content-custom-width\"><div class=\"wp-block-getwid-section__wrapper\"><div class=\"wp-block-getwid-section__inner-wrapper\"><div class=\"wp-block-getwid-section__background-holder\"><div class=\"wp-block-getwid-section__background has-background\" style=\"background-color:#f7f7f7\"><\/div><div class=\"wp-block-getwid-section__foreground\"><\/div><\/div><div class=\"wp-block-getwid-section__content\"><div class=\"wp-block-getwid-section__inner-content\">\n<div class=\"wp-block-columns has-2-columns are-vertically-aligned-center is-layout-flex wp-container-core-columns-is-layout-9d6595d7 wp-block-columns-is-layout-flex\">\n<div class=\"wp-block-column is-vertically-aligned-center is-layout-flow wp-block-column-is-layout-flow\">\n<div class=\"wp-block-cover\" style=\"min-height:512px;aspect-ratio:unset;\"><span aria-hidden=\"true\" class=\"wp-block-cover__background has-background-dim-0 has-background-dim\"><\/span><img loading=\"lazy\" decoding=\"async\" width=\"800\" height=\"645\" sizes=\"auto, (max-width: 800px) 100vw, 800px\" class=\"wp-block-cover__image-background wp-image-17469\" alt=\"Cepi ventana con corredero vertical\" src=\"https:\/\/www.aluministecnicsbarcelona.com\/wp-content\/uploads\/2023\/12\/Cepi-corredero-vertical-jpg.webp\" data-object-fit=\"cover\" title=\"\" srcset=\"https:\/\/www.aluministecnicsbarcelona.com\/wp-content\/uploads\/2023\/12\/Cepi-corredero-vertical-jpg.webp 800w, https:\/\/www.aluministecnicsbarcelona.com\/wp-content\/uploads\/2023\/12\/Cepi-corredero-vertical-300x242.webp 300w, https:\/\/www.aluministecnicsbarcelona.com\/wp-content\/uploads\/2023\/12\/Cepi-corredero-vertical-768x619.webp 768w\" \/><div class=\"wp-block-cover__inner-container is-layout-constrained wp-block-cover-is-layout-constrained\">\n<p class=\"has-text-align-center has-large-font-size\"><\/p>\n<\/div><\/div>\n<\/div>\n\n\n\n<div class=\"wp-block-column is-vertically-aligned-center is-layout-flow wp-block-column-is-layout-flow\">\n<h3 class=\"wp-block-heading\">Corredissa vertical motoritzada<\/h3>\n\n\n\n<p>Un <strong>tancament de vidre CPI amb corredissa vertical motoritzada<\/strong> permet controlar l&#8217;obertura i el tancament dels panells acristal\u00b7lats. Aix\u00f2 es deu gr\u00e0cies a un sistema de control remot, aportant comoditat i seguretat. Tamb\u00e9 afavoreix que puguem gaudir de les vistes de l&#8217;exterior de la nostra resid\u00e8ncia.<\/p>\n\n\n\n<p>Els <strong>tancaments de vidre CP130<\/strong> \u00e9s un sistema que facilita el moviment vertical motoritzat. Es tracta d&#8217;un m\u00e8tode ideal per al tancament de jardins d&#8217;hivern, hotels, p\u00e8rgoles, restaurants i cafeteries. A m\u00e9s, es pot instal\u00b7lar en unitats independents o disposar-los en m\u00f2duls units per formar una estructura major. I si volem personalitzar-la, tamb\u00e9 \u00e9s possible integrar <strong>il\u00b7luminaci\u00f3 LED en passamans o sensors climatol\u00f2gics autom\u00e0tics<\/strong>.<\/p>\n<\/div>\n<\/div>\n<\/div><\/div><\/div><\/div><\/div>\n\n\n\n<div class=\"wp-block-getwid-section alignfull alignfull getwid-section-content-custom-width\"><div class=\"wp-block-getwid-section__wrapper\"><div class=\"wp-block-getwid-section__inner-wrapper\"><div class=\"wp-block-getwid-section__background-holder\"><div class=\"wp-block-getwid-section__background has-background has-light-blue-background-color\"><\/div><div class=\"wp-block-getwid-section__foreground\"><\/div><\/div><div class=\"wp-block-getwid-section__content\"><div class=\"wp-block-getwid-section__inner-content\">\n<div class=\"wp-block-columns has-2-columns are-vertically-aligned-center reverse is-layout-flex wp-container-core-columns-is-layout-9d6595d7 wp-block-columns-is-layout-flex\">\n<div class=\"wp-block-column is-vertically-aligned-center is-layout-flow wp-block-column-is-layout-flow\">\n<h2 class=\"wp-block-heading has-text-align-left\">Qu\u00e8 s\u00f3n les cortines de vidre<\/h2>\n\n\n\n<p>Les <strong>cortines de vidre s\u00f3n un tipus de tancament molt vers\u00e0til pensat per a grans espais<\/strong>. Es tracta d&#8217;una forma d&#8217;obrir els espais a l&#8217;exterior i que la ciutat, la natura o un bonic jard\u00ed, es converteixin en un component m\u00e9s del teu sal\u00f3, habitaci\u00f3 o bany. Alguna cosa que t&#8217;aportar\u00e0 una sensaci\u00f3 de major amplitud, i llibertat i que et permetr\u00e0 tenir unes <strong>vistes incre\u00efbles dins de la teva llar<\/strong>. Les <strong>lames graduables de les cortines venecianes Luxaflex\u00ae<\/strong> et garanteixen el control de la llum simplement amb girar una vareta. A m\u00e9s, t\u00e9 una gamma de models que no deixa d&#8217;augmentar. Pots triar el color, els motius decoratius i fins a l&#8217;amplada de les lames per ajustar-ho tot a les teves prefer\u00e8ncies.<\/p>\n\n\n\n<p>I \u00e9s que, com el seu nom indica, s\u00f3n aut\u00e8ntiques cortines fetes de vidre. El que suposa tenir uns enormes <strong>finestrals o parets cobertes per mitj\u00e0 de vidre<\/strong>, sense que existeixi cap impediment o tall visual. I sense que entri el fred o la pluja.<\/p>\n<\/div>\n\n\n\n<div class=\"wp-block-column is-vertically-aligned-center is-layout-flow wp-block-column-is-layout-flow\">\n<div class=\"wp-block-cover is-light\" style=\"min-height:512px;aspect-ratio:unset;\"><span aria-hidden=\"true\" class=\"wp-block-cover__background has-background-dim-0 has-background-dim\"><\/span><img loading=\"lazy\" decoding=\"async\" width=\"607\" height=\"364\" sizes=\"auto, (max-width: 607px) 100vw, 607px\" class=\"wp-block-cover__image-background wp-image-17164\" alt=\"Cerramientos de cristal cepi\" src=\"https:\/\/www.aluministecnicsbarcelona.com\/wp-content\/uploads\/2023\/12\/Cerramientos-de-cristal-restaurantes-cepi.jpg\" data-object-fit=\"cover\" title=\"\" srcset=\"https:\/\/www.aluministecnicsbarcelona.com\/wp-content\/uploads\/2023\/12\/Cerramientos-de-cristal-restaurantes-cepi.jpg 607w, https:\/\/www.aluministecnicsbarcelona.com\/wp-content\/uploads\/2023\/12\/Cerramientos-de-cristal-restaurantes-cepi-300x180.jpg 300w\" \/><div class=\"wp-block-cover__inner-container is-layout-constrained wp-block-cover-is-layout-constrained\">\n<p class=\"has-text-align-center has-large-font-size\"><\/p>\n<\/div><\/div>\n<\/div>\n<\/div>\n\n\n\n<div class=\"wp-block-columns has-2-columns are-vertically-aligned-center reverse is-layout-flex wp-container-core-columns-is-layout-9d6595d7 wp-block-columns-is-layout-flex\">\n<div class=\"wp-block-column is-vertically-aligned-center is-layout-flow wp-block-column-is-layout-flow\">\n<div class=\"wp-block-cover\" style=\"min-height:512px;aspect-ratio:unset;\"><span aria-hidden=\"true\" class=\"wp-block-cover__background has-background-dim-0 has-background-dim\"><\/span><img loading=\"lazy\" decoding=\"async\" width=\"800\" height=\"645\" sizes=\"auto, (max-width: 800px) 100vw, 800px\" class=\"wp-block-cover__image-background wp-image-17475\" alt=\"Cerramientos Cepi\" src=\"https:\/\/www.aluministecnicsbarcelona.com\/wp-content\/uploads\/2023\/12\/Ventanas-y-cerramientos-Cepi-jpg.webp\" data-object-fit=\"cover\" title=\"\" srcset=\"https:\/\/www.aluministecnicsbarcelona.com\/wp-content\/uploads\/2023\/12\/Ventanas-y-cerramientos-Cepi-jpg.webp 800w, https:\/\/www.aluministecnicsbarcelona.com\/wp-content\/uploads\/2023\/12\/Ventanas-y-cerramientos-Cepi-300x242.webp 300w, https:\/\/www.aluministecnicsbarcelona.com\/wp-content\/uploads\/2023\/12\/Ventanas-y-cerramientos-Cepi-768x619.webp 768w\" \/><div class=\"wp-block-cover__inner-container is-layout-constrained wp-block-cover-is-layout-constrained\">\n<p class=\"has-text-align-center has-large-font-size\"><\/p>\n<\/div><\/div>\n<\/div>\n\n\n\n<div class=\"wp-block-column is-vertically-aligned-center is-layout-flow wp-block-column-is-layout-flow\">\n<h3 class=\"wp-block-heading\">Per a qu\u00e8 serveixen?<\/h3>\n\n\n\n<p>La seva forma \u00e9s la d&#8217;un <strong>conjunt de panells de vidre inserits en uns rails<\/strong> el que permet tancar grans buits i fins i tot parets senceres. Sent una altra de les seves funcionalitats la de <strong>tancar terrasses, cenadors o p\u00e8rgoles<\/strong>. Aix\u00ed, podr\u00e0s gaudir d&#8217;aquests espais tot l&#8217;any sense importar les inclem\u00e8ncies del temps.<\/p>\n\n\n\n<p>Podr\u00e0s crear una bonica zona per prendre caf\u00e8 o llegir un llibre mentre que est\u00e0s dins del teu jard\u00ed. I qui no ha somiat amb llegir un llibre mentre veu la pluja caure a trav\u00e9s d&#8217;un gran finestral? O poder contemplar una sortida o posta de sol prenent un bon caf\u00e8 i tenir la sensaci\u00f3 d&#8217;estar a la natura?<\/p>\n<\/div>\n<\/div>\n<\/div><\/div><\/div><\/div><\/div>\n\n\n\n<div class=\"wp-block-getwid-section alignfull alignfull getwid-section-content-custom-width\"><div class=\"wp-block-getwid-section__wrapper\"><div class=\"wp-block-getwid-section__inner-wrapper\"><div class=\"wp-block-getwid-section__background-holder\"><div class=\"wp-block-getwid-section__background has-background\" style=\"background-color:#f7f7f7\"><\/div><div class=\"wp-block-getwid-section__foreground\"><\/div><\/div><div class=\"wp-block-getwid-section__content\"><div class=\"wp-block-getwid-section__inner-content\">\n<div class=\"wp-block-columns has-2-columns are-vertically-aligned-center is-layout-flex wp-container-core-columns-is-layout-9d6595d7 wp-block-columns-is-layout-flex\">\n<div class=\"wp-block-column is-vertically-aligned-center is-layout-flow wp-block-column-is-layout-flow\">\n<h2 class=\"wp-block-heading has-text-align-left mt10 mb10\">Com funcionen aquest tipus de tancaments<\/h2>\n\n\n\n<p>El seu funcionament \u00e9s molt simple i alhora molt interessant. Ja que cadascun d&#8217;aquests panells es mou pel rail o perfil de forma independent. Aix\u00ed podr\u00e0s tenir unes impressionant<strong>s finestres corredisses lliscants<\/strong> que podr\u00e0s obrir o tancar completament o per parts. Alguna cosa molt \u00fatil i que t&#8217;aporta grans possibilitats per gaudir d&#8217;aquest nou espai a la teva vivenda.<\/p>\n\n\n\n<p>La seva instal\u00b7laci\u00f3 \u00e9s molt senzilla, per\u00f2 et recomanem que comptis amb professionals habilitats per a aix\u00f2 com els que treballen a la nostra <a href=\"https:\/\/www.aluministecnicsbarcelona.com\/ca\/\">fusteria Aluminis T\u00e8cnics Barcelona<\/a>. Doncs, al estar composta per grans fulles de vidre, \u00e9s important que la seva instal\u00b7laci\u00f3 es dugui a terme de manera correcta per evitar la seva trencadura o el seu mal funcionament.<\/p>\n\n\n\n<p>A m\u00e9s, \u00e9s convenient que l&#8217;empresa instal\u00b7ladora pugui fer el seu manteniment en cas de necessitat. Podr\u00e0s <strong>tenir una finestra al m\u00f3n<\/strong> sense la necessitat de sortir de casa teva. Un espai confortable i \u00fanic del qual segur que no voldr\u00e0s sortir. I la seva neteja \u00e9s tamb\u00e9 molt f\u00e0cil, ja que cada una de les fulles es poden anar despla\u00e7ant i netejant de manera individual. El que facilita molt la feina.<\/p>\n<\/div>\n\n\n\n<div class=\"wp-block-column is-vertically-aligned-center is-layout-flow wp-block-column-is-layout-flow\">\n<div class=\"wp-block-cover\" style=\"min-height:512px;aspect-ratio:unset;\"><span aria-hidden=\"true\" class=\"wp-block-cover__background has-background-dim-0 has-background-dim\"><\/span><img loading=\"lazy\" decoding=\"async\" width=\"607\" height=\"364\" sizes=\"auto, (max-width: 607px) 100vw, 607px\" class=\"wp-block-cover__image-background wp-image-17168\" alt=\"Distribuidores de cortinas Cepi\" src=\"https:\/\/www.aluministecnicsbarcelona.com\/wp-content\/uploads\/2023\/12\/Distribuidores-de-cortinas-de-cristal-cepi.jpg\" data-object-fit=\"cover\" title=\"\" srcset=\"https:\/\/www.aluministecnicsbarcelona.com\/wp-content\/uploads\/2023\/12\/Distribuidores-de-cortinas-de-cristal-cepi.jpg 607w, https:\/\/www.aluministecnicsbarcelona.com\/wp-content\/uploads\/2023\/12\/Distribuidores-de-cortinas-de-cristal-cepi-300x180.jpg 300w\" \/><div class=\"wp-block-cover__inner-container is-layout-constrained wp-block-cover-is-layout-constrained\">\n<p class=\"has-text-align-center has-large-font-size\"><\/p>\n<\/div><\/div>\n<\/div>\n<\/div>\n<\/div><\/div><\/div><\/div><\/div>\n\n\n\n<div class=\"wp-block-getwid-section\"><div class=\"wp-block-getwid-section__wrapper\"><div class=\"wp-block-getwid-section__inner-wrapper\"><div class=\"wp-block-getwid-section__background-holder\"><div class=\"wp-block-getwid-section__background\"><\/div><div class=\"wp-block-getwid-section__foreground\"><\/div><\/div><div class=\"wp-block-getwid-section__content\"><div class=\"wp-block-getwid-section__inner-content\">\n<h3 class=\"wp-block-heading has-text-align-center\">Vols instal\u00b7lar una cortina de vidre? Demana preu i pressupost sense comprom\u00eds<\/h3>\n<\/div><\/div><\/div><\/div><\/div>\n\n\n\n<div class=\"wp-block-getwid-section\"><div class=\"wp-block-getwid-section__wrapper getwid-padding-top-normal getwid-padding-bottom-small\"><div class=\"wp-block-getwid-section__inner-wrapper\"><div class=\"wp-block-getwid-section__background-holder\"><div class=\"wp-block-getwid-section__background\"><\/div><div class=\"wp-block-getwid-section__foreground\"><\/div><\/div><div class=\"wp-block-getwid-section__content\"><div class=\"wp-block-getwid-section__inner-content\">\n<div class=\"wp-block-getwid-section getwid-section-content-custom-width\"><div class=\"wp-block-getwid-section__wrapper\"><div class=\"wp-block-getwid-section__inner-wrapper\" style=\"max-width:800px\"><div class=\"wp-block-getwid-section__background-holder\"><div class=\"wp-block-getwid-section__background\"><\/div><div class=\"wp-block-getwid-section__foreground\"><\/div><\/div><div class=\"wp-block-getwid-section__content\"><div class=\"wp-block-getwid-section__inner-content\">\n<div class=\"wp-block-contact-form-7-contact-form-selector\">\n<div class=\"wpcf7 no-js\" id=\"wpcf7-f19586-o1\" lang=\"ca\" dir=\"ltr\" data-wpcf7-id=\"19586\">\n<div class=\"screen-reader-response\"><p role=\"status\" aria-live=\"polite\" aria-atomic=\"true\"><\/p> <ul><\/ul><\/div>\n<form action=\"\/ca\/wp-json\/wp\/v2\/pages\/15158#wpcf7-f19586-o1\" method=\"post\" class=\"wpcf7-form init\" aria-label=\"Formulari de contacte\" novalidate=\"novalidate\" data-status=\"init\">\n<fieldset class=\"hidden-fields-container\"><input type=\"hidden\" name=\"_wpcf7\" value=\"19586\" \/><input type=\"hidden\" name=\"_wpcf7_version\" value=\"6.1.5\" \/><input type=\"hidden\" name=\"_wpcf7_locale\" value=\"ca\" \/><input type=\"hidden\" name=\"_wpcf7_unit_tag\" value=\"wpcf7-f19586-o1\" \/><input type=\"hidden\" name=\"_wpcf7_container_post\" value=\"0\" \/><input type=\"hidden\" name=\"_wpcf7_posted_data_hash\" value=\"\" \/><input type=\"hidden\" name=\"_wpcf7_recaptcha_response\" value=\"\" \/>\n<\/fieldset>\n<!-- wp:group {\"layout\":{\"type\":\"constrained\"}} -->\n<div class=\"wp-block-group\" style=\"margin-bottom: 0px !important;\"><!-- wp:columns -->\n\t<div class=\"wp-block-columns\" style=\"margin-bottom: 0px !important;\"><!-- wp:column -->\n\t\t<div class=\"wp-block-column\" style=\"margin-bottom: 0px !important;\">\n\t\t\t<p><span class=\"wpcf7-form-control-wrap\" data-name=\"Name\"><input size=\"40\" maxlength=\"400\" class=\"wpcf7-form-control wpcf7-text wpcf7-validates-as-required\" aria-required=\"true\" aria-invalid=\"false\" placeholder=\"Nom(*)\" value=\"\" type=\"text\" name=\"Name\" \/><\/span><span class=\"right-border\"><\/span><span class=\"top-border\"><\/span><span class=\"left-border\"><\/span>\n\t\t\t<\/p>\n\t\t\t<p><span class=\"wpcf7-form-control-wrap\" data-name=\"E-mail\"><input size=\"40\" maxlength=\"400\" class=\"wpcf7-form-control wpcf7-email wpcf7-validates-as-required wpcf7-text wpcf7-validates-as-email\" aria-required=\"true\" aria-invalid=\"false\" placeholder=\"Correu electr\u00f2nic (*)\" value=\"\" type=\"email\" name=\"E-mail\" \/><\/span><span class=\"right-border\"><\/span><span class=\"top-border\"><\/span><span class=\"left-border\"><\/span>\n\t\t\t<\/p>\n\t\t<\/div>\n<!-- \/wp:column -->\n\n<!-- wp:column -->\n\t\t<div class=\"wp-block-column\"  style=\"margin-bottom: 0px !important;\">\n\t\t\t<p><span class=\"wpcf7-form-control-wrap\" data-name=\"tel-919\"><input size=\"40\" maxlength=\"400\" class=\"wpcf7-form-control wpcf7-tel wpcf7-validates-as-required wpcf7-text wpcf7-validates-as-tel\" aria-required=\"true\" aria-invalid=\"false\" placeholder=\"Tel\u00e8fon (*)\" value=\"\" type=\"tel\" name=\"tel-919\" \/><\/span><span class=\"right-border\"><\/span><span class=\"top-border\"><\/span><span class=\"left-border\"><\/span>\n\t\t\t<\/p>\n\t\t\t<p><span class=\"wpcf7-form-control-wrap\" data-name=\"text-883\"><input size=\"40\" maxlength=\"400\" class=\"wpcf7-form-control wpcf7-text wpcf7-validates-as-required\" aria-required=\"true\" aria-invalid=\"false\" placeholder=\"Localitat (*)\" value=\"\" type=\"text\" name=\"text-883\" \/><\/span><span class=\"right-border\"><\/span><span class=\"top-border\"><\/span><span class=\"left-border\"><\/span>\n\t\t\t<\/p>\n\t\t<\/div>\n<!-- \/wp:column -->\n\t<\/div>\n<!-- \/wp:columns -->\n<\/div>\n<!-- \/wp:group -->\n\n<!-- wp:group {\"layout\":{\"type\":\"constrained\"}} -->\n<div class=\"wp-block-group\" style=\"margin-bottom: 0px !important;\"><!-- wp:columns -->\n\t<div class=\"wp-block-columns\" style=\"margin-bottom: 0px !important;\"><!-- wp:column -->\n\t\t<div class=\"wp-block-column\"  style=\"margin-bottom: 0px !important;\">\n\t\t\t<p><span class=\"wpcf7-form-control-wrap\" data-name=\"Letter\"><textarea cols=\"10\" rows=\"3\" maxlength=\"2000\" class=\"wpcf7-form-control wpcf7-textarea\" aria-invalid=\"false\" placeholder=\"M&#039;interessaria saber..\" name=\"Letter\"><\/textarea><\/span><span class=\"right-border\"><\/span><span class=\"top-border\"><\/span><span class=\"left-border\"><\/span>\n\t\t\t<\/p>\n\t\t\t<p><label><span class=\"wpcf7-form-control-wrap\" data-name=\"acceptance-704\"><span class=\"wpcf7-form-control wpcf7-acceptance\"><span class=\"wpcf7-list-item\"><input type=\"checkbox\" name=\"acceptance-704\" value=\"1\" aria-invalid=\"false\" \/><\/span><\/span><\/span> En fer \u201cClic\u201d al Bot\u00f3 \u201cENVIAR\u201d l'usuari declara haver llegit i estar d'acord amb les condicions expressades al <a href=\"https:\/\/www.aluministecnicsbarcelona.com\/ca\/avis-legal\/\">\u201cAVIS LEGAL\u201d<\/a> i la <a href=\"https:\/\/www.aluministecnicsbarcelona.com\/ca\/politica-de-privacitat\/\">\u201cPOL\u00cdTICA DE PRIVACITAT\u201d<\/a> de la present Web.<\/label>\n\t\t\t<\/p>\n\t\t\t<p><input class=\"wpcf7-form-control wpcf7-submit has-spinner\" type=\"submit\" value=\"ENVIAR\" \/>\n\t\t\t<\/p>\n<!-- \/wp:column -->\n\t\t<\/div>\n<!-- \/wp:columns -->\n\t<\/div>\n<!-- \/wp:group -->\n<\/div><div class=\"wpcf7-response-output\" aria-hidden=\"true\"><\/div>\n<\/form>\n<\/div>\n<\/div>\n<\/div><\/div><\/div><\/div><\/div>\n<\/div><\/div><\/div><\/div><\/div>\n","protected":false},"excerpt":{"rendered":"","protected":false},"author":110,"featured_media":17146,"parent":0,"menu_order":0,"comment_status":"closed","ping_status":"closed","template":"template-uli-page.php","meta":{"_lmt_disableupdate":"","_lmt_disable":"","_joinchat":[],"footnotes":""},"class_list":["post-15158","page","type-page","status-publish","has-post-thumbnail","hentry"],"_links":{"self":[{"href":"https:\/\/www.aluministecnicsbarcelona.com\/ca\/wp-json\/wp\/v2\/pages\/15158","targetHints":{"allow":["GET"]}}],"collection":[{"href":"https:\/\/www.aluministecnicsbarcelona.com\/ca\/wp-json\/wp\/v2\/pages"}],"about":[{"href":"https:\/\/www.aluministecnicsbarcelona.com\/ca\/wp-json\/wp\/v2\/types\/page"}],"author":[{"embeddable":true,"href":"https:\/\/www.aluministecnicsbarcelona.com\/ca\/wp-json\/wp\/v2\/users\/110"}],"replies":[{"embeddable":true,"href":"https:\/\/www.aluministecnicsbarcelona.com\/ca\/wp-json\/wp\/v2\/comments?post=15158"}],"version-history":[{"count":23,"href":"https:\/\/www.aluministecnicsbarcelona.com\/ca\/wp-json\/wp\/v2\/pages\/15158\/revisions"}],"predecessor-version":[{"id":19955,"href":"https:\/\/www.aluministecnicsbarcelona.com\/ca\/wp-json\/wp\/v2\/pages\/15158\/revisions\/19955"}],"wp:featuredmedia":[{"embeddable":true,"href":"https:\/\/www.aluministecnicsbarcelona.com\/ca\/wp-json\/wp\/v2\/media\/17146"}],"wp:attachment":[{"href":"https:\/\/www.aluministecnicsbarcelona.com\/ca\/wp-json\/wp\/v2\/media?parent=15158"}],"curies":[{"name":"wp","href":"https:\/\/api.w.org\/{rel}","templated":true}]}}