{"id":19051,"date":"2024-02-19T11:36:53","date_gmt":"2024-02-19T11:36:53","guid":{"rendered":"https:\/\/www.aluministecnicsbarcelona.com\/puertas-de-garaje-seccional\/"},"modified":"2024-02-28T10:22:21","modified_gmt":"2024-02-28T10:22:21","slug":"portes-garatge-seccionals","status":"publish","type":"page","link":"https:\/\/www.aluministecnicsbarcelona.com\/ca\/portes-garatge-seccionals\/","title":{"rendered":"Portes de garatge seccional"},"content":{"rendered":"\n<div class=\"wp-block-cover alignfull\"><span aria-hidden=\"true\" class=\"wp-block-cover__background has-background-dim\"><\/span><img loading=\"lazy\" decoding=\"async\" width=\"938\" height=\"469\" src=\"https:\/\/www.aluministecnicsbarcelona.com\/wp-content\/uploads\/2024\/01\/Puertas-seccionales-cabecera-1-938x469.webp\" class=\"wp-block-cover__image-background wp-post-image\" alt=\"Puertas seccionales\" data-object-fit=\"cover\" data-object-position=\"52% 47%\" style=\"object-position:52% 47%;\" srcset=\"https:\/\/www.aluministecnicsbarcelona.com\/wp-content\/uploads\/2024\/01\/Puertas-seccionales-cabecera-1-938x469.webp 938w, https:\/\/www.aluministecnicsbarcelona.com\/wp-content\/uploads\/2024\/01\/Puertas-seccionales-cabecera-1-300x150.webp 300w, https:\/\/www.aluministecnicsbarcelona.com\/wp-content\/uploads\/2024\/01\/Puertas-seccionales-cabecera-1-1024x512.webp 1024w, https:\/\/www.aluministecnicsbarcelona.com\/wp-content\/uploads\/2024\/01\/Puertas-seccionales-cabecera-1-768x384.webp 768w, https:\/\/www.aluministecnicsbarcelona.com\/wp-content\/uploads\/2024\/01\/Puertas-seccionales-cabecera-1-1536x768.webp 1536w, https:\/\/www.aluministecnicsbarcelona.com\/wp-content\/uploads\/2024\/01\/Puertas-seccionales-cabecera-1-1130x565.webp 1130w, https:\/\/www.aluministecnicsbarcelona.com\/wp-content\/uploads\/2024\/01\/Puertas-seccionales-cabecera-1.jpg 1920w\" sizes=\"auto, (max-width: 938px) 100vw, 938px\" title=\"\"><div class=\"wp-block-cover__inner-container is-layout-flow wp-block-cover-is-layout-flow\">\n<div class=\"wp-block-group\"><div class=\"wp-block-group__inner-container is-layout-constrained wp-block-group-is-layout-constrained\">\n<div class=\"wp-block-columns is-layout-flex wp-container-core-columns-is-layout-9d6595d7 wp-block-columns-is-layout-flex\">\n<div class=\"wp-block-column is-layout-flow wp-block-column-is-layout-flow\" style=\"flex-basis:100%\">\n<h1 class=\"wp-block-heading has-text-align-center has-light-blue-color has-text-color has-link-color wp-elements-f0a13f73b498db87fcc19e59246fbf42\">Portes de garatge seccional<\/h1>\n<\/div>\n<\/div>\n<\/div><\/div>\n<\/div><\/div>\n\n\n\n<div class=\"wp-block-getwid-section alignfull alignfull getwid-section-content-custom-width\"><div class=\"wp-block-getwid-section__wrapper getwid-padding-top-normal\"><div class=\"wp-block-getwid-section__inner-wrapper\"><div class=\"wp-block-getwid-section__background-holder\"><div class=\"wp-block-getwid-section__background has-background\" style=\"background-color:#f7f7f7\"><\/div><div class=\"wp-block-getwid-section__foreground\"><\/div><\/div><div class=\"wp-block-getwid-section__content\"><div class=\"wp-block-getwid-section__inner-content\">\n<div class=\"wp-block-columns alignwide is-layout-flex wp-container-core-columns-is-layout-9d6595d7 wp-block-columns-is-layout-flex\">\n<div class=\"wp-block-column is-layout-flow wp-block-column-is-layout-flow\" style=\"flex-basis:100%\">\n<h2 class=\"wp-block-heading alignfull has-text-align-left\" id=\"al-no-space\">Instal\u00b7laci\u00f3 de portes de garatge a Barcelona<\/h2>\n\n\n\n<p>Busques una <strong>porta per al teu garatge<\/strong>? A Aluminis T\u00e8cnics Barcelona instal\u00b7lem aquestes portes ja que s\u00f3n realment pr\u00e0ctiques per la seva forma d&#8217;obertura i tancament. I, a m\u00e9s, aquelles que tenen finestres permetran l&#8217;entrada de llum a trav\u00e9s d&#8217;elles. <strong>Muntem portes seccionals amb o sense finestres a la prov\u00edncia de Barcelona<\/strong>.<\/p>\n<\/div>\n<\/div>\n<\/div><\/div><\/div><\/div><\/div>\n\n\n\n<div class=\"wp-block-getwid-section alignfull alignfull\"><div class=\"wp-block-getwid-section__wrapper\"><div class=\"wp-block-getwid-section__inner-wrapper\"><div class=\"wp-block-getwid-section__background-holder\"><div class=\"wp-block-getwid-section__background\"><\/div><div class=\"wp-block-getwid-section__foreground\"><\/div><\/div><div class=\"wp-block-getwid-section__content\"><div class=\"wp-block-getwid-section__inner-content\"><\/div><\/div><\/div><\/div><\/div>\n\n\n\n<div class=\"wp-block-getwid-section alignfull alignfull getwid-section-content-custom-width\"><div class=\"wp-block-getwid-section__wrapper\"><div class=\"wp-block-getwid-section__inner-wrapper\"><div class=\"wp-block-getwid-section__background-holder\"><div class=\"wp-block-getwid-section__background\"><\/div><div class=\"wp-block-getwid-section__foreground\"><\/div><\/div><div class=\"wp-block-getwid-section__content\"><div class=\"wp-block-getwid-section__inner-content\">\n<div class=\"wp-block-columns has-2-columns are-vertically-aligned-center reverse is-layout-flex wp-container-core-columns-is-layout-9d6595d7 wp-block-columns-is-layout-flex\">\n<div class=\"wp-block-column is-vertically-aligned-center is-layout-flow wp-block-column-is-layout-flow\">\n<h2 class=\"wp-block-heading mt10 mb10\">Com s\u00f3n aquest tipus de portes per a garatges<\/h2>\n\n\n\n<p>Les <strong>portes seccionals amb finestres s\u00f3n el tipus de porta que s&#8217;utilitza principalment en garatges<\/strong>. Ja que, gr\u00e0cies al seu sistema de tancament i obertura, <strong>aconsegueixen estalviar un gran espai<\/strong> on s&#8217;instal\u00b7len. Les portes seccionals estan conformades per mitj\u00e0 de la uni\u00f3 de diversos panells que, per mitj\u00e0 d&#8217;un mecanisme de bisagres, es van doblegant de manera circular. Alguna cosa que els permet emmagatzemar-se enganxades al sostre.<\/p>\n\n\n\n<h3 class=\"wp-block-heading\">Mecanisme el\u00e8ctric integrat<\/h3>\n\n\n\n<p>Aquestes portes compten amb un mecanisme el\u00e8ctric que per mitj\u00e0 de unes guies permet que la porta s&#8217;elevi c\u00f2modament. Normalment per mitj\u00e0 d&#8217;un control remot. Aix\u00ed, prement un sol bot\u00f3, la porta del garatge de la teva casa de Barcelona o voltants podr\u00e0 obrir-se f\u00e0cilment i podr\u00e0s entrar de forma m\u00e9s c\u00f2moda.<\/p>\n<\/div>\n\n\n\n<div class=\"wp-block-column is-vertically-aligned-center is-layout-flow wp-block-column-is-layout-flow\">\n<div class=\"wp-block-cover is-light\" style=\"min-height:512px;aspect-ratio:unset;\"><span aria-hidden=\"true\" class=\"wp-block-cover__background has-background-dim-0 has-background-dim\"><\/span><img loading=\"lazy\" decoding=\"async\" width=\"900\" height=\"600\" sizes=\"auto, (max-width: 900px) 100vw, 900px\" class=\"wp-block-cover__image-background wp-image-14979\" alt=\"Puertas seccionales ventanas 5\" src=\"https:\/\/www.aluministecnicsbarcelona.com\/wp-content\/uploads\/2022\/02\/puertas-seccionales-ventanas5.jpg\" data-object-fit=\"cover\" title=\"\" srcset=\"https:\/\/www.aluministecnicsbarcelona.com\/wp-content\/uploads\/2022\/02\/puertas-seccionales-ventanas5.jpg 900w, https:\/\/www.aluministecnicsbarcelona.com\/wp-content\/uploads\/2022\/02\/puertas-seccionales-ventanas5-300x200.jpg 300w, https:\/\/www.aluministecnicsbarcelona.com\/wp-content\/uploads\/2022\/02\/puertas-seccionales-ventanas5-768x512.jpg 768w\" \/><div class=\"wp-block-cover__inner-container is-layout-constrained wp-block-cover-is-layout-constrained\">\n<p class=\"has-text-align-center has-large-font-size\"><\/p>\n<\/div><\/div>\n<\/div>\n<\/div>\n<\/div><\/div><\/div><\/div><\/div>\n\n\n\n<div class=\"wp-block-getwid-section alignfull alignfull getwid-section-content-custom-width\"><div class=\"wp-block-getwid-section__wrapper\"><div class=\"wp-block-getwid-section__inner-wrapper\"><div class=\"wp-block-getwid-section__background-holder\"><div class=\"wp-block-getwid-section__background has-background\" style=\"background-color:#f7f7f7\"><\/div><div class=\"wp-block-getwid-section__foreground\"><\/div><\/div><div class=\"wp-block-getwid-section__content\"><div class=\"wp-block-getwid-section__inner-content\">\n<div class=\"wp-block-columns has-2-columns are-vertically-aligned-center is-layout-flex wp-container-core-columns-is-layout-9d6595d7 wp-block-columns-is-layout-flex\">\n<div class=\"wp-block-column is-vertically-aligned-center is-layout-flow wp-block-column-is-layout-flow\">\n<div class=\"wp-block-cover is-light\" style=\"min-height:512px;aspect-ratio:unset;\"><span aria-hidden=\"true\" class=\"wp-block-cover__background has-background-dim-0 has-background-dim\"><\/span><img loading=\"lazy\" decoding=\"async\" width=\"900\" height=\"836\" sizes=\"auto, (max-width: 900px) 100vw, 900px\" class=\"wp-block-cover__image-background wp-image-14983\" alt=\"Puertas seccionales ventanas\" src=\"https:\/\/www.aluministecnicsbarcelona.com\/wp-content\/uploads\/2022\/02\/puertas-seccionales-ventanas.jpg\" data-object-fit=\"cover\" title=\"\" srcset=\"https:\/\/www.aluministecnicsbarcelona.com\/wp-content\/uploads\/2022\/02\/puertas-seccionales-ventanas.jpg 900w, https:\/\/www.aluministecnicsbarcelona.com\/wp-content\/uploads\/2022\/02\/puertas-seccionales-ventanas-300x279.jpg 300w, https:\/\/www.aluministecnicsbarcelona.com\/wp-content\/uploads\/2022\/02\/puertas-seccionales-ventanas-768x713.jpg 768w\" \/><div class=\"wp-block-cover__inner-container is-layout-constrained wp-block-cover-is-layout-constrained\">\n<p class=\"has-text-align-center has-large-font-size\"><\/p>\n<\/div><\/div>\n<\/div>\n\n\n\n<div class=\"wp-block-column is-vertically-aligned-center is-layout-flow wp-block-column-is-layout-flow\">\n<h3 class=\"wp-block-heading\">Estalvi d&#8217;espai i amb gran disseny<\/h3>\n\n\n\n<p>Amb aquest tipus de portes de garatge, s&#8217;estalvia una gran quantitat d&#8217;espai, ja que, en obrir-se, se situen en paral\u00b7lel al sostre. Alguna cosa que no passa amb les portes corredisses o les plegables que necessiten de molts m\u00e9s metres per poder ser instal\u00b7lades.<\/p>\n\n\n\n<p>A m\u00e9s, el seu excel\u00b7lent disseny va d&#8217;acord amb la seva est\u00e8tica. Gaudeixen d&#8217;una est\u00e8tica molt elegant. I podem trobar-les en diferents acabats. Fins i tot imitant fusta. Per aix\u00f2, s&#8217;adapten a qualsevol disseny arquitect\u00f2nic.<\/p>\n\n\n\n<p>I el fet que comptin amb finestres les fan m\u00e9s funcionals. Ja que, amb elles, permetrem que la llum solar entri al garatge. Aquests espais solen ser poc lluminosos, i d&#8217;aquesta manera, compensarem aquesta situaci\u00f3. A m\u00e9s, no afecten al funcionament d&#8217;obertura o tancament de la porta seccional.<\/p>\n\n\n\n<p>D&#8217;aquesta manera, amb aquestes portes seccionals tindrem la combinaci\u00f3 perfecta de seguretat, comoditat, i estalvi de l&#8217;espai, juntament amb l&#8217;eleg\u00e0ncia est\u00e8tica dels dissenys.<\/p>\n<\/div>\n<\/div>\n<\/div><\/div><\/div><\/div><\/div>\n\n\n\n<div class=\"wp-block-getwid-section alignfull alignfull getwid-section-content-custom-width\"><div class=\"wp-block-getwid-section__wrapper getwid-padding-top-large getwid-padding-bottom-small\"><div class=\"wp-block-getwid-section__inner-wrapper\" style=\"max-width:1200px\"><div class=\"wp-block-getwid-section__background-holder\"><div class=\"wp-block-getwid-section__background has-background has-blue-background-color\"><\/div><div class=\"wp-block-getwid-section__foreground\"><\/div><\/div><div class=\"wp-block-getwid-section__content\"><div class=\"wp-block-getwid-section__inner-content\">\n<h2 class=\"wp-block-heading has-text-align-center has-light-blue-color has-text-color has-link-color wp-elements-420f4672716c12954b442e247604ea71\">Caracter\u00edstiques de les portes seccionals<\/h2>\n\n\n\n<p class=\"has-text-align-center has-light-blue-color has-text-color has-link-color wp-elements-98d28fb55df05242600561c0192118e6\">Les portes seccionals amb finestres compten amb una s\u00e8rie de caracter\u00edstiques que fan que siguin ideals per a qualsevol tipus de garatge.<\/p>\n\n\n\n<div class=\"wp-block-columns is-layout-flex wp-container-core-columns-is-layout-9d6595d7 wp-block-columns-is-layout-flex\">\n<div class=\"wp-block-column is-layout-flow wp-block-column-is-layout-flow\">\n<div class=\"wp-block-getwid-accordion has-icon-left\" data-active-element=\"none\">\n<div class=\"wp-block-getwid-accordion__header-wrapper\"><span class=\"wp-block-getwid-accordion__header\"><a href=\"#\"><span class=\"wp-block-getwid-accordion__header-title\">Utilitzen materials lleugers<\/span><span class=\"wp-block-getwid-accordion__icon is-active\"><i class=\"fas fa-plus\"><\/i><\/span><span class=\"wp-block-getwid-accordion__icon is-passive\"><i class=\"fas fa-minus\"><\/i><\/span><\/a><\/span><\/div><div class=\"wp-block-getwid-accordion__content-wrapper\"><div class=\"wp-block-getwid-accordion__content\">\n<p>Els fabricants de les portes seccionals prioritzen els <strong>materials lleugers<\/strong> per la seva facilitat en la instal\u00b7laci\u00f3. Per aix\u00f2, les m\u00e9s comunes s\u00f3n les <strong>portes seccionals amb finestres d&#8217;alumini<\/strong>. Un material amb el qual, a m\u00e9s, aconseguirem un adequat a\u00efllament t\u00e8rmic i ac\u00fastic. I la seva instal\u00b7laci\u00f3 ser\u00e0 molt f\u00e0cil.<\/p>\n<\/div><\/div>\n\n\n\n<div class=\"wp-block-getwid-accordion__header-wrapper\"><span class=\"wp-block-getwid-accordion__header\"><a href=\"#\"><span class=\"wp-block-getwid-accordion__header-title\">S\u00f3n portes de garatge molt segures<\/span><span class=\"wp-block-getwid-accordion__icon is-active\"><i class=\"fas fa-plus\"><\/i><\/span><span class=\"wp-block-getwid-accordion__icon is-passive\"><i class=\"fas fa-minus\"><\/i><\/span><\/a><\/span><\/div><div class=\"wp-block-getwid-accordion__content-wrapper\"><div class=\"wp-block-getwid-accordion__content\">\n<p>La <strong>duresa de l&#8217;alumini atorga seguretat a aquestes portes<\/strong> malgrat ser un material molt lleuger. Les portes seccionals d&#8217;alumini s\u00f3n molt segures i dif\u00edcils de for\u00e7ar. Tampoc es trenquen amb cops contundents i resisten els estralls que puguin causar les tempestes.<\/p>\n<\/div><\/div>\n\n\n\n<div class=\"wp-block-getwid-accordion__header-wrapper\"><span class=\"wp-block-getwid-accordion__header\"><a href=\"#\"><span class=\"wp-block-getwid-accordion__header-title\">Molt atractives visualment<\/span><span class=\"wp-block-getwid-accordion__icon is-active\"><i class=\"fas fa-plus\"><\/i><\/span><span class=\"wp-block-getwid-accordion__icon is-passive\"><i class=\"fas fa-minus\"><\/i><\/span><\/a><\/span><\/div><div class=\"wp-block-getwid-accordion__content-wrapper\"><div class=\"wp-block-getwid-accordion__content\">\n<p>La bellesa est\u00e8tica de les portes seccionals \u00e9s una altra de les seves caracter\u00edstiques. Aquestes portes, poden ser la fa\u00e7ana d&#8217;un negoci o d&#8217;una casa, havent de ser atractives a la vista de clients o visitants.<\/p>\n<\/div><\/div>\n<\/div>\n<\/div>\n\n\n\n<div class=\"wp-block-column is-layout-flow wp-block-column-is-layout-flow\">\n<div class=\"wp-block-getwid-accordion has-icon-left\" data-active-element=\"none\">\n<div class=\"wp-block-getwid-accordion__header-wrapper\"><span class=\"wp-block-getwid-accordion__header\"><a href=\"#\"><span class=\"wp-block-getwid-accordion__header-title\">Funcionen amb articulacions<\/span><span class=\"wp-block-getwid-accordion__icon is-active\"><i class=\"fas fa-plus\"><\/i><\/span><span class=\"wp-block-getwid-accordion__icon is-passive\"><i class=\"fas fa-minus\"><\/i><\/span><\/a><\/span><\/div><div class=\"wp-block-getwid-accordion__content-wrapper\"><div class=\"wp-block-getwid-accordion__content\">\n<p>Per a la seva obertura i tancament funcionen amb un <strong>mecanisme d&#8217;articulacions estil sandvitx<\/strong>. Per aix\u00f2, ofereixen un gran estalvi d&#8217;espai. No obstant aix\u00f2, tamb\u00e9 confereix seguretat en enfortir la porta seccional.<\/p>\n<\/div><\/div>\n\n\n\n<div class=\"wp-block-getwid-accordion__header-wrapper\"><span class=\"wp-block-getwid-accordion__header\"><a href=\"#\"><span class=\"wp-block-getwid-accordion__header-title\">S\u00f3n pr\u00e0ctiques per a qualsevol garatge<\/span><span class=\"wp-block-getwid-accordion__icon is-active\"><i class=\"fas fa-plus\"><\/i><\/span><span class=\"wp-block-getwid-accordion__icon is-passive\"><i class=\"fas fa-minus\"><\/i><\/span><\/a><\/span><\/div><div class=\"wp-block-getwid-accordion__content-wrapper\"><div class=\"wp-block-getwid-accordion__content\">\n<p>Es poden <strong>instal\u00b7lar en qualsevol tipus de garatge de Barcelona<\/strong> i voltants. Per\u00f2, sobretot, s\u00f3n ideals en cocheres de pocs metres. A m\u00e9s, es poden fer amb mides personalitzades.<\/p>\n<\/div><\/div>\n\n\n\n<div class=\"wp-block-getwid-accordion__header-wrapper\"><span class=\"wp-block-getwid-accordion__header\"><a href=\"#\"><span class=\"wp-block-getwid-accordion__header-title\">Posseeixen una gran adaptabilitat<\/span><span class=\"wp-block-getwid-accordion__icon is-active\"><i class=\"fas fa-plus\"><\/i><\/span><span class=\"wp-block-getwid-accordion__icon is-passive\"><i class=\"fas fa-minus\"><\/i><\/span><\/a><\/span><\/div><div class=\"wp-block-getwid-accordion__content-wrapper\"><div class=\"wp-block-getwid-accordion__content\">\n<p>S&#8217;adapten al disseny de qualsevol casa o negoci, independentment de la seva mida, estructura o ubicaci\u00f3.<\/p>\n<\/div><\/div>\n<\/div>\n<\/div>\n\n\n\n<div class=\"wp-block-column is-layout-flow wp-block-column-is-layout-flow\">\n<div class=\"wp-block-getwid-accordion has-icon-left\" data-active-element=\"none\">\n<div class=\"wp-block-getwid-accordion__header-wrapper\"><span class=\"wp-block-getwid-accordion__header\"><a href=\"#\"><span class=\"wp-block-getwid-accordion__header-title\">Se&#8217;ls poden afegir finestres<\/span><span class=\"wp-block-getwid-accordion__icon is-active\"><i class=\"fas fa-plus\"><\/i><\/span><span class=\"wp-block-getwid-accordion__icon is-passive\"><i class=\"fas fa-minus\"><\/i><\/span><\/a><\/span><\/div><div class=\"wp-block-getwid-accordion__content-wrapper\"><div class=\"wp-block-getwid-accordion__content\">\n<p>Aquestes finestres augmenten l&#8217;atractiu de la porta i s&#8217;obt\u00e9 una major lluminositat. Aquestes finestres poden ubicar-se a la part superior o en cadascun dels panells que conformen les portes seccionals. A m\u00e9s, <strong>el nombre de finestres pot ser variable<\/strong>, depenent del que desitgi l&#8217;usuari. I poden ser finestres transparents o transl\u00facides. En aquest cas, ambdues permeten la major lluminositat, per\u00f2 les finestres transl\u00facides, evitaran que es vegi l&#8217;interior de la casa o negoci.<\/p>\n<\/div><\/div>\n\n\n\n<div class=\"wp-block-getwid-accordion__header-wrapper\"><span class=\"wp-block-getwid-accordion__header\"><a href=\"#\"><span class=\"wp-block-getwid-accordion__header-title\">Funcionen amb sistema automatitzat<\/span><span class=\"wp-block-getwid-accordion__icon is-active\"><i class=\"fas fa-plus\"><\/i><\/span><span class=\"wp-block-getwid-accordion__icon is-passive\"><i class=\"fas fa-minus\"><\/i><\/span><\/a><\/span><\/div><div class=\"wp-block-getwid-accordion__content-wrapper\"><div class=\"wp-block-getwid-accordion__content\">\n<p>Instal\u00b7lant un motor a la porta seccional, l&#8217;obertura i tancament de la porta, podr\u00e0 fer-se amb un control remot.<\/p>\n<\/div><\/div>\n\n\n\n<div class=\"wp-block-getwid-accordion__header-wrapper\"><span class=\"wp-block-getwid-accordion__header\"><a href=\"#\"><span class=\"wp-block-getwid-accordion__header-title\">A\u00efllament ac\u00fastic i t\u00e8rmic<\/span><span class=\"wp-block-getwid-accordion__icon is-active\"><i class=\"fas fa-plus\"><\/i><\/span><span class=\"wp-block-getwid-accordion__icon is-passive\"><i class=\"fas fa-minus\"><\/i><\/span><\/a><\/span><\/div><div class=\"wp-block-getwid-accordion__content-wrapper\"><div class=\"wp-block-getwid-accordion__content\">\n<p>Gr\u00e0cies a la incorporaci\u00f3 de gomes, l&#8217;espai interior queda segellat de les temperatures, i els sorolls exteriors. A m\u00e9s, el funcionament de les portes seccionals, \u00e9s molt silenci\u00f3s.<\/p>\n<\/div><\/div>\n<\/div>\n<\/div>\n<\/div>\n<\/div><\/div><\/div><\/div><\/div>\n\n\n\n<div class=\"wp-block-getwid-section alignfull alignfull getwid-section-content-custom-width\"><div class=\"wp-block-getwid-section__wrapper getwid-padding-top-large getwid-padding-bottom-small\"><div class=\"wp-block-getwid-section__inner-wrapper\"><div class=\"wp-block-getwid-section__background-holder\"><div class=\"wp-block-getwid-section__background has-background\" style=\"background-color:#f7f7f7\"><\/div><div class=\"wp-block-getwid-section__foreground\"><\/div><\/div><div class=\"wp-block-getwid-section__content\"><div class=\"wp-block-getwid-section__inner-content\">\n<div class=\"wp-block-columns has-2-columns are-vertically-aligned-center is-layout-flex wp-container-core-columns-is-layout-9d6595d7 wp-block-columns-is-layout-flex\">\n<div class=\"wp-block-column is-vertically-aligned-center is-layout-flow wp-block-column-is-layout-flow\">\n<div class=\"wp-block-cover is-light\" style=\"min-height:512px;aspect-ratio:unset;\"><span aria-hidden=\"true\" class=\"wp-block-cover__background has-background-dim-0 has-background-dim\"><\/span><img loading=\"lazy\" decoding=\"async\" width=\"900\" height=\"600\" sizes=\"auto, (max-width: 900px) 100vw, 900px\" class=\"wp-block-cover__image-background wp-image-14980\" alt=\"Puertas seccionales 3\" src=\"https:\/\/www.aluministecnicsbarcelona.com\/wp-content\/uploads\/2022\/02\/puertas-seccionales-ventanas4.jpg\" data-object-fit=\"cover\" title=\"\" srcset=\"https:\/\/www.aluministecnicsbarcelona.com\/wp-content\/uploads\/2022\/02\/puertas-seccionales-ventanas4.jpg 900w, https:\/\/www.aluministecnicsbarcelona.com\/wp-content\/uploads\/2022\/02\/puertas-seccionales-ventanas4-300x200.jpg 300w, https:\/\/www.aluministecnicsbarcelona.com\/wp-content\/uploads\/2022\/02\/puertas-seccionales-ventanas4-768x512.jpg 768w\" \/><div class=\"wp-block-cover__inner-container is-layout-constrained wp-block-cover-is-layout-constrained\">\n<p class=\"has-text-align-center has-large-font-size\"><\/p>\n<\/div><\/div>\n<\/div>\n\n\n\n<div class=\"wp-block-column is-vertically-aligned-center is-layout-flow wp-block-column-is-layout-flow\">\n<h2 class=\"wp-block-heading has-text-align-center has-dark-blue-color has-text-color has-link-color wp-elements-91cf12078bd2aec715bef680216953ff\">Avantatges en instal\u00b7lar portes seccionals amb finestres<\/h2>\n\n\n\n<ol class=\"wp-block-list\" style=\"font-size:16px\">\n<li><strong>M\u00e0xima comoditat<\/strong>, gr\u00e0cies al seu sistema autom\u00e0tic d&#8217;obertura i tancament, ser\u00e0 molt f\u00e0cil aixecar o baixar la porta seccional.<\/li>\n\n\n\n<li><strong>Gran adaptabilitat<\/strong>, poden adaptar-se a qualsevol espai o terreny, per exemple, un garatge situat en una zona inclinada.<\/li>\n\n\n\n<li><strong>F\u00e0cil manteniment<\/strong>, nom\u00e9s s&#8217;hauran de lubricar algunes parts mec\u00e0niques cada cert temps. I la neteja de la porta es fa amb aigua i sab\u00f3.<\/li>\n\n\n\n<li><strong>Es fabriquen a mida<\/strong>. Cadascuna de les portes s&#8217;adapten, a les necessitats de cadasc\u00fa.<\/li>\n\n\n\n<li><strong>No ocupen gaireb\u00e9 espai<\/strong>. Gr\u00e0cies al seu emmagatzematge en el sostre, es podr\u00e0 utilitzar la major quantitat d&#8217;espai interior.<\/li>\n<\/ol>\n<\/div>\n<\/div>\n<\/div><\/div><\/div><\/div><\/div>\n\n\n\n<div class=\"wp-block-getwid-section alignfull alignfull getwid-section-content-custom-width\"><div class=\"wp-block-getwid-section__wrapper getwid-padding-top-large getwid-padding-bottom-small\"><div class=\"wp-block-getwid-section__inner-wrapper\"><div class=\"wp-block-getwid-section__background-holder\"><div class=\"wp-block-getwid-section__background\"><\/div><div class=\"wp-block-getwid-section__foreground\"><\/div><\/div><div class=\"wp-block-getwid-section__content\"><div class=\"wp-block-getwid-section__inner-content\">\n<div class=\"wp-block-columns has-2-columns are-vertically-aligned-center reverse is-layout-flex wp-container-core-columns-is-layout-9d6595d7 wp-block-columns-is-layout-flex\">\n<div class=\"wp-block-column is-vertically-aligned-center is-layout-flow wp-block-column-is-layout-flow\">\n<ol class=\"wp-block-list\" start=\"6\" style=\"font-size:16px\">\n<li><strong>S&#8217;adapten a tots els estils<\/strong>, des dels dissenys m\u00e9s avantguardistes, fins als espais m\u00e9s tradicionals. Les portes seccionals es podran adaptar a qualsevol tipus d&#8217;espai.<\/li>\n\n\n\n<li><strong>Es podr\u00e0 estalviar diners i energia<\/strong>, a causa de les seves propietats a\u00efllants, disminuir\u00e0 la despesa en calefacci\u00f3 o aire condicionat.<\/li>\n\n\n\n<li><strong>Resisteixen a diferents climes<\/strong>, per l&#8217;elasticitat de les seccions, tindran major resist\u00e8ncia al fred o a la calor.<\/li>\n\n\n\n<li>Es poden <strong>instal\u00b7lar f\u00e0cilment<\/strong>.<\/li>\n\n\n\n<li>S\u00f3n <strong>m\u00e9s econ\u00f2miques<\/strong> que les portes elevadores tradicionals.<\/li>\n\n\n\n<li><strong>Gran varietat de colors<\/strong>, dissenys, i opcions per integrar accessoris, com les finestres, etc.<\/li>\n<\/ol>\n<\/div>\n\n\n\n<div class=\"wp-block-column is-vertically-aligned-center is-layout-flow wp-block-column-is-layout-flow\">\n<div class=\"wp-block-cover is-light\" style=\"min-height:512px;aspect-ratio:unset;\"><span aria-hidden=\"true\" class=\"wp-block-cover__background has-background-dim-0 has-background-dim\"><\/span><img loading=\"lazy\" decoding=\"async\" width=\"600\" height=\"500\" sizes=\"auto, (max-width: 600px) 100vw, 600px\" class=\"wp-block-cover__image-background wp-image-13534\" alt=\"Puertas seccionales para garaje con ventanas\" src=\"https:\/\/www.aluministecnicsbarcelona.com\/wp-content\/uploads\/2016\/10\/seccional.jpg\" data-object-fit=\"cover\" title=\"\" srcset=\"https:\/\/www.aluministecnicsbarcelona.com\/wp-content\/uploads\/2016\/10\/seccional.jpg 600w, https:\/\/www.aluministecnicsbarcelona.com\/wp-content\/uploads\/2016\/10\/seccional-300x250.jpg 300w\" \/><div class=\"wp-block-cover__inner-container is-layout-constrained wp-block-cover-is-layout-constrained\">\n<p class=\"has-text-align-center has-large-font-size\"><\/p>\n<\/div><\/div>\n<\/div>\n<\/div>\n<\/div><\/div><\/div><\/div><\/div>\n\n\n\n<div class=\"wp-block-getwid-section\"><div class=\"wp-block-getwid-section__wrapper\"><div class=\"wp-block-getwid-section__inner-wrapper\"><div class=\"wp-block-getwid-section__background-holder\"><div class=\"wp-block-getwid-section__background\"><\/div><div class=\"wp-block-getwid-section__foreground\"><\/div><\/div><div class=\"wp-block-getwid-section__content\"><div class=\"wp-block-getwid-section__inner-content\">\n<h3 class=\"wp-block-heading has-text-align-center\">Vols m\u00e9s informaci\u00f3 de portes de garatge seccionals amb finestres? Demana preu i pressupost sense comprom\u00eds<\/h3>\n<\/div><\/div><\/div><\/div><\/div>\n\n\n\n<div class=\"wp-block-getwid-section\"><div class=\"wp-block-getwid-section__wrapper getwid-padding-top-normal getwid-padding-bottom-small\"><div class=\"wp-block-getwid-section__inner-wrapper\"><div class=\"wp-block-getwid-section__background-holder\"><div class=\"wp-block-getwid-section__background\"><\/div><div class=\"wp-block-getwid-section__foreground\"><\/div><\/div><div class=\"wp-block-getwid-section__content\"><div class=\"wp-block-getwid-section__inner-content\">\n<div class=\"wp-block-getwid-section getwid-section-content-custom-width\"><div class=\"wp-block-getwid-section__wrapper\"><div class=\"wp-block-getwid-section__inner-wrapper\" style=\"max-width:800px\"><div class=\"wp-block-getwid-section__background-holder\"><div class=\"wp-block-getwid-section__background\"><\/div><div class=\"wp-block-getwid-section__foreground\"><\/div><\/div><div class=\"wp-block-getwid-section__content\"><div class=\"wp-block-getwid-section__inner-content\">\n<div class=\"wp-block-contact-form-7-contact-form-selector\">\n<div class=\"wpcf7 no-js\" id=\"wpcf7-f19586-o1\" lang=\"ca\" dir=\"ltr\" data-wpcf7-id=\"19586\">\n<div class=\"screen-reader-response\"><p role=\"status\" aria-live=\"polite\" aria-atomic=\"true\"><\/p> <ul><\/ul><\/div>\n<form action=\"\/ca\/wp-json\/wp\/v2\/pages\/19051#wpcf7-f19586-o1\" method=\"post\" class=\"wpcf7-form init\" aria-label=\"Formulari de contacte\" novalidate=\"novalidate\" data-status=\"init\">\n<fieldset class=\"hidden-fields-container\"><input type=\"hidden\" name=\"_wpcf7\" value=\"19586\" \/><input type=\"hidden\" name=\"_wpcf7_version\" value=\"6.1.5\" \/><input type=\"hidden\" name=\"_wpcf7_locale\" value=\"ca\" \/><input type=\"hidden\" name=\"_wpcf7_unit_tag\" value=\"wpcf7-f19586-o1\" \/><input type=\"hidden\" name=\"_wpcf7_container_post\" value=\"0\" \/><input type=\"hidden\" name=\"_wpcf7_posted_data_hash\" value=\"\" \/><input type=\"hidden\" name=\"_wpcf7_recaptcha_response\" value=\"\" \/>\n<\/fieldset>\n<!-- wp:group {\"layout\":{\"type\":\"constrained\"}} -->\n<div class=\"wp-block-group\" style=\"margin-bottom: 0px !important;\"><!-- wp:columns -->\n\t<div class=\"wp-block-columns\" style=\"margin-bottom: 0px !important;\"><!-- wp:column -->\n\t\t<div class=\"wp-block-column\" style=\"margin-bottom: 0px !important;\">\n\t\t\t<p><span class=\"wpcf7-form-control-wrap\" data-name=\"Name\"><input size=\"40\" maxlength=\"400\" class=\"wpcf7-form-control wpcf7-text wpcf7-validates-as-required\" aria-required=\"true\" aria-invalid=\"false\" placeholder=\"Nom(*)\" value=\"\" type=\"text\" name=\"Name\" \/><\/span><span class=\"right-border\"><\/span><span class=\"top-border\"><\/span><span class=\"left-border\"><\/span>\n\t\t\t<\/p>\n\t\t\t<p><span class=\"wpcf7-form-control-wrap\" data-name=\"E-mail\"><input size=\"40\" maxlength=\"400\" class=\"wpcf7-form-control wpcf7-email wpcf7-validates-as-required wpcf7-text wpcf7-validates-as-email\" aria-required=\"true\" aria-invalid=\"false\" placeholder=\"Correu electr\u00f2nic (*)\" value=\"\" type=\"email\" name=\"E-mail\" \/><\/span><span class=\"right-border\"><\/span><span class=\"top-border\"><\/span><span class=\"left-border\"><\/span>\n\t\t\t<\/p>\n\t\t<\/div>\n<!-- \/wp:column -->\n\n<!-- wp:column -->\n\t\t<div class=\"wp-block-column\"  style=\"margin-bottom: 0px !important;\">\n\t\t\t<p><span class=\"wpcf7-form-control-wrap\" data-name=\"tel-919\"><input size=\"40\" maxlength=\"400\" class=\"wpcf7-form-control wpcf7-tel wpcf7-validates-as-required wpcf7-text wpcf7-validates-as-tel\" aria-required=\"true\" aria-invalid=\"false\" placeholder=\"Tel\u00e8fon (*)\" value=\"\" type=\"tel\" name=\"tel-919\" \/><\/span><span class=\"right-border\"><\/span><span class=\"top-border\"><\/span><span class=\"left-border\"><\/span>\n\t\t\t<\/p>\n\t\t\t<p><span class=\"wpcf7-form-control-wrap\" data-name=\"text-883\"><input size=\"40\" maxlength=\"400\" class=\"wpcf7-form-control wpcf7-text wpcf7-validates-as-required\" aria-required=\"true\" aria-invalid=\"false\" placeholder=\"Localitat (*)\" value=\"\" type=\"text\" name=\"text-883\" \/><\/span><span class=\"right-border\"><\/span><span class=\"top-border\"><\/span><span class=\"left-border\"><\/span>\n\t\t\t<\/p>\n\t\t<\/div>\n<!-- \/wp:column -->\n\t<\/div>\n<!-- \/wp:columns -->\n<\/div>\n<!-- \/wp:group -->\n\n<!-- wp:group {\"layout\":{\"type\":\"constrained\"}} -->\n<div class=\"wp-block-group\" style=\"margin-bottom: 0px !important;\"><!-- wp:columns -->\n\t<div class=\"wp-block-columns\" style=\"margin-bottom: 0px !important;\"><!-- wp:column -->\n\t\t<div class=\"wp-block-column\"  style=\"margin-bottom: 0px !important;\">\n\t\t\t<p><span class=\"wpcf7-form-control-wrap\" data-name=\"Letter\"><textarea cols=\"10\" rows=\"3\" maxlength=\"2000\" class=\"wpcf7-form-control wpcf7-textarea\" aria-invalid=\"false\" placeholder=\"M&#039;interessaria saber..\" name=\"Letter\"><\/textarea><\/span><span class=\"right-border\"><\/span><span class=\"top-border\"><\/span><span class=\"left-border\"><\/span>\n\t\t\t<\/p>\n\t\t\t<p><label><span class=\"wpcf7-form-control-wrap\" data-name=\"acceptance-704\"><span class=\"wpcf7-form-control wpcf7-acceptance\"><span class=\"wpcf7-list-item\"><input type=\"checkbox\" name=\"acceptance-704\" value=\"1\" aria-invalid=\"false\" \/><\/span><\/span><\/span> En fer \u201cClic\u201d al Bot\u00f3 \u201cENVIAR\u201d l'usuari declara haver llegit i estar d'acord amb les condicions expressades al <a href=\"https:\/\/www.aluministecnicsbarcelona.com\/ca\/avis-legal\/\">\u201cAVIS LEGAL\u201d<\/a> i la <a href=\"https:\/\/www.aluministecnicsbarcelona.com\/ca\/politica-de-privacitat\/\">\u201cPOL\u00cdTICA DE PRIVACITAT\u201d<\/a> de la present Web.<\/label>\n\t\t\t<\/p>\n\t\t\t<p><input class=\"wpcf7-form-control wpcf7-submit has-spinner\" type=\"submit\" value=\"ENVIAR\" \/>\n\t\t\t<\/p>\n<!-- \/wp:column -->\n\t\t<\/div>\n<!-- \/wp:columns -->\n\t<\/div>\n<!-- \/wp:group -->\n<\/div><div class=\"wpcf7-response-output\" aria-hidden=\"true\"><\/div>\n<\/form>\n<\/div>\n<\/div>\n<\/div><\/div><\/div><\/div><\/div>\n<\/div><\/div><\/div><\/div><\/div>\n","protected":false},"excerpt":{"rendered":"","protected":false},"author":110,"featured_media":18666,"parent":0,"menu_order":0,"comment_status":"closed","ping_status":"closed","template":"template-uli-page.php","meta":{"_lmt_disableupdate":"","_lmt_disable":"","_joinchat":[],"footnotes":""},"class_list":["post-19051","page","type-page","status-publish","has-post-thumbnail","hentry"],"_links":{"self":[{"href":"https:\/\/www.aluministecnicsbarcelona.com\/ca\/wp-json\/wp\/v2\/pages\/19051","targetHints":{"allow":["GET"]}}],"collection":[{"href":"https:\/\/www.aluministecnicsbarcelona.com\/ca\/wp-json\/wp\/v2\/pages"}],"about":[{"href":"https:\/\/www.aluministecnicsbarcelona.com\/ca\/wp-json\/wp\/v2\/types\/page"}],"author":[{"embeddable":true,"href":"https:\/\/www.aluministecnicsbarcelona.com\/ca\/wp-json\/wp\/v2\/users\/110"}],"replies":[{"embeddable":true,"href":"https:\/\/www.aluministecnicsbarcelona.com\/ca\/wp-json\/wp\/v2\/comments?post=19051"}],"version-history":[{"count":8,"href":"https:\/\/www.aluministecnicsbarcelona.com\/ca\/wp-json\/wp\/v2\/pages\/19051\/revisions"}],"predecessor-version":[{"id":19977,"href":"https:\/\/www.aluministecnicsbarcelona.com\/ca\/wp-json\/wp\/v2\/pages\/19051\/revisions\/19977"}],"wp:featuredmedia":[{"embeddable":true,"href":"https:\/\/www.aluministecnicsbarcelona.com\/ca\/wp-json\/wp\/v2\/media\/18666"}],"wp:attachment":[{"href":"https:\/\/www.aluministecnicsbarcelona.com\/ca\/wp-json\/wp\/v2\/media?parent=19051"}],"curies":[{"name":"wp","href":"https:\/\/api.w.org\/{rel}","templated":true}]}}